{"id":3167,"date":"2024-08-13T17:13:04","date_gmt":"2024-08-13T17:13:04","guid":{"rendered":"https:\/\/festivaldecinemadearapiraca.com\/home\/?page_id=3167"},"modified":"2024-08-13T17:35:01","modified_gmt":"2024-08-13T17:35:01","slug":"acessivel","status":"publish","type":"page","link":"https:\/\/festivaldecinemadearapiraca.com\/home\/acessivel\/","title":{"rendered":"Sess\u00e3o Acess\u00edvel"},"content":{"rendered":"\t\t<div data-elementor-type=\"wp-page\" data-elementor-id=\"3167\" class=\"elementor elementor-3167\" data-elementor-post-type=\"page\">\n\t\t\t\t\t\t<section class=\"elementor-section elementor-top-section elementor-element elementor-element-fe25ea9 elementor-section-boxed elementor-section-height-default elementor-section-height-default\" data-id=\"fe25ea9\" data-element_type=\"section\">\n\t\t\t\t\t\t<div class=\"elementor-container elementor-column-gap-default\">\n\t\t\t\t\t<div class=\"elementor-column elementor-col-100 elementor-top-column elementor-element elementor-element-e9d42a8\" data-id=\"e9d42a8\" data-element_type=\"column\">\n\t\t\t<div class=\"elementor-widget-wrap elementor-element-populated\">\n\t\t\t\t\t\t<div class=\"elementor-element elementor-element-363fe56 elementor-widget elementor-widget-heading\" data-id=\"363fe56\" data-element_type=\"widget\" data-widget_type=\"heading.default\">\n\t\t\t\t<div class=\"elementor-widget-container\">\n\t\t\t\t\t<h2 class=\"elementor-heading-title elementor-size-default\">SESS\u00c3O ACESS\u00cdVEL<\/h2>\t\t\t\t<\/div>\n\t\t\t\t<\/div>\n\t\t\t\t\t<\/div>\n\t\t<\/div>\n\t\t\t\t\t<\/div>\n\t\t<\/section>\n\t\t\t\t<section class=\"elementor-section elementor-top-section elementor-element elementor-element-456b211 elementor-section-boxed elementor-section-height-default elementor-section-height-default\" data-id=\"456b211\" data-element_type=\"section\">\n\t\t\t\t\t\t<div class=\"elementor-container elementor-column-gap-default\">\n\t\t\t\t\t<div class=\"elementor-column elementor-col-100 elementor-top-column elementor-element elementor-element-8e58e66\" data-id=\"8e58e66\" data-element_type=\"column\">\n\t\t\t<div class=\"elementor-widget-wrap elementor-element-populated\">\n\t\t\t\t\t\t<div class=\"elementor-element elementor-element-9d4493e elementor-widget elementor-widget-heading\" data-id=\"9d4493e\" data-element_type=\"widget\" data-widget_type=\"heading.default\">\n\t\t\t\t<div class=\"elementor-widget-container\">\n\t\t\t\t\t<h3 class=\"elementor-heading-title elementor-size-default\">24 DE  AGOSTO - S\u00c1BADO<\/h3>\t\t\t\t<\/div>\n\t\t\t\t<\/div>\n\t\t\t\t\t<\/div>\n\t\t<\/div>\n\t\t\t\t\t<\/div>\n\t\t<\/section>\n\t\t\t\t<section class=\"elementor-section elementor-top-section elementor-element elementor-element-b05151f elementor-section-boxed elementor-section-height-default elementor-section-height-default\" data-id=\"b05151f\" data-element_type=\"section\">\n\t\t\t\t\t\t<div class=\"elementor-container elementor-column-gap-default\">\n\t\t\t\t\t<div class=\"elementor-column elementor-col-100 elementor-top-column elementor-element elementor-element-b2a368e\" data-id=\"b2a368e\" data-element_type=\"column\">\n\t\t\t<div class=\"elementor-widget-wrap elementor-element-populated\">\n\t\t\t\t\t\t<div class=\"elementor-element elementor-element-9e7293a elementor-widget elementor-widget-heading\" data-id=\"9e7293a\" data-element_type=\"widget\" data-widget_type=\"heading.default\">\n\t\t\t\t<div class=\"elementor-widget-container\">\n\t\t\t\t\t<h5 class=\"elementor-heading-title elementor-size-default\">\nLocal: Cinesystem Arapiraca\n<\/h5>\t\t\t\t<\/div>\n\t\t\t\t<\/div>\n\t\t\t\t\t<\/div>\n\t\t<\/div>\n\t\t\t\t\t<\/div>\n\t\t<\/section>\n\t\t\t\t<section class=\"elementor-section elementor-top-section elementor-element elementor-element-07346a5 elementor-section-boxed elementor-section-height-default elementor-section-height-default\" data-id=\"07346a5\" data-element_type=\"section\">\n\t\t\t\t\t\t<div class=\"elementor-container elementor-column-gap-default\">\n\t\t\t\t\t<div class=\"elementor-column elementor-col-100 elementor-top-column elementor-element elementor-element-b7941ff\" data-id=\"b7941ff\" data-element_type=\"column\">\n\t\t\t<div class=\"elementor-widget-wrap elementor-element-populated\">\n\t\t\t\t\t\t<div class=\"elementor-element elementor-element-e49c436 elementor-widget elementor-widget-text-editor\" data-id=\"e49c436\" data-element_type=\"widget\" data-widget_type=\"text-editor.default\">\n\t\t\t\t<div class=\"elementor-widget-container\">\n\t\t\t\t\t\t\t\t\tIII Festival de Cinema de Arapiraca para tod@s: durante a sess\u00e3o acess\u00edvel, todos os filmes selecionados pela nossa curadoria, possuem recursos de acessibilidade: legenda, audiodescri\u00e7\u00e3o e libras. \t\t\t\t\t\t\t\t<\/div>\n\t\t\t\t<\/div>\n\t\t\t\t\t<\/div>\n\t\t<\/div>\n\t\t\t\t\t<\/div>\n\t\t<\/section>\n\t\t\t\t<section class=\"elementor-section elementor-top-section elementor-element elementor-element-c41923f elementor-section-boxed elementor-section-height-default elementor-section-height-default\" data-id=\"c41923f\" data-element_type=\"section\" id=\"inf01\" data-settings=\"{&quot;background_background&quot;:&quot;classic&quot;}\">\n\t\t\t\t\t\t<div class=\"elementor-container elementor-column-gap-default\">\n\t\t\t\t\t<div class=\"elementor-column elementor-col-100 elementor-top-column elementor-element elementor-element-567da22\" data-id=\"567da22\" data-element_type=\"column\">\n\t\t\t<div class=\"elementor-widget-wrap elementor-element-populated\">\n\t\t\t\t\t\t<div class=\"elementor-element elementor-element-c943ea2 elementor-widget elementor-widget-heading\" data-id=\"c943ea2\" data-element_type=\"widget\" data-widget_type=\"heading.default\">\n\t\t\t\t<div class=\"elementor-widget-container\">\n\t\t\t\t\t<h2 class=\"elementor-heading-title elementor-size-default\">SESS\u00c3O - 09h \u00e0s 10h30<\/h2>\t\t\t\t<\/div>\n\t\t\t\t<\/div>\n\t\t\t\t<section class=\"elementor-section elementor-inner-section elementor-element elementor-element-95e9bc8 elementor-section-boxed elementor-section-height-default elementor-section-height-default\" data-id=\"95e9bc8\" data-element_type=\"section\" data-settings=\"{&quot;background_background&quot;:&quot;classic&quot;}\">\n\t\t\t\t\t\t<div class=\"elementor-container elementor-column-gap-default\">\n\t\t\t\t\t<div class=\"elementor-column elementor-col-50 elementor-inner-column elementor-element elementor-element-5b693b7\" data-id=\"5b693b7\" data-element_type=\"column\">\n\t\t\t<div class=\"elementor-widget-wrap elementor-element-populated\">\n\t\t\t\t\t\t<div class=\"elementor-element elementor-element-674f21b elementor-widget elementor-widget-heading\" data-id=\"674f21b\" data-element_type=\"widget\" data-widget_type=\"heading.default\">\n\t\t\t\t<div class=\"elementor-widget-container\">\n\t\t\t\t\t<h2 class=\"elementor-heading-title elementor-size-default\">Jaci<\/h2>\t\t\t\t<\/div>\n\t\t\t\t<\/div>\n\t\t\t\t<div class=\"elementor-element elementor-element-4d4ed18 elementor-widget elementor-widget-heading\" data-id=\"4d4ed18\" data-element_type=\"widget\" data-widget_type=\"heading.default\">\n\t\t\t\t<div class=\"elementor-widget-container\">\n\t\t\t\t\t<h6 class=\"elementor-heading-title elementor-size-default\">Dire\u00e7\u00e3o: Bruno Lobo La Loba\n<\/h6>\t\t\t\t<\/div>\n\t\t\t\t<\/div>\n\t\t\t\t<div class=\"elementor-element elementor-element-ca07e15 elementor-widget elementor-widget-heading\" data-id=\"ca07e15\" data-element_type=\"widget\" data-widget_type=\"heading.default\">\n\t\t\t\t<div class=\"elementor-widget-container\">\n\t\t\t\t\t<h6 class=\"elementor-heading-title elementor-size-default\">Fic\u00e7\u00e3o, 15 minutos, 2023, CE <br> Classifica\u00e7\u00e3o: 16 anos\n\n\n<\/h6>\t\t\t\t<\/div>\n\t\t\t\t<\/div>\n\t\t\t\t<div class=\"elementor-element elementor-element-20f5f95 elementor-widget elementor-widget-text-editor\" data-id=\"20f5f95\" data-element_type=\"widget\" data-widget_type=\"text-editor.default\">\n\t\t\t\t<div class=\"elementor-widget-container\">\n\t\t\t\t\t\t\t\t\tUma artista solit\u00e1ria tenta concluir uma maquete, enquanto enfrenta os problemas de estrutura de sua pr\u00f3pria casa. Em uma madrugada tensa, Jaci \u00e9 atormentada pela respira\u00e7\u00e3o de uma rachadura. \u00c0 medida que a propor\u00e7\u00e3o entre a realidade e a representa\u00e7\u00e3o come\u00e7a a se desmoronar, ela \u00e9 levada em uma jornada de reconstru\u00e7\u00e3o interior.\n\n\t\t\t\t\t\t\t\t<\/div>\n\t\t\t\t<\/div>\n\t\t\t\t\t<\/div>\n\t\t<\/div>\n\t\t\t\t<div class=\"elementor-column elementor-col-50 elementor-inner-column elementor-element elementor-element-eb3bb22\" data-id=\"eb3bb22\" data-element_type=\"column\">\n\t\t\t<div class=\"elementor-widget-wrap elementor-element-populated\">\n\t\t\t\t\t\t<div class=\"elementor-element elementor-element-3c3c195 elementor-widget elementor-widget-image\" data-id=\"3c3c195\" data-element_type=\"widget\" data-widget_type=\"image.default\">\n\t\t\t\t<div class=\"elementor-widget-container\">\n\t\t\t\t\t\t\t\t\t\t\t\t\t\t\t<img fetchpriority=\"high\" decoding=\"async\" width=\"800\" height=\"416\" src=\"https:\/\/festivaldecinemadearapiraca.com\/wp-content\/uploads\/2024\/08\/jaci-1024x532.jpg\" class=\"attachment-large size-large wp-image-3204\" alt=\"\" srcset=\"https:\/\/festivaldecinemadearapiraca.com\/wp-content\/uploads\/2024\/08\/jaci-1024x532.jpg 1024w, https:\/\/festivaldecinemadearapiraca.com\/wp-content\/uploads\/2024\/08\/jaci-300x156.jpg 300w, https:\/\/festivaldecinemadearapiraca.com\/wp-content\/uploads\/2024\/08\/jaci-768x399.jpg 768w, https:\/\/festivaldecinemadearapiraca.com\/wp-content\/uploads\/2024\/08\/jaci.jpg 1413w\" sizes=\"(max-width: 800px) 100vw, 800px\" \/>\t\t\t\t\t\t\t\t\t\t\t\t\t\t\t<\/div>\n\t\t\t\t<\/div>\n\t\t\t\t\t<\/div>\n\t\t<\/div>\n\t\t\t\t\t<\/div>\n\t\t<\/section>\n\t\t\t\t<section class=\"elementor-section elementor-inner-section elementor-element elementor-element-70c5026 elementor-section-boxed elementor-section-height-default elementor-section-height-default\" data-id=\"70c5026\" data-element_type=\"section\" data-settings=\"{&quot;background_background&quot;:&quot;classic&quot;}\">\n\t\t\t\t\t\t<div class=\"elementor-container elementor-column-gap-default\">\n\t\t\t\t\t<div class=\"elementor-column elementor-col-50 elementor-inner-column elementor-element elementor-element-10e8a25\" data-id=\"10e8a25\" data-element_type=\"column\">\n\t\t\t<div class=\"elementor-widget-wrap elementor-element-populated\">\n\t\t\t\t\t\t<div class=\"elementor-element elementor-element-8995ac1 elementor-widget elementor-widget-heading\" data-id=\"8995ac1\" data-element_type=\"widget\" data-widget_type=\"heading.default\">\n\t\t\t\t<div class=\"elementor-widget-container\">\n\t\t\t\t\t<h2 class=\"elementor-heading-title elementor-size-default\">V\u00e3o das Almas\n<\/h2>\t\t\t\t<\/div>\n\t\t\t\t<\/div>\n\t\t\t\t<div class=\"elementor-element elementor-element-53150ff elementor-widget elementor-widget-heading\" data-id=\"53150ff\" data-element_type=\"widget\" data-widget_type=\"heading.default\">\n\t\t\t\t<div class=\"elementor-widget-container\">\n\t\t\t\t\t<h6 class=\"elementor-heading-title elementor-size-default\">Dire\u00e7\u00e3o: Edileuza Penha de Souza, Santiago Dellape\n\n<\/h6>\t\t\t\t<\/div>\n\t\t\t\t<\/div>\n\t\t\t\t<div class=\"elementor-element elementor-element-f3f9612 elementor-widget elementor-widget-heading\" data-id=\"f3f9612\" data-element_type=\"widget\" data-widget_type=\"heading.default\">\n\t\t\t\t<div class=\"elementor-widget-container\">\n\t\t\t\t\t<h6 class=\"elementor-heading-title elementor-size-default\">Fic\u00e7\u00e3o, 15 minutos, 2023, DF <br> Classifica\u00e7\u00e3o: 14 anos\n\n\n\n<\/h6>\t\t\t\t<\/div>\n\t\t\t\t<\/div>\n\t\t\t\t<div class=\"elementor-element elementor-element-9efd5d0 elementor-widget elementor-widget-text-editor\" data-id=\"9efd5d0\" data-element_type=\"widget\" data-widget_type=\"text-editor.default\">\n\t\t\t\t<div class=\"elementor-widget-container\">\n\t\t\t\t\t\t\t\t\tNo Quilombo Kalunga, a profecia da Matinta corta o vilarejo-fantasma do V\u00e3o de Almas como uma corrente de ar gelado: \u201cExistem v\u00e1rios tipos de Saci. Perer\u00ea \u00e9 aquele menorzinho, que prega pe\u00e7a. Sa\u00e7ur\u00e1 faz maldade&#8230;\u201d\n\n\t\t\t\t\t\t\t\t<\/div>\n\t\t\t\t<\/div>\n\t\t\t\t\t<\/div>\n\t\t<\/div>\n\t\t\t\t<div class=\"elementor-column elementor-col-50 elementor-inner-column elementor-element elementor-element-17b761c\" data-id=\"17b761c\" data-element_type=\"column\">\n\t\t\t<div class=\"elementor-widget-wrap elementor-element-populated\">\n\t\t\t\t\t\t<div class=\"elementor-element elementor-element-f757476 elementor-widget elementor-widget-image\" data-id=\"f757476\" data-element_type=\"widget\" data-widget_type=\"image.default\">\n\t\t\t\t<div class=\"elementor-widget-container\">\n\t\t\t\t\t\t\t\t\t\t\t\t\t\t\t<img decoding=\"async\" width=\"800\" height=\"450\" data-src=\"https:\/\/festivaldecinemadearapiraca.com\/wp-content\/uploads\/2024\/08\/almas-1024x576.jpg\" class=\"attachment-large size-large wp-image-3203 lazyload\" alt=\"\" data-srcset=\"https:\/\/festivaldecinemadearapiraca.com\/wp-content\/uploads\/2024\/08\/almas-1024x576.jpg 1024w, https:\/\/festivaldecinemadearapiraca.com\/wp-content\/uploads\/2024\/08\/almas-300x169.jpg 300w, https:\/\/festivaldecinemadearapiraca.com\/wp-content\/uploads\/2024\/08\/almas-768x432.jpg 768w, https:\/\/festivaldecinemadearapiraca.com\/wp-content\/uploads\/2024\/08\/almas-1536x864.jpg 1536w, https:\/\/festivaldecinemadearapiraca.com\/wp-content\/uploads\/2024\/08\/almas-e1723570144582.jpg 1080w\" data-sizes=\"(max-width: 800px) 100vw, 800px\" src=\"data:image\/gif;base64,R0lGODlhAQABAAAAACH5BAEKAAEALAAAAAABAAEAAAICTAEAOw==\" style=\"--smush-placeholder-width: 800px; --smush-placeholder-aspect-ratio: 800\/450;\" \/>\t\t\t\t\t\t\t\t\t\t\t\t\t\t\t<\/div>\n\t\t\t\t<\/div>\n\t\t\t\t\t<\/div>\n\t\t<\/div>\n\t\t\t\t\t<\/div>\n\t\t<\/section>\n\t\t\t\t<section class=\"elementor-section elementor-inner-section elementor-element elementor-element-b92bf79 elementor-section-boxed elementor-section-height-default elementor-section-height-default\" data-id=\"b92bf79\" data-element_type=\"section\" data-settings=\"{&quot;background_background&quot;:&quot;classic&quot;}\">\n\t\t\t\t\t\t<div class=\"elementor-container elementor-column-gap-default\">\n\t\t\t\t\t<div class=\"elementor-column elementor-col-50 elementor-inner-column elementor-element elementor-element-f50fa9d\" data-id=\"f50fa9d\" data-element_type=\"column\">\n\t\t\t<div class=\"elementor-widget-wrap elementor-element-populated\">\n\t\t\t\t\t\t<div class=\"elementor-element elementor-element-865b105 elementor-widget elementor-widget-heading\" data-id=\"865b105\" data-element_type=\"widget\" data-widget_type=\"heading.default\">\n\t\t\t\t<div class=\"elementor-widget-container\">\n\t\t\t\t\t<h2 class=\"elementor-heading-title elementor-size-default\">O prazer \u00e9 todo meu \n\n<\/h2>\t\t\t\t<\/div>\n\t\t\t\t<\/div>\n\t\t\t\t<div class=\"elementor-element elementor-element-c6681fd elementor-widget elementor-widget-heading\" data-id=\"c6681fd\" data-element_type=\"widget\" data-widget_type=\"heading.default\">\n\t\t\t\t<div class=\"elementor-widget-container\">\n\t\t\t\t\t<h6 class=\"elementor-heading-title elementor-size-default\">Dire\u00e7\u00e3o: Vanessa Sandre \n\n\n<\/h6>\t\t\t\t<\/div>\n\t\t\t\t<\/div>\n\t\t\t\t<div class=\"elementor-element elementor-element-27c17ee elementor-widget elementor-widget-heading\" data-id=\"27c17ee\" data-element_type=\"widget\" data-widget_type=\"heading.default\">\n\t\t\t\t<div class=\"elementor-widget-container\">\n\t\t\t\t\t<h6 class=\"elementor-heading-title elementor-size-default\">Fic\u00e7\u00e3o, 18 minutos, 2023, SC\n <br> Classifica\u00e7\u00e3o: 14 anos\n\n\n\n<\/h6>\t\t\t\t<\/div>\n\t\t\t\t<\/div>\n\t\t\t\t<div class=\"elementor-element elementor-element-46253d9 elementor-widget elementor-widget-text-editor\" data-id=\"46253d9\" data-element_type=\"widget\" data-widget_type=\"text-editor.default\">\n\t\t\t\t<div class=\"elementor-widget-container\">\n\t\t\t\t\t\t\t\t\tQuando Am\u00e9lia se d\u00e1 conta que nunca teve um orgasmo em seus 76 anos de vida, tudo muda. Agora ela est\u00e1 decidida a ter um, custe o que custar.\n\n\t\t\t\t\t\t\t\t<\/div>\n\t\t\t\t<\/div>\n\t\t\t\t\t<\/div>\n\t\t<\/div>\n\t\t\t\t<div class=\"elementor-column elementor-col-50 elementor-inner-column elementor-element elementor-element-999d161\" data-id=\"999d161\" data-element_type=\"column\">\n\t\t\t<div class=\"elementor-widget-wrap elementor-element-populated\">\n\t\t\t\t\t\t<div class=\"elementor-element elementor-element-3f05673 elementor-widget elementor-widget-image\" data-id=\"3f05673\" data-element_type=\"widget\" data-widget_type=\"image.default\">\n\t\t\t\t<div class=\"elementor-widget-container\">\n\t\t\t\t\t\t\t\t\t\t\t\t\t\t\t<img decoding=\"async\" width=\"800\" height=\"534\" data-src=\"https:\/\/festivaldecinemadearapiraca.com\/wp-content\/uploads\/2024\/08\/prazer-1024x683.jpg\" class=\"attachment-large size-large wp-image-3202 lazyload\" alt=\"\" data-srcset=\"https:\/\/festivaldecinemadearapiraca.com\/wp-content\/uploads\/2024\/08\/prazer-1024x683.jpg 1024w, https:\/\/festivaldecinemadearapiraca.com\/wp-content\/uploads\/2024\/08\/prazer-300x200.jpg 300w, https:\/\/festivaldecinemadearapiraca.com\/wp-content\/uploads\/2024\/08\/prazer-768x512.jpg 768w, https:\/\/festivaldecinemadearapiraca.com\/wp-content\/uploads\/2024\/08\/prazer-1536x1024.jpg 1536w, https:\/\/festivaldecinemadearapiraca.com\/wp-content\/uploads\/2024\/08\/prazer.jpg 1620w\" data-sizes=\"(max-width: 800px) 100vw, 800px\" src=\"data:image\/gif;base64,R0lGODlhAQABAAAAACH5BAEKAAEALAAAAAABAAEAAAICTAEAOw==\" style=\"--smush-placeholder-width: 800px; --smush-placeholder-aspect-ratio: 800\/534;\" \/>\t\t\t\t\t\t\t\t\t\t\t\t\t\t\t<\/div>\n\t\t\t\t<\/div>\n\t\t\t\t\t<\/div>\n\t\t<\/div>\n\t\t\t\t\t<\/div>\n\t\t<\/section>\n\t\t\t\t<section class=\"elementor-section elementor-inner-section elementor-element elementor-element-8aaeb8d elementor-section-boxed elementor-section-height-default elementor-section-height-default\" data-id=\"8aaeb8d\" data-element_type=\"section\" data-settings=\"{&quot;background_background&quot;:&quot;classic&quot;}\">\n\t\t\t\t\t\t<div class=\"elementor-container elementor-column-gap-default\">\n\t\t\t\t\t<div class=\"elementor-column elementor-col-50 elementor-inner-column elementor-element elementor-element-9260bc3\" data-id=\"9260bc3\" data-element_type=\"column\">\n\t\t\t<div class=\"elementor-widget-wrap elementor-element-populated\">\n\t\t\t\t\t\t<div class=\"elementor-element elementor-element-73f432f elementor-widget elementor-widget-heading\" data-id=\"73f432f\" data-element_type=\"widget\" data-widget_type=\"heading.default\">\n\t\t\t\t<div class=\"elementor-widget-container\">\n\t\t\t\t\t<h2 class=\"elementor-heading-title elementor-size-default\">Ben\u00e7a\n\n<\/h2>\t\t\t\t<\/div>\n\t\t\t\t<\/div>\n\t\t\t\t<div class=\"elementor-element elementor-element-dcf7f84 elementor-widget elementor-widget-heading\" data-id=\"dcf7f84\" data-element_type=\"widget\" data-widget_type=\"heading.default\">\n\t\t\t\t<div class=\"elementor-widget-container\">\n\t\t\t\t\t<h6 class=\"elementor-heading-title elementor-size-default\">Dire\u00e7\u00e3o: Mano Cappu \n\n\n\n<\/h6>\t\t\t\t<\/div>\n\t\t\t\t<\/div>\n\t\t\t\t<div class=\"elementor-element elementor-element-b04146c elementor-widget elementor-widget-heading\" data-id=\"b04146c\" data-element_type=\"widget\" data-widget_type=\"heading.default\">\n\t\t\t\t<div class=\"elementor-widget-container\">\n\t\t\t\t\t<h6 class=\"elementor-heading-title elementor-size-default\">Fic\u00e7\u00e3o, 15 minutos, 2023, PR \n <br> Classifica\u00e7\u00e3o: 12 anos\n\n\n\n<\/h6>\t\t\t\t<\/div>\n\t\t\t\t<\/div>\n\t\t\t\t<div class=\"elementor-element elementor-element-2b0891e elementor-widget elementor-widget-text-editor\" data-id=\"2b0891e\" data-element_type=\"widget\" data-widget_type=\"text-editor.default\">\n\t\t\t\t<div class=\"elementor-widget-container\">\n\t\t\t\t\t\t\t\t\tNa cadeia a visita \u00e9 sagrada, e um clima de felicidade toma conta do ambiente. Ant\u00f4nio (44), est\u00e1 ansioso para ver sua esposa, Vera (45), e saber not\u00edcias da fam\u00edlia. Entretanto, ao caminhar rumo ao p\u00e1tio de visita, sente o corpo gelar, um sentimento de dor corta o peito e seu mundo come\u00e7a a ruir ao ver saindo de uma das celas Rodrigo (22), seu filho.\n\n\t\t\t\t\t\t\t\t<\/div>\n\t\t\t\t<\/div>\n\t\t\t\t\t<\/div>\n\t\t<\/div>\n\t\t\t\t<div class=\"elementor-column elementor-col-50 elementor-inner-column elementor-element elementor-element-1a7e8c0\" data-id=\"1a7e8c0\" data-element_type=\"column\">\n\t\t\t<div class=\"elementor-widget-wrap elementor-element-populated\">\n\t\t\t\t\t\t<div class=\"elementor-element elementor-element-bbcf816 elementor-widget elementor-widget-image\" data-id=\"bbcf816\" data-element_type=\"widget\" data-widget_type=\"image.default\">\n\t\t\t\t<div class=\"elementor-widget-container\">\n\t\t\t\t\t\t\t\t\t\t\t\t\t\t\t<img decoding=\"async\" width=\"800\" height=\"363\" data-src=\"https:\/\/festivaldecinemadearapiraca.com\/wp-content\/uploads\/2024\/08\/benca-1024x465.jpg\" class=\"attachment-large size-large wp-image-3201 lazyload\" alt=\"\" data-srcset=\"https:\/\/festivaldecinemadearapiraca.com\/wp-content\/uploads\/2024\/08\/benca-1024x465.jpg 1024w, https:\/\/festivaldecinemadearapiraca.com\/wp-content\/uploads\/2024\/08\/benca-300x136.jpg 300w, https:\/\/festivaldecinemadearapiraca.com\/wp-content\/uploads\/2024\/08\/benca-768x348.jpg 768w, https:\/\/festivaldecinemadearapiraca.com\/wp-content\/uploads\/2024\/08\/benca-1536x697.jpg 1536w, https:\/\/festivaldecinemadearapiraca.com\/wp-content\/uploads\/2024\/08\/benca.jpg 1920w\" data-sizes=\"(max-width: 800px) 100vw, 800px\" src=\"data:image\/gif;base64,R0lGODlhAQABAAAAACH5BAEKAAEALAAAAAABAAEAAAICTAEAOw==\" style=\"--smush-placeholder-width: 800px; --smush-placeholder-aspect-ratio: 800\/363;\" \/>\t\t\t\t\t\t\t\t\t\t\t\t\t\t\t<\/div>\n\t\t\t\t<\/div>\n\t\t\t\t\t<\/div>\n\t\t<\/div>\n\t\t\t\t\t<\/div>\n\t\t<\/section>\n\t\t\t\t<section class=\"elementor-section elementor-inner-section elementor-element elementor-element-b74dfad elementor-section-boxed elementor-section-height-default elementor-section-height-default\" data-id=\"b74dfad\" data-element_type=\"section\" data-settings=\"{&quot;background_background&quot;:&quot;classic&quot;}\">\n\t\t\t\t\t\t<div class=\"elementor-container elementor-column-gap-default\">\n\t\t\t\t\t<div class=\"elementor-column elementor-col-50 elementor-inner-column elementor-element elementor-element-ebce68c\" data-id=\"ebce68c\" data-element_type=\"column\">\n\t\t\t<div class=\"elementor-widget-wrap elementor-element-populated\">\n\t\t\t\t\t\t<div class=\"elementor-element elementor-element-ab981fe elementor-widget elementor-widget-heading\" data-id=\"ab981fe\" data-element_type=\"widget\" data-widget_type=\"heading.default\">\n\t\t\t\t<div class=\"elementor-widget-container\">\n\t\t\t\t\t<h2 class=\"elementor-heading-title elementor-size-default\">Cabe\u00e7a de fogo\n\n\n<\/h2>\t\t\t\t<\/div>\n\t\t\t\t<\/div>\n\t\t\t\t<div class=\"elementor-element elementor-element-357d6e6 elementor-widget elementor-widget-heading\" data-id=\"357d6e6\" data-element_type=\"widget\" data-widget_type=\"heading.default\">\n\t\t\t\t<div class=\"elementor-widget-container\">\n\t\t\t\t\t<h6 class=\"elementor-heading-title elementor-size-default\">Dire\u00e7\u00e3o: Lidiana Reis\n\n\n\n<\/h6>\t\t\t\t<\/div>\n\t\t\t\t<\/div>\n\t\t\t\t<div class=\"elementor-element elementor-element-7c82366 elementor-widget elementor-widget-heading\" data-id=\"7c82366\" data-element_type=\"widget\" data-widget_type=\"heading.default\">\n\t\t\t\t<div class=\"elementor-widget-container\">\n\t\t\t\t\t<h6 class=\"elementor-heading-title elementor-size-default\">Document\u00e1rio, 09 minutos, 2024, GO\n \n <br> Classifica\u00e7\u00e3o: Livre\n\n\n\n\n<\/h6>\t\t\t\t<\/div>\n\t\t\t\t<\/div>\n\t\t\t\t<div class=\"elementor-element elementor-element-0b270ed elementor-widget elementor-widget-text-editor\" data-id=\"0b270ed\" data-element_type=\"widget\" data-widget_type=\"text-editor.default\">\n\t\t\t\t<div class=\"elementor-widget-container\">\n\t\t\t\t\t\t\t\t\tDiante de um cerrado cada vez mais degradado, Marta Narciso, moradora da Serra dos Pireneus, semeia palavras que nos convocam para uma conex\u00e3o harmoniosa com a natureza, compreendendo seus sistemas, sons, cheiros e formas.\n\n\t\t\t\t\t\t\t\t<\/div>\n\t\t\t\t<\/div>\n\t\t\t\t\t<\/div>\n\t\t<\/div>\n\t\t\t\t<div class=\"elementor-column elementor-col-50 elementor-inner-column elementor-element elementor-element-55d7c27\" data-id=\"55d7c27\" data-element_type=\"column\">\n\t\t\t<div class=\"elementor-widget-wrap elementor-element-populated\">\n\t\t\t\t\t\t<div class=\"elementor-element elementor-element-fb25cf1 elementor-widget elementor-widget-image\" data-id=\"fb25cf1\" data-element_type=\"widget\" data-widget_type=\"image.default\">\n\t\t\t\t<div class=\"elementor-widget-container\">\n\t\t\t\t\t\t\t\t\t\t\t\t\t\t\t<img decoding=\"async\" width=\"800\" height=\"534\" data-src=\"https:\/\/festivaldecinemadearapiraca.com\/wp-content\/uploads\/2024\/08\/firehead-1024x683.jpg\" class=\"attachment-large size-large wp-image-3200 lazyload\" alt=\"\" data-srcset=\"https:\/\/festivaldecinemadearapiraca.com\/wp-content\/uploads\/2024\/08\/firehead-1024x683.jpg 1024w, https:\/\/festivaldecinemadearapiraca.com\/wp-content\/uploads\/2024\/08\/firehead-300x200.jpg 300w, https:\/\/festivaldecinemadearapiraca.com\/wp-content\/uploads\/2024\/08\/firehead-768x512.jpg 768w, https:\/\/festivaldecinemadearapiraca.com\/wp-content\/uploads\/2024\/08\/firehead-1536x1024.jpg 1536w, https:\/\/festivaldecinemadearapiraca.com\/wp-content\/uploads\/2024\/08\/firehead.jpg 1620w\" data-sizes=\"(max-width: 800px) 100vw, 800px\" src=\"data:image\/gif;base64,R0lGODlhAQABAAAAACH5BAEKAAEALAAAAAABAAEAAAICTAEAOw==\" style=\"--smush-placeholder-width: 800px; --smush-placeholder-aspect-ratio: 800\/534;\" \/>\t\t\t\t\t\t\t\t\t\t\t\t\t\t\t<\/div>\n\t\t\t\t<\/div>\n\t\t\t\t\t<\/div>\n\t\t<\/div>\n\t\t\t\t\t<\/div>\n\t\t<\/section>\n\t\t\t\t<section class=\"elementor-section elementor-inner-section elementor-element elementor-element-977b7ba elementor-section-boxed elementor-section-height-default elementor-section-height-default\" data-id=\"977b7ba\" data-element_type=\"section\" data-settings=\"{&quot;background_background&quot;:&quot;classic&quot;}\">\n\t\t\t\t\t\t<div class=\"elementor-container elementor-column-gap-default\">\n\t\t\t\t\t<div class=\"elementor-column elementor-col-50 elementor-inner-column elementor-element elementor-element-288d403\" data-id=\"288d403\" data-element_type=\"column\">\n\t\t\t<div class=\"elementor-widget-wrap elementor-element-populated\">\n\t\t\t\t\t\t<div class=\"elementor-element elementor-element-e666c61 elementor-widget elementor-widget-heading\" data-id=\"e666c61\" data-element_type=\"widget\" data-widget_type=\"heading.default\">\n\t\t\t\t<div class=\"elementor-widget-container\">\n\t\t\t\t\t<h2 class=\"elementor-heading-title elementor-size-default\">Quintal \n\n\n<\/h2>\t\t\t\t<\/div>\n\t\t\t\t<\/div>\n\t\t\t\t<div class=\"elementor-element elementor-element-de71c82 elementor-widget elementor-widget-heading\" data-id=\"de71c82\" data-element_type=\"widget\" data-widget_type=\"heading.default\">\n\t\t\t\t<div class=\"elementor-widget-container\">\n\t\t\t\t\t<h6 class=\"elementor-heading-title elementor-size-default\">Dire\u00e7\u00e3o: Marian Netto\n\n\n\n\n<\/h6>\t\t\t\t<\/div>\n\t\t\t\t<\/div>\n\t\t\t\t<div class=\"elementor-element elementor-element-2b0e9ce elementor-widget elementor-widget-heading\" data-id=\"2b0e9ce\" data-element_type=\"widget\" data-widget_type=\"heading.default\">\n\t\t\t\t<div class=\"elementor-widget-container\">\n\t\t\t\t\t<h6 class=\"elementor-heading-title elementor-size-default\">Anima\u00e7\u00e3o, 15 minutos, 2022, BA\n\n \n <br> Classifica\u00e7\u00e3o: Livre\n\n\n\n\n\n<\/h6>\t\t\t\t<\/div>\n\t\t\t\t<\/div>\n\t\t\t\t<div class=\"elementor-element elementor-element-61cd580 elementor-widget elementor-widget-text-editor\" data-id=\"61cd580\" data-element_type=\"widget\" data-widget_type=\"text-editor.default\">\n\t\t\t\t<div class=\"elementor-widget-container\">\n\t\t\t\t\t\t\t\t\tDiante de um cerrado cada vez mais degradado, Marta Narciso, moradora da Serra dos Pireneus, semeia palavras que nos convocam para uma conex\u00e3o harmoniosa com a natureza, compreendendo seus sistemas, sons, cheiros e formas.\n\n\t\t\t\t\t\t\t\t<\/div>\n\t\t\t\t<\/div>\n\t\t\t\t\t<\/div>\n\t\t<\/div>\n\t\t\t\t<div class=\"elementor-column elementor-col-50 elementor-inner-column elementor-element elementor-element-8baabee\" data-id=\"8baabee\" data-element_type=\"column\">\n\t\t\t<div class=\"elementor-widget-wrap elementor-element-populated\">\n\t\t\t\t\t\t<div class=\"elementor-element elementor-element-2a40f32 elementor-widget elementor-widget-image\" data-id=\"2a40f32\" data-element_type=\"widget\" data-widget_type=\"image.default\">\n\t\t\t\t<div class=\"elementor-widget-container\">\n\t\t\t\t\t\t\t\t\t\t\t\t\t\t\t<img decoding=\"async\" width=\"800\" height=\"450\" data-src=\"https:\/\/festivaldecinemadearapiraca.com\/wp-content\/uploads\/2024\/08\/quintal-1024x576.jpg\" class=\"attachment-large size-large wp-image-3143 lazyload\" alt=\"\" data-srcset=\"https:\/\/festivaldecinemadearapiraca.com\/wp-content\/uploads\/2024\/08\/quintal-1024x576.jpg 1024w, https:\/\/festivaldecinemadearapiraca.com\/wp-content\/uploads\/2024\/08\/quintal-300x169.jpg 300w, https:\/\/festivaldecinemadearapiraca.com\/wp-content\/uploads\/2024\/08\/quintal-768x432.jpg 768w, https:\/\/festivaldecinemadearapiraca.com\/wp-content\/uploads\/2024\/08\/quintal-1536x864.jpg 1536w, https:\/\/festivaldecinemadearapiraca.com\/wp-content\/uploads\/2024\/08\/quintal.jpg 1920w\" data-sizes=\"(max-width: 800px) 100vw, 800px\" src=\"data:image\/gif;base64,R0lGODlhAQABAAAAACH5BAEKAAEALAAAAAABAAEAAAICTAEAOw==\" style=\"--smush-placeholder-width: 800px; --smush-placeholder-aspect-ratio: 800\/450;\" \/>\t\t\t\t\t\t\t\t\t\t\t\t\t\t\t<\/div>\n\t\t\t\t<\/div>\n\t\t\t\t\t<\/div>\n\t\t<\/div>\n\t\t\t\t\t<\/div>\n\t\t<\/section>\n\t\t\t\t\t<\/div>\n\t\t<\/div>\n\t\t\t\t\t<\/div>\n\t\t<\/section>\n\t\t\t\t<\/div>\n\t\t","protected":false},"excerpt":{"rendered":"<p>SESS\u00c3O ACESS\u00cdVEL 24 DE AGOSTO &#8211; S\u00c1BADO Local: Cinesystem Arapiraca III Festival de Cinema de Arapiraca para tod@s: durante a sess\u00e3o acess\u00edvel, todos os filmes selecionados pela nossa curadoria, possuem recursos de acessibilidade: legenda, audiodescri\u00e7\u00e3o e libras. SESS\u00c3O &#8211; 09h \u00e0s 10h30 Jaci Dire\u00e7\u00e3o: Bruno Lobo La Loba Fic\u00e7\u00e3o, 15 minutos, 2023, CE Classifica\u00e7\u00e3o: 16 [&hellip;]<\/p>\n","protected":false},"author":1,"featured_media":0,"parent":0,"menu_order":0,"comment_status":"closed","ping_status":"closed","template":"elementor_header_footer","meta":{"footnotes":""},"class_list":["post-3167","page","type-page","status-publish","hentry"],"_links":{"self":[{"href":"https:\/\/festivaldecinemadearapiraca.com\/home\/wp-json\/wp\/v2\/pages\/3167","targetHints":{"allow":["GET"]}}],"collection":[{"href":"https:\/\/festivaldecinemadearapiraca.com\/home\/wp-json\/wp\/v2\/pages"}],"about":[{"href":"https:\/\/festivaldecinemadearapiraca.com\/home\/wp-json\/wp\/v2\/types\/page"}],"author":[{"embeddable":true,"href":"https:\/\/festivaldecinemadearapiraca.com\/home\/wp-json\/wp\/v2\/users\/1"}],"replies":[{"embeddable":true,"href":"https:\/\/festivaldecinemadearapiraca.com\/home\/wp-json\/wp\/v2\/comments?post=3167"}],"version-history":[{"count":43,"href":"https:\/\/festivaldecinemadearapiraca.com\/home\/wp-json\/wp\/v2\/pages\/3167\/revisions"}],"predecessor-version":[{"id":3216,"href":"https:\/\/festivaldecinemadearapiraca.com\/home\/wp-json\/wp\/v2\/pages\/3167\/revisions\/3216"}],"wp:attachment":[{"href":"https:\/\/festivaldecinemadearapiraca.com\/home\/wp-json\/wp\/v2\/media?parent=3167"}],"curies":[{"name":"wp","href":"https:\/\/api.w.org\/{rel}","templated":true}]}}