{"id":3262,"date":"2024-08-13T18:15:42","date_gmt":"2024-08-13T18:15:42","guid":{"rendered":"https:\/\/festivaldecinemadearapiraca.com\/home\/?page_id=3262"},"modified":"2024-08-13T19:28:02","modified_gmt":"2024-08-13T19:28:02","slug":"mostrane","status":"publish","type":"page","link":"https:\/\/festivaldecinemadearapiraca.com\/home\/mostrane\/","title":{"rendered":"Mostra Nordeste"},"content":{"rendered":"\t\t<div data-elementor-type=\"wp-page\" data-elementor-id=\"3262\" class=\"elementor elementor-3262\" data-elementor-post-type=\"page\">\n\t\t\t\t\t\t<section class=\"elementor-section elementor-top-section elementor-element elementor-element-5093280 elementor-section-boxed elementor-section-height-default elementor-section-height-default\" data-id=\"5093280\" data-element_type=\"section\">\n\t\t\t\t\t\t<div class=\"elementor-container elementor-column-gap-default\">\n\t\t\t\t\t<div class=\"elementor-column elementor-col-100 elementor-top-column elementor-element elementor-element-5f7036c\" data-id=\"5f7036c\" data-element_type=\"column\">\n\t\t\t<div class=\"elementor-widget-wrap elementor-element-populated\">\n\t\t\t\t\t\t<div class=\"elementor-element elementor-element-0c08662 elementor-widget elementor-widget-spacer\" data-id=\"0c08662\" data-element_type=\"widget\" data-widget_type=\"spacer.default\">\n\t\t\t\t<div class=\"elementor-widget-container\">\n\t\t\t\t\t\t\t<div class=\"elementor-spacer\">\n\t\t\t<div class=\"elementor-spacer-inner\"><\/div>\n\t\t<\/div>\n\t\t\t\t\t\t<\/div>\n\t\t\t\t<\/div>\n\t\t\t\t\t<\/div>\n\t\t<\/div>\n\t\t\t\t\t<\/div>\n\t\t<\/section>\n\t\t\t\t<section class=\"elementor-section elementor-top-section elementor-element elementor-element-a9fc119 elementor-section-boxed elementor-section-height-default elementor-section-height-default\" data-id=\"a9fc119\" data-element_type=\"section\">\n\t\t\t\t\t\t<div class=\"elementor-container elementor-column-gap-default\">\n\t\t\t\t\t<div class=\"elementor-column elementor-col-100 elementor-top-column elementor-element elementor-element-e2082e8\" data-id=\"e2082e8\" data-element_type=\"column\">\n\t\t\t<div class=\"elementor-widget-wrap elementor-element-populated\">\n\t\t\t\t\t\t<div class=\"elementor-element elementor-element-f08157c elementor-widget elementor-widget-heading\" data-id=\"f08157c\" data-element_type=\"widget\" data-widget_type=\"heading.default\">\n\t\t\t\t<div class=\"elementor-widget-container\">\n\t\t\t\t\t<h1 class=\"elementor-heading-title elementor-size-default\">MOSTRA NORDESTE<\/h1>\t\t\t\t<\/div>\n\t\t\t\t<\/div>\n\t\t\t\t\t<\/div>\n\t\t<\/div>\n\t\t\t\t\t<\/div>\n\t\t<\/section>\n\t\t\t\t<section class=\"elementor-section elementor-top-section elementor-element elementor-element-42287f3 elementor-section-boxed elementor-section-height-default elementor-section-height-default\" data-id=\"42287f3\" data-element_type=\"section\">\n\t\t\t\t\t\t<div class=\"elementor-container elementor-column-gap-default\">\n\t\t\t\t\t<div class=\"elementor-column elementor-col-100 elementor-top-column elementor-element elementor-element-93ebc54\" data-id=\"93ebc54\" data-element_type=\"column\">\n\t\t\t<div class=\"elementor-widget-wrap elementor-element-populated\">\n\t\t\t\t\t\t<div class=\"elementor-element elementor-element-718aed0 elementor-widget elementor-widget-heading\" data-id=\"718aed0\" data-element_type=\"widget\" data-widget_type=\"heading.default\">\n\t\t\t\t<div class=\"elementor-widget-container\">\n\t\t\t\t\t<h2 class=\"elementor-heading-title elementor-size-default\">22 DE AGOSTO - QUINTA-FEIRA<\/h2>\t\t\t\t<\/div>\n\t\t\t\t<\/div>\n\t\t\t\t<div class=\"elementor-element elementor-element-c4590d9 elementor-widget elementor-widget-heading\" data-id=\"c4590d9\" data-element_type=\"widget\" data-widget_type=\"heading.default\">\n\t\t\t\t<div class=\"elementor-widget-container\">\n\t\t\t\t\t<h6 class=\"elementor-heading-title elementor-size-default\">CLASSIFICA\u00c7\u00c3O INDICATIVA: 10 ANOS<\/h6>\t\t\t\t<\/div>\n\t\t\t\t<\/div>\n\t\t\t\t<section class=\"elementor-section elementor-inner-section elementor-element elementor-element-de4eb8b elementor-section-boxed elementor-section-height-default elementor-section-height-default\" data-id=\"de4eb8b\" data-element_type=\"section\" data-settings=\"{&quot;background_background&quot;:&quot;classic&quot;}\">\n\t\t\t\t\t\t<div class=\"elementor-container elementor-column-gap-default\">\n\t\t\t\t\t<div class=\"elementor-column elementor-col-50 elementor-inner-column elementor-element elementor-element-da96880\" data-id=\"da96880\" data-element_type=\"column\">\n\t\t\t<div class=\"elementor-widget-wrap elementor-element-populated\">\n\t\t\t\t\t\t<div class=\"elementor-element elementor-element-25981b8 elementor-widget elementor-widget-heading\" data-id=\"25981b8\" data-element_type=\"widget\" data-widget_type=\"heading.default\">\n\t\t\t\t<div class=\"elementor-widget-container\">\n\t\t\t\t\t<h2 class=\"elementor-heading-title elementor-size-default\">A \u00faltima ceia\n\n<\/h2>\t\t\t\t<\/div>\n\t\t\t\t<\/div>\n\t\t\t\t<div class=\"elementor-element elementor-element-4b7b633 elementor-widget elementor-widget-heading\" data-id=\"4b7b633\" data-element_type=\"widget\" data-widget_type=\"heading.default\">\n\t\t\t\t<div class=\"elementor-widget-container\">\n\t\t\t\t\t<h6 class=\"elementor-heading-title elementor-size-default\">Dire\u00e7\u00e3o Luly e Corina Santiago\n\n<\/h6>\t\t\t\t<\/div>\n\t\t\t\t<\/div>\n\t\t\t\t<div class=\"elementor-element elementor-element-65373db elementor-widget elementor-widget-heading\" data-id=\"65373db\" data-element_type=\"widget\" data-widget_type=\"heading.default\">\n\t\t\t\t<div class=\"elementor-widget-container\">\n\t\t\t\t\t<h6 class=\"elementor-heading-title elementor-size-default\">Experimental, 4 minutos, 2021, PE\n\n<\/h6>\t\t\t\t<\/div>\n\t\t\t\t<\/div>\n\t\t\t\t<div class=\"elementor-element elementor-element-803f2e6 elementor-widget elementor-widget-text-editor\" data-id=\"803f2e6\" data-element_type=\"widget\" data-widget_type=\"text-editor.default\">\n\t\t\t\t<div class=\"elementor-widget-container\">\n\t\t\t\t\t\t\t\t\t<p>A \u00daltima Ceia \u00e9 uma das obras mais emblem\u00e1ticas do pintor renascentista Leonardo da Vinci. Nela, o artista retrata a \u00faltima ceia de Jesus Cristo ao lado de seus ap\u00f3stolos, momentos antes dele ser crucificado.\u00a0Subvertendo a ideia dos corpos que s\u00e3o tidos como santos \u201cdotado de virtudes, inoc\u00eancia, piedade e pureza.\u201d e corpos que s\u00e3o tidos como profano \u201ctodo aquele que pratica ou comete falha, delito, injusti\u00e7a, maldade, corrup\u00e7\u00e3o, impiedade, deprava\u00e7\u00e3o, rebeldia ou transgress\u00e3o \u00e0 vontade de Deus.\u201d perante a sociedade. Nosso trabalho se prop\u00f5e a contrapor essa ideia pr\u00e9 estabelecida historicamente e socialmente.<\/p>\t\t\t\t\t\t\t\t<\/div>\n\t\t\t\t<\/div>\n\t\t\t\t\t<\/div>\n\t\t<\/div>\n\t\t\t\t<div class=\"elementor-column elementor-col-50 elementor-inner-column elementor-element elementor-element-3eda653\" data-id=\"3eda653\" data-element_type=\"column\">\n\t\t\t<div class=\"elementor-widget-wrap elementor-element-populated\">\n\t\t\t\t\t\t<div class=\"elementor-element elementor-element-0ffe6c3 elementor-widget elementor-widget-image\" data-id=\"0ffe6c3\" data-element_type=\"widget\" data-widget_type=\"image.default\">\n\t\t\t\t<div class=\"elementor-widget-container\">\n\t\t\t\t\t\t\t\t\t\t\t\t\t\t\t<img fetchpriority=\"high\" decoding=\"async\" width=\"800\" height=\"449\" src=\"https:\/\/festivaldecinemadearapiraca.com\/wp-content\/uploads\/2024\/08\/absorta-1024x575.jpg\" class=\"attachment-large size-large wp-image-3255\" alt=\"\" srcset=\"https:\/\/festivaldecinemadearapiraca.com\/wp-content\/uploads\/2024\/08\/absorta-1024x575.jpg 1024w, https:\/\/festivaldecinemadearapiraca.com\/wp-content\/uploads\/2024\/08\/absorta-300x168.jpg 300w, https:\/\/festivaldecinemadearapiraca.com\/wp-content\/uploads\/2024\/08\/absorta-768x431.jpg 768w, https:\/\/festivaldecinemadearapiraca.com\/wp-content\/uploads\/2024\/08\/absorta-1536x862.jpg 1536w, https:\/\/festivaldecinemadearapiraca.com\/wp-content\/uploads\/2024\/08\/absorta.jpg 1920w\" sizes=\"(max-width: 800px) 100vw, 800px\" \/>\t\t\t\t\t\t\t\t\t\t\t\t\t\t\t<\/div>\n\t\t\t\t<\/div>\n\t\t\t\t\t<\/div>\n\t\t<\/div>\n\t\t\t\t\t<\/div>\n\t\t<\/section>\n\t\t\t\t<section class=\"elementor-section elementor-inner-section elementor-element elementor-element-bc1c8ca elementor-section-boxed elementor-section-height-default elementor-section-height-default\" data-id=\"bc1c8ca\" data-element_type=\"section\" data-settings=\"{&quot;background_background&quot;:&quot;classic&quot;}\">\n\t\t\t\t\t\t<div class=\"elementor-container elementor-column-gap-default\">\n\t\t\t\t\t<div class=\"elementor-column elementor-col-50 elementor-inner-column elementor-element elementor-element-778f7d2\" data-id=\"778f7d2\" data-element_type=\"column\">\n\t\t\t<div class=\"elementor-widget-wrap elementor-element-populated\">\n\t\t\t\t\t\t<div class=\"elementor-element elementor-element-8dab42b elementor-widget elementor-widget-heading\" data-id=\"8dab42b\" data-element_type=\"widget\" data-widget_type=\"heading.default\">\n\t\t\t\t<div class=\"elementor-widget-container\">\n\t\t\t\t\t<h2 class=\"elementor-heading-title elementor-size-default\">Cavaram uma cova no meu cora\u00e7\u00e3o\n\n<\/h2>\t\t\t\t<\/div>\n\t\t\t\t<\/div>\n\t\t\t\t<div class=\"elementor-element elementor-element-8766b67 elementor-widget elementor-widget-heading\" data-id=\"8766b67\" data-element_type=\"widget\" data-widget_type=\"heading.default\">\n\t\t\t\t<div class=\"elementor-widget-container\">\n\t\t\t\t\t<h6 class=\"elementor-heading-title elementor-size-default\">Dire\u00e7\u00e3o: Ulisses Arthur \n\n\n\n<\/h6>\t\t\t\t<\/div>\n\t\t\t\t<\/div>\n\t\t\t\t<div class=\"elementor-element elementor-element-a59c617 elementor-widget elementor-widget-heading\" data-id=\"a59c617\" data-element_type=\"widget\" data-widget_type=\"heading.default\">\n\t\t\t\t<div class=\"elementor-widget-container\">\n\t\t\t\t\t<h6 class=\"elementor-heading-title elementor-size-default\">Document\u00e1rio, 24 minutos, 2024, AL \n\n\n\n<\/h6>\t\t\t\t<\/div>\n\t\t\t\t<\/div>\n\t\t\t\t<div class=\"elementor-element elementor-element-68cd736 elementor-widget elementor-widget-text-editor\" data-id=\"68cd736\" data-element_type=\"widget\" data-widget_type=\"text-editor.default\">\n\t\t\t\t<div class=\"elementor-widget-container\">\n\t\t\t\t\t\t\t\t\t<p>Enquanto uma mineradora perfura a terra para extrair sal-gema, uma gangue de adolescentes planeja quebrar a m\u00e1quina respons\u00e1vel pelos tremores e afundamento do solo.\u00a0<\/p><p><br \/><br \/><\/p>\t\t\t\t\t\t\t\t<\/div>\n\t\t\t\t<\/div>\n\t\t\t\t\t<\/div>\n\t\t<\/div>\n\t\t\t\t<div class=\"elementor-column elementor-col-50 elementor-inner-column elementor-element elementor-element-fdb4ed8\" data-id=\"fdb4ed8\" data-element_type=\"column\">\n\t\t\t<div class=\"elementor-widget-wrap elementor-element-populated\">\n\t\t\t\t\t\t<div class=\"elementor-element elementor-element-dcea4a4 elementor-widget elementor-widget-image\" data-id=\"dcea4a4\" data-element_type=\"widget\" data-widget_type=\"image.default\">\n\t\t\t\t<div class=\"elementor-widget-container\">\n\t\t\t\t\t\t\t\t\t\t\t\t\t\t\t<img decoding=\"async\" width=\"800\" height=\"341\" data-src=\"https:\/\/festivaldecinemadearapiraca.com\/wp-content\/uploads\/2024\/08\/desculpa-1024x437.jpg\" class=\"attachment-large size-large wp-image-3253 lazyload\" alt=\"\" data-srcset=\"https:\/\/festivaldecinemadearapiraca.com\/wp-content\/uploads\/2024\/08\/desculpa-1024x437.jpg 1024w, https:\/\/festivaldecinemadearapiraca.com\/wp-content\/uploads\/2024\/08\/desculpa-300x128.jpg 300w, https:\/\/festivaldecinemadearapiraca.com\/wp-content\/uploads\/2024\/08\/desculpa-768x327.jpg 768w, https:\/\/festivaldecinemadearapiraca.com\/wp-content\/uploads\/2024\/08\/desculpa.jpg 1440w\" data-sizes=\"(max-width: 800px) 100vw, 800px\" src=\"data:image\/gif;base64,R0lGODlhAQABAAAAACH5BAEKAAEALAAAAAABAAEAAAICTAEAOw==\" style=\"--smush-placeholder-width: 800px; --smush-placeholder-aspect-ratio: 800\/341;\" \/>\t\t\t\t\t\t\t\t\t\t\t\t\t\t\t<\/div>\n\t\t\t\t<\/div>\n\t\t\t\t\t<\/div>\n\t\t<\/div>\n\t\t\t\t\t<\/div>\n\t\t<\/section>\n\t\t\t\t<section class=\"elementor-section elementor-inner-section elementor-element elementor-element-141f88f elementor-section-boxed elementor-section-height-default elementor-section-height-default\" data-id=\"141f88f\" data-element_type=\"section\" data-settings=\"{&quot;background_background&quot;:&quot;classic&quot;}\">\n\t\t\t\t\t\t<div class=\"elementor-container elementor-column-gap-default\">\n\t\t\t\t\t<div class=\"elementor-column elementor-col-50 elementor-inner-column elementor-element elementor-element-01dc0f6\" data-id=\"01dc0f6\" data-element_type=\"column\">\n\t\t\t<div class=\"elementor-widget-wrap elementor-element-populated\">\n\t\t\t\t\t\t<div class=\"elementor-element elementor-element-69a8423 elementor-widget elementor-widget-heading\" data-id=\"69a8423\" data-element_type=\"widget\" data-widget_type=\"heading.default\">\n\t\t\t\t<div class=\"elementor-widget-container\">\n\t\t\t\t\t<h2 class=\"elementor-heading-title elementor-size-default\">Jurema - a peleja do carcar\u00e1 e a su\u00e7uarana\n\n\n<\/h2>\t\t\t\t<\/div>\n\t\t\t\t<\/div>\n\t\t\t\t<div class=\"elementor-element elementor-element-0b10e09 elementor-widget elementor-widget-heading\" data-id=\"0b10e09\" data-element_type=\"widget\" data-widget_type=\"heading.default\">\n\t\t\t\t<div class=\"elementor-widget-container\">\n\t\t\t\t\t<h6 class=\"elementor-heading-title elementor-size-default\">Dire\u00e7\u00e3o: Bako Machado\n\n\n\n<\/h6>\t\t\t\t<\/div>\n\t\t\t\t<\/div>\n\t\t\t\t<div class=\"elementor-element elementor-element-7ebfc4f elementor-widget elementor-widget-heading\" data-id=\"7ebfc4f\" data-element_type=\"widget\" data-widget_type=\"heading.default\">\n\t\t\t\t<div class=\"elementor-widget-container\">\n\t\t\t\t\t<h6 class=\"elementor-heading-title elementor-size-default\">Anima\u00e7\u00e3o, 02 minutos, 2023, PE\n\n\n<\/h6>\t\t\t\t<\/div>\n\t\t\t\t<\/div>\n\t\t\t\t<div class=\"elementor-element elementor-element-2babb45 elementor-widget elementor-widget-text-editor\" data-id=\"2babb45\" data-element_type=\"widget\" data-widget_type=\"text-editor.default\">\n\t\t\t\t<div class=\"elementor-widget-container\">\n\t\t\t\t\t\t\t\t\t<p>O filme retrata o sentimento da mulher nordestina, fazendo refer\u00eancia \u00e0 figura da Jurema sagrada, da cabocla Jurema, do carcar\u00e1 e da su\u00e7uarana. A hist\u00f3ria se desenvolve em torno desses personagens e busca transmitir a ess\u00eancia e a for\u00e7a da mulher nordestina<\/p>\t\t\t\t\t\t\t\t<\/div>\n\t\t\t\t<\/div>\n\t\t\t\t\t<\/div>\n\t\t<\/div>\n\t\t\t\t<div class=\"elementor-column elementor-col-50 elementor-inner-column elementor-element elementor-element-21ed017\" data-id=\"21ed017\" data-element_type=\"column\">\n\t\t\t<div class=\"elementor-widget-wrap elementor-element-populated\">\n\t\t\t\t\t\t<div class=\"elementor-element elementor-element-0a29ebb elementor-widget elementor-widget-image\" data-id=\"0a29ebb\" data-element_type=\"widget\" data-widget_type=\"image.default\">\n\t\t\t\t<div class=\"elementor-widget-container\">\n\t\t\t\t\t\t\t\t\t\t\t\t\t\t\t<img decoding=\"async\" width=\"800\" height=\"450\" data-src=\"https:\/\/festivaldecinemadearapiraca.com\/wp-content\/uploads\/2024\/08\/surpresa-1024x576.jpg\" class=\"attachment-large size-large wp-image-3254 lazyload\" alt=\"\" data-srcset=\"https:\/\/festivaldecinemadearapiraca.com\/wp-content\/uploads\/2024\/08\/surpresa-1024x576.jpg 1024w, https:\/\/festivaldecinemadearapiraca.com\/wp-content\/uploads\/2024\/08\/surpresa-300x169.jpg 300w, https:\/\/festivaldecinemadearapiraca.com\/wp-content\/uploads\/2024\/08\/surpresa-768x432.jpg 768w, https:\/\/festivaldecinemadearapiraca.com\/wp-content\/uploads\/2024\/08\/surpresa.jpg 1366w\" data-sizes=\"(max-width: 800px) 100vw, 800px\" src=\"data:image\/gif;base64,R0lGODlhAQABAAAAACH5BAEKAAEALAAAAAABAAEAAAICTAEAOw==\" style=\"--smush-placeholder-width: 800px; --smush-placeholder-aspect-ratio: 800\/450;\" \/>\t\t\t\t\t\t\t\t\t\t\t\t\t\t\t<\/div>\n\t\t\t\t<\/div>\n\t\t\t\t\t<\/div>\n\t\t<\/div>\n\t\t\t\t\t<\/div>\n\t\t<\/section>\n\t\t\t\t\t<\/div>\n\t\t<\/div>\n\t\t\t\t\t<\/div>\n\t\t<\/section>\n\t\t\t\t<section class=\"elementor-section elementor-top-section elementor-element elementor-element-7fc2e54 elementor-section-boxed elementor-section-height-default elementor-section-height-default\" data-id=\"7fc2e54\" data-element_type=\"section\">\n\t\t\t\t\t\t<div class=\"elementor-container elementor-column-gap-default\">\n\t\t\t\t\t<div class=\"elementor-column elementor-col-100 elementor-top-column elementor-element elementor-element-83e5b14\" data-id=\"83e5b14\" data-element_type=\"column\">\n\t\t\t<div class=\"elementor-widget-wrap elementor-element-populated\">\n\t\t\t\t\t\t<div class=\"elementor-element elementor-element-5c0ab00 elementor-widget elementor-widget-heading\" data-id=\"5c0ab00\" data-element_type=\"widget\" data-widget_type=\"heading.default\">\n\t\t\t\t<div class=\"elementor-widget-container\">\n\t\t\t\t\t<h2 class=\"elementor-heading-title elementor-size-default\">23 DE AGOSTO - SEXTA-FEIRA<\/h2>\t\t\t\t<\/div>\n\t\t\t\t<\/div>\n\t\t\t\t<div class=\"elementor-element elementor-element-ad7c141 elementor-widget elementor-widget-heading\" data-id=\"ad7c141\" data-element_type=\"widget\" data-widget_type=\"heading.default\">\n\t\t\t\t<div class=\"elementor-widget-container\">\n\t\t\t\t\t<h6 class=\"elementor-heading-title elementor-size-default\">CLASSIFICA\u00c7\u00c3O INDICATIVA: 16 ANOS<\/h6>\t\t\t\t<\/div>\n\t\t\t\t<\/div>\n\t\t\t\t<section class=\"elementor-section elementor-inner-section elementor-element elementor-element-70f4763 elementor-section-boxed elementor-section-height-default elementor-section-height-default\" data-id=\"70f4763\" data-element_type=\"section\" data-settings=\"{&quot;background_background&quot;:&quot;classic&quot;}\">\n\t\t\t\t\t\t<div class=\"elementor-container elementor-column-gap-default\">\n\t\t\t\t\t<div class=\"elementor-column elementor-col-50 elementor-inner-column elementor-element elementor-element-1bad63f\" data-id=\"1bad63f\" data-element_type=\"column\">\n\t\t\t<div class=\"elementor-widget-wrap elementor-element-populated\">\n\t\t\t\t\t\t<div class=\"elementor-element elementor-element-c5474d2 elementor-widget elementor-widget-heading\" data-id=\"c5474d2\" data-element_type=\"widget\" data-widget_type=\"heading.default\">\n\t\t\t\t<div class=\"elementor-widget-container\">\n\t\t\t\t\t<h2 class=\"elementor-heading-title elementor-size-default\">Dona Taquariana, uma cabocla brasileira\n\n<\/h2>\t\t\t\t<\/div>\n\t\t\t\t<\/div>\n\t\t\t\t<div class=\"elementor-element elementor-element-9f9fbb2 elementor-widget elementor-widget-heading\" data-id=\"9f9fbb2\" data-element_type=\"widget\" data-widget_type=\"heading.default\">\n\t\t\t\t<div class=\"elementor-widget-container\">\n\t\t\t\t\t<h6 class=\"elementor-heading-title elementor-size-default\">Dire\u00e7\u00e3o: Abimaelson Santos \n\n\n<\/h6>\t\t\t\t<\/div>\n\t\t\t\t<\/div>\n\t\t\t\t<div class=\"elementor-element elementor-element-4b24ba7 elementor-widget elementor-widget-heading\" data-id=\"4b24ba7\" data-element_type=\"widget\" data-widget_type=\"heading.default\">\n\t\t\t\t<div class=\"elementor-widget-container\">\n\t\t\t\t\t<h6 class=\"elementor-heading-title elementor-size-default\">Document\u00e1rio, 14 minutos, 2023, MA \n\n\n<\/h6>\t\t\t\t<\/div>\n\t\t\t\t<\/div>\n\t\t\t\t<div class=\"elementor-element elementor-element-4294883 elementor-widget elementor-widget-text-editor\" data-id=\"4294883\" data-element_type=\"widget\" data-widget_type=\"text-editor.default\">\n\t\t\t\t<div class=\"elementor-widget-container\">\n\t\t\t\t\t\t\t\t\t<p>De pulso firme e sorriso largo, Dona Flor vai costurando suas hist\u00f3rias e trazendo para cena o protagonismo de sua cabocla Taquariana. Entre uma narrativa e outra, o brilho nos olhos anuncia como a festa acontece, como seu tambor de cura foi se transformando em uma a\u00e7\u00e3o cultural h\u00e1 mais de 20 anos no bairro Vila dos Nobres. Com a leveza de uma anci\u00e3 e com a for\u00e7a de uma matriarca nos apresenta sua festa, sua trajet\u00f3ria, suas dores e alegrias nisso tudo que chamamos Mina.<\/p>\t\t\t\t\t\t\t\t<\/div>\n\t\t\t\t<\/div>\n\t\t\t\t\t<\/div>\n\t\t<\/div>\n\t\t\t\t<div class=\"elementor-column elementor-col-50 elementor-inner-column elementor-element elementor-element-34b9c67\" data-id=\"34b9c67\" data-element_type=\"column\">\n\t\t\t<div class=\"elementor-widget-wrap elementor-element-populated\">\n\t\t\t\t\t\t<div class=\"elementor-element elementor-element-107b8d1 elementor-widget elementor-widget-image\" data-id=\"107b8d1\" data-element_type=\"widget\" data-widget_type=\"image.default\">\n\t\t\t\t<div class=\"elementor-widget-container\">\n\t\t\t\t\t\t\t\t\t\t\t\t\t\t\t<img decoding=\"async\" width=\"800\" height=\"534\" data-src=\"https:\/\/festivaldecinemadearapiraca.com\/wp-content\/uploads\/2024\/08\/donataqua-1024x683.jpg\" class=\"attachment-large size-large wp-image-3292 lazyload\" alt=\"\" data-srcset=\"https:\/\/festivaldecinemadearapiraca.com\/wp-content\/uploads\/2024\/08\/donataqua-1024x683.jpg 1024w, https:\/\/festivaldecinemadearapiraca.com\/wp-content\/uploads\/2024\/08\/donataqua-300x200.jpg 300w, https:\/\/festivaldecinemadearapiraca.com\/wp-content\/uploads\/2024\/08\/donataqua-768x512.jpg 768w, https:\/\/festivaldecinemadearapiraca.com\/wp-content\/uploads\/2024\/08\/donataqua-1536x1024.jpg 1536w, https:\/\/festivaldecinemadearapiraca.com\/wp-content\/uploads\/2024\/08\/donataqua.jpg 1620w\" data-sizes=\"(max-width: 800px) 100vw, 800px\" src=\"data:image\/gif;base64,R0lGODlhAQABAAAAACH5BAEKAAEALAAAAAABAAEAAAICTAEAOw==\" style=\"--smush-placeholder-width: 800px; --smush-placeholder-aspect-ratio: 800\/534;\" \/>\t\t\t\t\t\t\t\t\t\t\t\t\t\t\t<\/div>\n\t\t\t\t<\/div>\n\t\t\t\t\t<\/div>\n\t\t<\/div>\n\t\t\t\t\t<\/div>\n\t\t<\/section>\n\t\t\t\t<section class=\"elementor-section elementor-inner-section elementor-element elementor-element-9870cf5 elementor-section-boxed elementor-section-height-default elementor-section-height-default\" data-id=\"9870cf5\" data-element_type=\"section\" data-settings=\"{&quot;background_background&quot;:&quot;classic&quot;}\">\n\t\t\t\t\t\t<div class=\"elementor-container elementor-column-gap-default\">\n\t\t\t\t\t<div class=\"elementor-column elementor-col-50 elementor-inner-column elementor-element elementor-element-b1e6cbb\" data-id=\"b1e6cbb\" data-element_type=\"column\">\n\t\t\t<div class=\"elementor-widget-wrap elementor-element-populated\">\n\t\t\t\t\t\t<div class=\"elementor-element elementor-element-e637195 elementor-widget elementor-widget-heading\" data-id=\"e637195\" data-element_type=\"widget\" data-widget_type=\"heading.default\">\n\t\t\t\t<div class=\"elementor-widget-container\">\n\t\t\t\t\t<h2 class=\"elementor-heading-title elementor-size-default\">Dentro de mim\n\n\n<\/h2>\t\t\t\t<\/div>\n\t\t\t\t<\/div>\n\t\t\t\t<div class=\"elementor-element elementor-element-8c55bc8 elementor-widget elementor-widget-heading\" data-id=\"8c55bc8\" data-element_type=\"widget\" data-widget_type=\"heading.default\">\n\t\t\t\t<div class=\"elementor-widget-container\">\n\t\t\t\t\t<h6 class=\"elementor-heading-title elementor-size-default\">Dire\u00e7\u00e3o: Dayane Teles\n\n\n\n<\/h6>\t\t\t\t<\/div>\n\t\t\t\t<\/div>\n\t\t\t\t<div class=\"elementor-element elementor-element-1211d8e elementor-widget elementor-widget-heading\" data-id=\"1211d8e\" data-element_type=\"widget\" data-widget_type=\"heading.default\">\n\t\t\t\t<div class=\"elementor-widget-container\">\n\t\t\t\t\t<h6 class=\"elementor-heading-title elementor-size-default\">Document\u00e1rio, 17 minutos, 2024, AL\n\n\n\n<\/h6>\t\t\t\t<\/div>\n\t\t\t\t<\/div>\n\t\t\t\t<div class=\"elementor-element elementor-element-3fee6aa elementor-widget elementor-widget-text-editor\" data-id=\"3fee6aa\" data-element_type=\"widget\" data-widget_type=\"text-editor.default\">\n\t\t\t\t<div class=\"elementor-widget-container\">\n\t\t\t\t\t\t\t\t\t<p>Durante sua adolesc\u00eancia o artista visual alagoano Jackson de Lima come\u00e7ou a ter estranhas vis\u00f5es ao dormir. Sonhava com uma criatura enorme, sem sexo definido, que aparecia flutuando e se lan\u00e7ava contra ele, para machuc\u00e1-lo. O sonho recorrente persistiu durante d\u00e9cadas, at\u00e9 que uma noite Jackson decidiu: aquele seria o \u00faltimo confronto entre os dois.<\/p>\t\t\t\t\t\t\t\t<\/div>\n\t\t\t\t<\/div>\n\t\t\t\t\t<\/div>\n\t\t<\/div>\n\t\t\t\t<div class=\"elementor-column elementor-col-50 elementor-inner-column elementor-element elementor-element-b98c6d2\" data-id=\"b98c6d2\" data-element_type=\"column\">\n\t\t\t<div class=\"elementor-widget-wrap elementor-element-populated\">\n\t\t\t\t\t\t<div class=\"elementor-element elementor-element-a532e98 elementor-widget elementor-widget-image\" data-id=\"a532e98\" data-element_type=\"widget\" data-widget_type=\"image.default\">\n\t\t\t\t<div class=\"elementor-widget-container\">\n\t\t\t\t\t\t\t\t\t\t\t\t\t\t\t<img decoding=\"async\" width=\"737\" height=\"415\" data-src=\"https:\/\/festivaldecinemadearapiraca.com\/wp-content\/uploads\/2024\/08\/Dentro-de-mim-1.jpg\" class=\"attachment-large size-large wp-image-3294 lazyload\" alt=\"\" data-srcset=\"https:\/\/festivaldecinemadearapiraca.com\/wp-content\/uploads\/2024\/08\/Dentro-de-mim-1.jpg 737w, https:\/\/festivaldecinemadearapiraca.com\/wp-content\/uploads\/2024\/08\/Dentro-de-mim-1-300x169.jpg 300w\" data-sizes=\"(max-width: 737px) 100vw, 737px\" src=\"data:image\/gif;base64,R0lGODlhAQABAAAAACH5BAEKAAEALAAAAAABAAEAAAICTAEAOw==\" style=\"--smush-placeholder-width: 737px; --smush-placeholder-aspect-ratio: 737\/415;\" \/>\t\t\t\t\t\t\t\t\t\t\t\t\t\t\t<\/div>\n\t\t\t\t<\/div>\n\t\t\t\t\t<\/div>\n\t\t<\/div>\n\t\t\t\t\t<\/div>\n\t\t<\/section>\n\t\t\t\t\t<\/div>\n\t\t<\/div>\n\t\t\t\t\t<\/div>\n\t\t<\/section>\n\t\t\t\t<section class=\"elementor-section elementor-top-section elementor-element elementor-element-bf5f32a elementor-section-boxed elementor-section-height-default elementor-section-height-default\" data-id=\"bf5f32a\" data-element_type=\"section\">\n\t\t\t\t\t\t<div class=\"elementor-container elementor-column-gap-default\">\n\t\t\t\t\t<div class=\"elementor-column elementor-col-100 elementor-top-column elementor-element elementor-element-86f3c80\" data-id=\"86f3c80\" data-element_type=\"column\">\n\t\t\t<div class=\"elementor-widget-wrap elementor-element-populated\">\n\t\t\t\t\t\t<div class=\"elementor-element elementor-element-5f6aeaf elementor-widget elementor-widget-heading\" data-id=\"5f6aeaf\" data-element_type=\"widget\" data-widget_type=\"heading.default\">\n\t\t\t\t<div class=\"elementor-widget-container\">\n\t\t\t\t\t<h2 class=\"elementor-heading-title elementor-size-default\">24 DE AGOSTO - S\u00c1BADO<\/h2>\t\t\t\t<\/div>\n\t\t\t\t<\/div>\n\t\t\t\t<div class=\"elementor-element elementor-element-cdc610e elementor-widget elementor-widget-heading\" data-id=\"cdc610e\" data-element_type=\"widget\" data-widget_type=\"heading.default\">\n\t\t\t\t<div class=\"elementor-widget-container\">\n\t\t\t\t\t<h6 class=\"elementor-heading-title elementor-size-default\">CLASSIFICA\u00c7\u00c3O INDICATIVA: 16 ANOS<\/h6>\t\t\t\t<\/div>\n\t\t\t\t<\/div>\n\t\t\t\t<section class=\"elementor-section elementor-inner-section elementor-element elementor-element-f2aa0a3 elementor-section-boxed elementor-section-height-default elementor-section-height-default\" data-id=\"f2aa0a3\" data-element_type=\"section\" data-settings=\"{&quot;background_background&quot;:&quot;classic&quot;}\">\n\t\t\t\t\t\t<div class=\"elementor-container elementor-column-gap-default\">\n\t\t\t\t\t<div class=\"elementor-column elementor-col-50 elementor-inner-column elementor-element elementor-element-abadb48\" data-id=\"abadb48\" data-element_type=\"column\">\n\t\t\t<div class=\"elementor-widget-wrap elementor-element-populated\">\n\t\t\t\t\t\t<div class=\"elementor-element elementor-element-5a36e59 elementor-widget elementor-widget-heading\" data-id=\"5a36e59\" data-element_type=\"widget\" data-widget_type=\"heading.default\">\n\t\t\t\t<div class=\"elementor-widget-container\">\n\t\t\t\t\t<h2 class=\"elementor-heading-title elementor-size-default\">O Bombeiro\n\n\n\n<\/h2>\t\t\t\t<\/div>\n\t\t\t\t<\/div>\n\t\t\t\t<div class=\"elementor-element elementor-element-f465c63 elementor-widget elementor-widget-heading\" data-id=\"f465c63\" data-element_type=\"widget\" data-widget_type=\"heading.default\">\n\t\t\t\t<div class=\"elementor-widget-container\">\n\t\t\t\t\t<h6 class=\"elementor-heading-title elementor-size-default\">Dire\u00e7\u00e3o: Mozart Albuquerque \n\n\n\n<\/h6>\t\t\t\t<\/div>\n\t\t\t\t<\/div>\n\t\t\t\t<div class=\"elementor-element elementor-element-ec3318d elementor-widget elementor-widget-heading\" data-id=\"ec3318d\" data-element_type=\"widget\" data-widget_type=\"heading.default\">\n\t\t\t\t<div class=\"elementor-widget-container\">\n\t\t\t\t\t<h6 class=\"elementor-heading-title elementor-size-default\">Anima\u00e7\u00e3o, 03 minutos, 2024, PE \n\n\n\n<\/h6>\t\t\t\t<\/div>\n\t\t\t\t<\/div>\n\t\t\t\t<div class=\"elementor-element elementor-element-94ee62e elementor-widget elementor-widget-text-editor\" data-id=\"94ee62e\" data-element_type=\"widget\" data-widget_type=\"text-editor.default\">\n\t\t\t\t<div class=\"elementor-widget-container\">\n\t\t\t\t\t\t\t\t\t<p>Um bombeiro, experiente na miss\u00e3o de salvar vidas, torna-se v\u00edtima de uma enchente em Alagoas. Na imin\u00eancia da morte, ele aguarda desesperadamente um resgate.<\/p>\t\t\t\t\t\t\t\t<\/div>\n\t\t\t\t<\/div>\n\t\t\t\t\t<\/div>\n\t\t<\/div>\n\t\t\t\t<div class=\"elementor-column elementor-col-50 elementor-inner-column elementor-element elementor-element-0db33c2\" data-id=\"0db33c2\" data-element_type=\"column\">\n\t\t\t<div class=\"elementor-widget-wrap elementor-element-populated\">\n\t\t\t\t\t\t<div class=\"elementor-element elementor-element-e215c6d elementor-widget elementor-widget-image\" data-id=\"e215c6d\" data-element_type=\"widget\" data-widget_type=\"image.default\">\n\t\t\t\t<div class=\"elementor-widget-container\">\n\t\t\t\t\t\t\t\t\t\t\t\t\t\t\t<img decoding=\"async\" width=\"800\" height=\"450\" data-src=\"https:\/\/festivaldecinemadearapiraca.com\/wp-content\/uploads\/2024\/08\/bombeiro-1024x576.jpg\" class=\"attachment-large size-large wp-image-3289 lazyload\" alt=\"\" data-srcset=\"https:\/\/festivaldecinemadearapiraca.com\/wp-content\/uploads\/2024\/08\/bombeiro-1024x576.jpg 1024w, https:\/\/festivaldecinemadearapiraca.com\/wp-content\/uploads\/2024\/08\/bombeiro-300x169.jpg 300w, https:\/\/festivaldecinemadearapiraca.com\/wp-content\/uploads\/2024\/08\/bombeiro-768x432.jpg 768w, https:\/\/festivaldecinemadearapiraca.com\/wp-content\/uploads\/2024\/08\/bombeiro-1536x864.jpg 1536w, https:\/\/festivaldecinemadearapiraca.com\/wp-content\/uploads\/2024\/08\/bombeiro.jpg 1920w\" data-sizes=\"(max-width: 800px) 100vw, 800px\" src=\"data:image\/gif;base64,R0lGODlhAQABAAAAACH5BAEKAAEALAAAAAABAAEAAAICTAEAOw==\" style=\"--smush-placeholder-width: 800px; --smush-placeholder-aspect-ratio: 800\/450;\" \/>\t\t\t\t\t\t\t\t\t\t\t\t\t\t\t<\/div>\n\t\t\t\t<\/div>\n\t\t\t\t\t<\/div>\n\t\t<\/div>\n\t\t\t\t\t<\/div>\n\t\t<\/section>\n\t\t\t\t<section class=\"elementor-section elementor-inner-section elementor-element elementor-element-b7eba3c elementor-section-boxed elementor-section-height-default elementor-section-height-default\" data-id=\"b7eba3c\" data-element_type=\"section\" data-settings=\"{&quot;background_background&quot;:&quot;classic&quot;}\">\n\t\t\t\t\t\t<div class=\"elementor-container elementor-column-gap-default\">\n\t\t\t\t\t<div class=\"elementor-column elementor-col-50 elementor-inner-column elementor-element elementor-element-e5d320f\" data-id=\"e5d320f\" data-element_type=\"column\">\n\t\t\t<div class=\"elementor-widget-wrap elementor-element-populated\">\n\t\t\t\t\t\t<div class=\"elementor-element elementor-element-5391123 elementor-widget elementor-widget-heading\" data-id=\"5391123\" data-element_type=\"widget\" data-widget_type=\"heading.default\">\n\t\t\t\t<div class=\"elementor-widget-container\">\n\t\t\t\t\t<h2 class=\"elementor-heading-title elementor-size-default\">Solange N\u00e3o Veio Hoje\n\n\n\n<\/h2>\t\t\t\t<\/div>\n\t\t\t\t<\/div>\n\t\t\t\t<div class=\"elementor-element elementor-element-eed32ae elementor-widget elementor-widget-heading\" data-id=\"eed32ae\" data-element_type=\"widget\" data-widget_type=\"heading.default\">\n\t\t\t\t<div class=\"elementor-widget-container\">\n\t\t\t\t\t<h6 class=\"elementor-heading-title elementor-size-default\">Dire\u00e7\u00e3o: Hilda Lopes Pontes, Klaus Hastenreiter\n\n\n\n<\/h6>\t\t\t\t<\/div>\n\t\t\t\t<\/div>\n\t\t\t\t<div class=\"elementor-element elementor-element-3ab7203 elementor-widget elementor-widget-heading\" data-id=\"3ab7203\" data-element_type=\"widget\" data-widget_type=\"heading.default\">\n\t\t\t\t<div class=\"elementor-widget-container\">\n\t\t\t\t\t<h6 class=\"elementor-heading-title elementor-size-default\">Fic\u00e7\u00e3o, 20 minutos, 2024, BA\n\n\n\n\n<\/h6>\t\t\t\t<\/div>\n\t\t\t\t<\/div>\n\t\t\t\t<div class=\"elementor-element elementor-element-c236f15 elementor-widget elementor-widget-text-editor\" data-id=\"c236f15\" data-element_type=\"widget\" data-widget_type=\"text-editor.default\">\n\t\t\t\t<div class=\"elementor-widget-container\">\n\t\t\t\t\t\t\t\t\t<p>Alan \u00e9 um homem de classe m\u00e9dia que est\u00e1 acostumado a ser sempre servido. Um dia, de repente, Solange, que trabalha como funcion\u00e1ria em sua casa, desaparece misteriosamente. Ele ent\u00e3o come\u00e7a a mergulhar no caos que vai tomando propor\u00e7\u00f5es catastr\u00f3ficas.<\/p>\t\t\t\t\t\t\t\t<\/div>\n\t\t\t\t<\/div>\n\t\t\t\t\t<\/div>\n\t\t<\/div>\n\t\t\t\t<div class=\"elementor-column elementor-col-50 elementor-inner-column elementor-element elementor-element-75186ac\" data-id=\"75186ac\" data-element_type=\"column\">\n\t\t\t<div class=\"elementor-widget-wrap elementor-element-populated\">\n\t\t\t\t\t\t<div class=\"elementor-element elementor-element-2ece1e6 elementor-widget elementor-widget-image\" data-id=\"2ece1e6\" data-element_type=\"widget\" data-widget_type=\"image.default\">\n\t\t\t\t<div class=\"elementor-widget-container\">\n\t\t\t\t\t\t\t\t\t\t\t\t\t\t\t<img decoding=\"async\" width=\"800\" height=\"500\" data-src=\"https:\/\/festivaldecinemadearapiraca.com\/wp-content\/uploads\/2024\/08\/solange-1024x640.jpg\" class=\"attachment-large size-large wp-image-3293 lazyload\" alt=\"\" data-srcset=\"https:\/\/festivaldecinemadearapiraca.com\/wp-content\/uploads\/2024\/08\/solange-1024x640.jpg 1024w, https:\/\/festivaldecinemadearapiraca.com\/wp-content\/uploads\/2024\/08\/solange-300x188.jpg 300w, https:\/\/festivaldecinemadearapiraca.com\/wp-content\/uploads\/2024\/08\/solange-768x480.jpg 768w, https:\/\/festivaldecinemadearapiraca.com\/wp-content\/uploads\/2024\/08\/solange-1536x960.jpg 1536w, https:\/\/festivaldecinemadearapiraca.com\/wp-content\/uploads\/2024\/08\/solange.jpg 1728w\" data-sizes=\"(max-width: 800px) 100vw, 800px\" src=\"data:image\/gif;base64,R0lGODlhAQABAAAAACH5BAEKAAEALAAAAAABAAEAAAICTAEAOw==\" style=\"--smush-placeholder-width: 800px; --smush-placeholder-aspect-ratio: 800\/500;\" \/>\t\t\t\t\t\t\t\t\t\t\t\t\t\t\t<\/div>\n\t\t\t\t<\/div>\n\t\t\t\t\t<\/div>\n\t\t<\/div>\n\t\t\t\t\t<\/div>\n\t\t<\/section>\n\t\t\t\t<section class=\"elementor-section elementor-inner-section elementor-element elementor-element-78d6096 elementor-section-boxed elementor-section-height-default elementor-section-height-default\" data-id=\"78d6096\" data-element_type=\"section\" data-settings=\"{&quot;background_background&quot;:&quot;classic&quot;}\">\n\t\t\t\t\t\t<div class=\"elementor-container elementor-column-gap-default\">\n\t\t\t\t\t<div class=\"elementor-column elementor-col-50 elementor-inner-column elementor-element elementor-element-8cec0d8\" data-id=\"8cec0d8\" data-element_type=\"column\">\n\t\t\t<div class=\"elementor-widget-wrap elementor-element-populated\">\n\t\t\t\t\t\t<div class=\"elementor-element elementor-element-4bd005d elementor-widget elementor-widget-heading\" data-id=\"4bd005d\" data-element_type=\"widget\" data-widget_type=\"heading.default\">\n\t\t\t\t<div class=\"elementor-widget-container\">\n\t\t\t\t\t<h2 class=\"elementor-heading-title elementor-size-default\">CINE-GUARANY\n\n\n\n\n<\/h2>\t\t\t\t<\/div>\n\t\t\t\t<\/div>\n\t\t\t\t<div class=\"elementor-element elementor-element-7ac57ff elementor-widget elementor-widget-heading\" data-id=\"7ac57ff\" data-element_type=\"widget\" data-widget_type=\"heading.default\">\n\t\t\t\t<div class=\"elementor-widget-container\">\n\t\t\t\t\t<h6 class=\"elementor-heading-title elementor-size-default\">Dire\u00e7\u00e3o Karol Justino\n\n\n\n\n<\/h6>\t\t\t\t<\/div>\n\t\t\t\t<\/div>\n\t\t\t\t<div class=\"elementor-element elementor-element-41c4817 elementor-widget elementor-widget-heading\" data-id=\"41c4817\" data-element_type=\"widget\" data-widget_type=\"heading.default\">\n\t\t\t\t<div class=\"elementor-widget-container\">\n\t\t\t\t\t<h6 class=\"elementor-heading-title elementor-size-default\">Document\u00e1rio, 15 minutos, 2024, AL\n\n\n\n\n\n<\/h6>\t\t\t\t<\/div>\n\t\t\t\t<\/div>\n\t\t\t\t<div class=\"elementor-element elementor-element-cbe2c7d elementor-widget elementor-widget-text-editor\" data-id=\"cbe2c7d\" data-element_type=\"widget\" data-widget_type=\"text-editor.default\">\n\t\t\t\t<div class=\"elementor-widget-container\">\n\t\t\t\t\t\t\t\t\t<p>Ru\u00ednas na cidade. L\u00e1 era um cinema vivo.<\/p>\t\t\t\t\t\t\t\t<\/div>\n\t\t\t\t<\/div>\n\t\t\t\t\t<\/div>\n\t\t<\/div>\n\t\t\t\t<div class=\"elementor-column elementor-col-50 elementor-inner-column elementor-element elementor-element-4a2c2d9\" data-id=\"4a2c2d9\" data-element_type=\"column\">\n\t\t\t<div class=\"elementor-widget-wrap elementor-element-populated\">\n\t\t\t\t\t\t<div class=\"elementor-element elementor-element-ac4d755 elementor-widget elementor-widget-image\" data-id=\"ac4d755\" data-element_type=\"widget\" data-widget_type=\"image.default\">\n\t\t\t\t<div class=\"elementor-widget-container\">\n\t\t\t\t\t\t\t\t\t\t\t\t\t\t\t<img decoding=\"async\" width=\"800\" height=\"534\" data-src=\"https:\/\/festivaldecinemadearapiraca.com\/wp-content\/uploads\/2024\/08\/cineguarany-1024x683.jpg\" class=\"attachment-large size-large wp-image-3290 lazyload\" alt=\"\" data-srcset=\"https:\/\/festivaldecinemadearapiraca.com\/wp-content\/uploads\/2024\/08\/cineguarany-1024x683.jpg 1024w, https:\/\/festivaldecinemadearapiraca.com\/wp-content\/uploads\/2024\/08\/cineguarany-300x200.jpg 300w, https:\/\/festivaldecinemadearapiraca.com\/wp-content\/uploads\/2024\/08\/cineguarany-768x512.jpg 768w, https:\/\/festivaldecinemadearapiraca.com\/wp-content\/uploads\/2024\/08\/cineguarany-1536x1024.jpg 1536w, https:\/\/festivaldecinemadearapiraca.com\/wp-content\/uploads\/2024\/08\/cineguarany.jpg 1620w\" data-sizes=\"(max-width: 800px) 100vw, 800px\" src=\"data:image\/gif;base64,R0lGODlhAQABAAAAACH5BAEKAAEALAAAAAABAAEAAAICTAEAOw==\" style=\"--smush-placeholder-width: 800px; --smush-placeholder-aspect-ratio: 800\/534;\" \/>\t\t\t\t\t\t\t\t\t\t\t\t\t\t\t<\/div>\n\t\t\t\t<\/div>\n\t\t\t\t\t<\/div>\n\t\t<\/div>\n\t\t\t\t\t<\/div>\n\t\t<\/section>\n\t\t\t\t\t<\/div>\n\t\t<\/div>\n\t\t\t\t\t<\/div>\n\t\t<\/section>\n\t\t\t\t<\/div>\n\t\t","protected":false},"excerpt":{"rendered":"<p>MOSTRA NORDESTE 22 DE AGOSTO &#8211; QUINTA-FEIRA CLASSIFICA\u00c7\u00c3O INDICATIVA: 10 ANOS A \u00faltima ceia Dire\u00e7\u00e3o Luly e Corina Santiago Experimental, 4 minutos, 2021, PE A \u00daltima Ceia \u00e9 uma das obras mais emblem\u00e1ticas do pintor renascentista Leonardo da Vinci. Nela, o artista retrata a \u00faltima ceia de Jesus Cristo ao lado de seus ap\u00f3stolos, momentos [&hellip;]<\/p>\n","protected":false},"author":1,"featured_media":0,"parent":0,"menu_order":0,"comment_status":"closed","ping_status":"closed","template":"elementor_header_footer","meta":{"footnotes":""},"class_list":["post-3262","page","type-page","status-publish","hentry"],"_links":{"self":[{"href":"https:\/\/festivaldecinemadearapiraca.com\/home\/wp-json\/wp\/v2\/pages\/3262","targetHints":{"allow":["GET"]}}],"collection":[{"href":"https:\/\/festivaldecinemadearapiraca.com\/home\/wp-json\/wp\/v2\/pages"}],"about":[{"href":"https:\/\/festivaldecinemadearapiraca.com\/home\/wp-json\/wp\/v2\/types\/page"}],"author":[{"embeddable":true,"href":"https:\/\/festivaldecinemadearapiraca.com\/home\/wp-json\/wp\/v2\/users\/1"}],"replies":[{"embeddable":true,"href":"https:\/\/festivaldecinemadearapiraca.com\/home\/wp-json\/wp\/v2\/comments?post=3262"}],"version-history":[{"count":22,"href":"https:\/\/festivaldecinemadearapiraca.com\/home\/wp-json\/wp\/v2\/pages\/3262\/revisions"}],"predecessor-version":[{"id":3297,"href":"https:\/\/festivaldecinemadearapiraca.com\/home\/wp-json\/wp\/v2\/pages\/3262\/revisions\/3297"}],"wp:attachment":[{"href":"https:\/\/festivaldecinemadearapiraca.com\/home\/wp-json\/wp\/v2\/media?parent=3262"}],"curies":[{"name":"wp","href":"https:\/\/api.w.org\/{rel}","templated":true}]}}