{"id":3298,"date":"2024-08-13T19:31:06","date_gmt":"2024-08-13T19:31:06","guid":{"rendered":"https:\/\/festivaldecinemadearapiraca.com\/home\/?page_id=3298"},"modified":"2024-08-14T11:39:58","modified_gmt":"2024-08-14T11:39:58","slug":"mostra-brasil","status":"publish","type":"page","link":"https:\/\/festivaldecinemadearapiraca.com\/home\/mostra-brasil\/","title":{"rendered":"Mostra Brasil"},"content":{"rendered":"\t\t<div data-elementor-type=\"wp-page\" data-elementor-id=\"3298\" class=\"elementor elementor-3298\" data-elementor-post-type=\"page\">\n\t\t\t\t\t\t<section class=\"elementor-section elementor-top-section elementor-element elementor-element-5093280 elementor-section-boxed elementor-section-height-default elementor-section-height-default\" data-id=\"5093280\" data-element_type=\"section\">\n\t\t\t\t\t\t<div class=\"elementor-container elementor-column-gap-default\">\n\t\t\t\t\t<div class=\"elementor-column elementor-col-100 elementor-top-column elementor-element elementor-element-5f7036c\" data-id=\"5f7036c\" data-element_type=\"column\">\n\t\t\t<div class=\"elementor-widget-wrap elementor-element-populated\">\n\t\t\t\t\t\t<div class=\"elementor-element elementor-element-0c08662 elementor-widget elementor-widget-spacer\" data-id=\"0c08662\" data-element_type=\"widget\" data-widget_type=\"spacer.default\">\n\t\t\t\t<div class=\"elementor-widget-container\">\n\t\t\t\t\t\t\t<div class=\"elementor-spacer\">\n\t\t\t<div class=\"elementor-spacer-inner\"><\/div>\n\t\t<\/div>\n\t\t\t\t\t\t<\/div>\n\t\t\t\t<\/div>\n\t\t\t\t\t<\/div>\n\t\t<\/div>\n\t\t\t\t\t<\/div>\n\t\t<\/section>\n\t\t\t\t<section class=\"elementor-section elementor-top-section elementor-element elementor-element-a9fc119 elementor-section-boxed elementor-section-height-default elementor-section-height-default\" data-id=\"a9fc119\" data-element_type=\"section\">\n\t\t\t\t\t\t<div class=\"elementor-container elementor-column-gap-default\">\n\t\t\t\t\t<div class=\"elementor-column elementor-col-100 elementor-top-column elementor-element elementor-element-e2082e8\" data-id=\"e2082e8\" data-element_type=\"column\">\n\t\t\t<div class=\"elementor-widget-wrap elementor-element-populated\">\n\t\t\t\t\t\t<div class=\"elementor-element elementor-element-f08157c elementor-widget elementor-widget-heading\" data-id=\"f08157c\" data-element_type=\"widget\" data-widget_type=\"heading.default\">\n\t\t\t\t<div class=\"elementor-widget-container\">\n\t\t\t\t\t<h1 class=\"elementor-heading-title elementor-size-default\">MOSTRA BRASIL<\/h1>\t\t\t\t<\/div>\n\t\t\t\t<\/div>\n\t\t\t\t\t<\/div>\n\t\t<\/div>\n\t\t\t\t\t<\/div>\n\t\t<\/section>\n\t\t\t\t<section class=\"elementor-section elementor-top-section elementor-element elementor-element-42287f3 elementor-section-boxed elementor-section-height-default elementor-section-height-default\" data-id=\"42287f3\" data-element_type=\"section\">\n\t\t\t\t\t\t<div class=\"elementor-container elementor-column-gap-default\">\n\t\t\t\t\t<div class=\"elementor-column elementor-col-100 elementor-top-column elementor-element elementor-element-93ebc54\" data-id=\"93ebc54\" data-element_type=\"column\">\n\t\t\t<div class=\"elementor-widget-wrap elementor-element-populated\">\n\t\t\t\t\t\t<div class=\"elementor-element elementor-element-718aed0 elementor-widget elementor-widget-heading\" data-id=\"718aed0\" data-element_type=\"widget\" data-widget_type=\"heading.default\">\n\t\t\t\t<div class=\"elementor-widget-container\">\n\t\t\t\t\t<h2 class=\"elementor-heading-title elementor-size-default\">22 DE AGOSTO - QUINTA-FEIRA<\/h2>\t\t\t\t<\/div>\n\t\t\t\t<\/div>\n\t\t\t\t<div class=\"elementor-element elementor-element-c4590d9 elementor-widget elementor-widget-heading\" data-id=\"c4590d9\" data-element_type=\"widget\" data-widget_type=\"heading.default\">\n\t\t\t\t<div class=\"elementor-widget-container\">\n\t\t\t\t\t<h6 class=\"elementor-heading-title elementor-size-default\">CLASSIFICA\u00c7\u00c3O INDICATIVA: 16 ANOS<\/h6>\t\t\t\t<\/div>\n\t\t\t\t<\/div>\n\t\t\t\t<section class=\"elementor-section elementor-inner-section elementor-element elementor-element-de4eb8b elementor-section-boxed elementor-section-height-default elementor-section-height-default\" data-id=\"de4eb8b\" data-element_type=\"section\" data-settings=\"{&quot;background_background&quot;:&quot;classic&quot;}\">\n\t\t\t\t\t\t<div class=\"elementor-container elementor-column-gap-default\">\n\t\t\t\t\t<div class=\"elementor-column elementor-col-50 elementor-inner-column elementor-element elementor-element-da96880\" data-id=\"da96880\" data-element_type=\"column\">\n\t\t\t<div class=\"elementor-widget-wrap elementor-element-populated\">\n\t\t\t\t\t\t<div class=\"elementor-element elementor-element-25981b8 elementor-widget elementor-widget-heading\" data-id=\"25981b8\" data-element_type=\"widget\" data-widget_type=\"heading.default\">\n\t\t\t\t<div class=\"elementor-widget-container\">\n\t\t\t\t\t<h2 class=\"elementor-heading-title elementor-size-default\">V\u00e3o das Almas\n\n\n<\/h2>\t\t\t\t<\/div>\n\t\t\t\t<\/div>\n\t\t\t\t<div class=\"elementor-element elementor-element-4b7b633 elementor-widget elementor-widget-heading\" data-id=\"4b7b633\" data-element_type=\"widget\" data-widget_type=\"heading.default\">\n\t\t\t\t<div class=\"elementor-widget-container\">\n\t\t\t\t\t<h6 class=\"elementor-heading-title elementor-size-default\">Dire\u00e7\u00e3o: Edileuza Penha de Souza, Santiago Dellape\n\n\n<\/h6>\t\t\t\t<\/div>\n\t\t\t\t<\/div>\n\t\t\t\t<div class=\"elementor-element elementor-element-65373db elementor-widget elementor-widget-heading\" data-id=\"65373db\" data-element_type=\"widget\" data-widget_type=\"heading.default\">\n\t\t\t\t<div class=\"elementor-widget-container\">\n\t\t\t\t\t<h6 class=\"elementor-heading-title elementor-size-default\">Fic\u00e7\u00e3o, 15 minutos, 2023, DF\n\n\n<\/h6>\t\t\t\t<\/div>\n\t\t\t\t<\/div>\n\t\t\t\t<div class=\"elementor-element elementor-element-803f2e6 elementor-widget elementor-widget-text-editor\" data-id=\"803f2e6\" data-element_type=\"widget\" data-widget_type=\"text-editor.default\">\n\t\t\t\t<div class=\"elementor-widget-container\">\n\t\t\t\t\t\t\t\t\t<p>No Quilombo Kalunga, a profecia da Matinta corta o vilarejo-fantasma do V\u00e3o de Almas como uma corrente de ar gelado: \u201cExistem v\u00e1rios tipos de Saci. Perer\u00ea \u00e9 aquele menorzinho, que prega pe\u00e7a. Sa\u00e7ur\u00e1 faz maldade&#8230;\u201d<\/p>\t\t\t\t\t\t\t\t<\/div>\n\t\t\t\t<\/div>\n\t\t\t\t\t<\/div>\n\t\t<\/div>\n\t\t\t\t<div class=\"elementor-column elementor-col-50 elementor-inner-column elementor-element elementor-element-3eda653\" data-id=\"3eda653\" data-element_type=\"column\">\n\t\t\t<div class=\"elementor-widget-wrap elementor-element-populated\">\n\t\t\t\t\t\t<div class=\"elementor-element elementor-element-0ffe6c3 elementor-widget elementor-widget-image\" data-id=\"0ffe6c3\" data-element_type=\"widget\" data-widget_type=\"image.default\">\n\t\t\t\t<div class=\"elementor-widget-container\">\n\t\t\t\t\t\t\t\t\t\t\t\t\t\t\t<img fetchpriority=\"high\" decoding=\"async\" width=\"800\" height=\"450\" src=\"https:\/\/festivaldecinemadearapiraca.com\/wp-content\/uploads\/2024\/08\/almas-1024x576.jpg\" class=\"attachment-large size-large wp-image-3203\" alt=\"\" srcset=\"https:\/\/festivaldecinemadearapiraca.com\/wp-content\/uploads\/2024\/08\/almas-1024x576.jpg 1024w, https:\/\/festivaldecinemadearapiraca.com\/wp-content\/uploads\/2024\/08\/almas-300x169.jpg 300w, https:\/\/festivaldecinemadearapiraca.com\/wp-content\/uploads\/2024\/08\/almas-768x432.jpg 768w, https:\/\/festivaldecinemadearapiraca.com\/wp-content\/uploads\/2024\/08\/almas-1536x864.jpg 1536w, https:\/\/festivaldecinemadearapiraca.com\/wp-content\/uploads\/2024\/08\/almas-e1723570144582.jpg 1080w\" sizes=\"(max-width: 800px) 100vw, 800px\" \/>\t\t\t\t\t\t\t\t\t\t\t\t\t\t\t<\/div>\n\t\t\t\t<\/div>\n\t\t\t\t\t<\/div>\n\t\t<\/div>\n\t\t\t\t\t<\/div>\n\t\t<\/section>\n\t\t\t\t<section class=\"elementor-section elementor-inner-section elementor-element elementor-element-bc1c8ca elementor-section-boxed elementor-section-height-default elementor-section-height-default\" data-id=\"bc1c8ca\" data-element_type=\"section\" data-settings=\"{&quot;background_background&quot;:&quot;classic&quot;}\">\n\t\t\t\t\t\t<div class=\"elementor-container elementor-column-gap-default\">\n\t\t\t\t\t<div class=\"elementor-column elementor-col-50 elementor-inner-column elementor-element elementor-element-778f7d2\" data-id=\"778f7d2\" data-element_type=\"column\">\n\t\t\t<div class=\"elementor-widget-wrap elementor-element-populated\">\n\t\t\t\t\t\t<div class=\"elementor-element elementor-element-8dab42b elementor-widget elementor-widget-heading\" data-id=\"8dab42b\" data-element_type=\"widget\" data-widget_type=\"heading.default\">\n\t\t\t\t<div class=\"elementor-widget-container\">\n\t\t\t\t\t<h2 class=\"elementor-heading-title elementor-size-default\">Quarentena\n\n<\/h2>\t\t\t\t<\/div>\n\t\t\t\t<\/div>\n\t\t\t\t<div class=\"elementor-element elementor-element-8766b67 elementor-widget elementor-widget-heading\" data-id=\"8766b67\" data-element_type=\"widget\" data-widget_type=\"heading.default\">\n\t\t\t\t<div class=\"elementor-widget-container\">\n\t\t\t\t\t<h6 class=\"elementor-heading-title elementor-size-default\">Dire\u00e7\u00e3o: Nando Sturmer, Adriel Nizer\n\n\n\n\n<\/h6>\t\t\t\t<\/div>\n\t\t\t\t<\/div>\n\t\t\t\t<div class=\"elementor-element elementor-element-a59c617 elementor-widget elementor-widget-heading\" data-id=\"a59c617\" data-element_type=\"widget\" data-widget_type=\"heading.default\">\n\t\t\t\t<div class=\"elementor-widget-container\">\n\t\t\t\t\t<h6 class=\"elementor-heading-title elementor-size-default\">Fic\u00e7\u00e3o, 06 minutos, 2022, PR\n\n\n\n\n<\/h6>\t\t\t\t<\/div>\n\t\t\t\t<\/div>\n\t\t\t\t<div class=\"elementor-element elementor-element-68cd736 elementor-widget elementor-widget-text-editor\" data-id=\"68cd736\" data-element_type=\"widget\" data-widget_type=\"text-editor.default\">\n\t\t\t\t<div class=\"elementor-widget-container\">\n\t\t\t\t\t\t\t\t\t<p>Brasil. \u00c9 noite. M\u00e3e e filho descobrem que n\u00e3o est\u00e3o sozinhos durante a quarentena.<\/p>\t\t\t\t\t\t\t\t<\/div>\n\t\t\t\t<\/div>\n\t\t\t\t\t<\/div>\n\t\t<\/div>\n\t\t\t\t<div class=\"elementor-column elementor-col-50 elementor-inner-column elementor-element elementor-element-fdb4ed8\" data-id=\"fdb4ed8\" data-element_type=\"column\">\n\t\t\t<div class=\"elementor-widget-wrap elementor-element-populated\">\n\t\t\t\t\t\t<div class=\"elementor-element elementor-element-dcea4a4 elementor-widget elementor-widget-image\" data-id=\"dcea4a4\" data-element_type=\"widget\" data-widget_type=\"image.default\">\n\t\t\t\t<div class=\"elementor-widget-container\">\n\t\t\t\t\t\t\t\t\t\t\t\t\t\t\t<img decoding=\"async\" width=\"800\" height=\"431\" data-src=\"https:\/\/festivaldecinemadearapiraca.com\/wp-content\/uploads\/2024\/08\/quarentena-1024x552.png\" class=\"attachment-large size-large wp-image-3317 lazyload\" alt=\"\" data-srcset=\"https:\/\/festivaldecinemadearapiraca.com\/wp-content\/uploads\/2024\/08\/quarentena-1024x552.png 1024w, https:\/\/festivaldecinemadearapiraca.com\/wp-content\/uploads\/2024\/08\/quarentena-300x162.png 300w, https:\/\/festivaldecinemadearapiraca.com\/wp-content\/uploads\/2024\/08\/quarentena-768x414.png 768w, https:\/\/festivaldecinemadearapiraca.com\/wp-content\/uploads\/2024\/08\/quarentena.png 1507w\" data-sizes=\"(max-width: 800px) 100vw, 800px\" src=\"data:image\/gif;base64,R0lGODlhAQABAAAAACH5BAEKAAEALAAAAAABAAEAAAICTAEAOw==\" style=\"--smush-placeholder-width: 800px; --smush-placeholder-aspect-ratio: 800\/431;\" \/>\t\t\t\t\t\t\t\t\t\t\t\t\t\t\t<\/div>\n\t\t\t\t<\/div>\n\t\t\t\t\t<\/div>\n\t\t<\/div>\n\t\t\t\t\t<\/div>\n\t\t<\/section>\n\t\t\t\t<section class=\"elementor-section elementor-inner-section elementor-element elementor-element-141f88f elementor-section-boxed elementor-section-height-default elementor-section-height-default\" data-id=\"141f88f\" data-element_type=\"section\" data-settings=\"{&quot;background_background&quot;:&quot;classic&quot;}\">\n\t\t\t\t\t\t<div class=\"elementor-container elementor-column-gap-default\">\n\t\t\t\t\t<div class=\"elementor-column elementor-col-50 elementor-inner-column elementor-element elementor-element-01dc0f6\" data-id=\"01dc0f6\" data-element_type=\"column\">\n\t\t\t<div class=\"elementor-widget-wrap elementor-element-populated\">\n\t\t\t\t\t\t<div class=\"elementor-element elementor-element-69a8423 elementor-widget elementor-widget-heading\" data-id=\"69a8423\" data-element_type=\"widget\" data-widget_type=\"heading.default\">\n\t\t\t\t<div class=\"elementor-widget-container\">\n\t\t\t\t\t<h2 class=\"elementor-heading-title elementor-size-default\">O Nada\n\n\n\n<\/h2>\t\t\t\t<\/div>\n\t\t\t\t<\/div>\n\t\t\t\t<div class=\"elementor-element elementor-element-0b10e09 elementor-widget elementor-widget-heading\" data-id=\"0b10e09\" data-element_type=\"widget\" data-widget_type=\"heading.default\">\n\t\t\t\t<div class=\"elementor-widget-container\">\n\t\t\t\t\t<h6 class=\"elementor-heading-title elementor-size-default\">Dire\u00e7\u00e3o: Andr\u00e9 Ladeia\n\n\n\n\n<\/h6>\t\t\t\t<\/div>\n\t\t\t\t<\/div>\n\t\t\t\t<div class=\"elementor-element elementor-element-7ebfc4f elementor-widget elementor-widget-heading\" data-id=\"7ebfc4f\" data-element_type=\"widget\" data-widget_type=\"heading.default\">\n\t\t\t\t<div class=\"elementor-widget-container\">\n\t\t\t\t\t<h6 class=\"elementor-heading-title elementor-size-default\">Fic\u00e7\u00e3o, 15 minutos, 2023, RJ \n\n\n\n<\/h6>\t\t\t\t<\/div>\n\t\t\t\t<\/div>\n\t\t\t\t<div class=\"elementor-element elementor-element-2babb45 elementor-widget elementor-widget-text-editor\" data-id=\"2babb45\" data-element_type=\"widget\" data-widget_type=\"text-editor.default\">\n\t\t\t\t<div class=\"elementor-widget-container\">\n\t\t\t\t\t\t\t\t\t<p>Um senhor moribundo recebe uma visita inesperada de um diabo, e precisa tomar uma decis\u00e3o.<\/p>\t\t\t\t\t\t\t\t<\/div>\n\t\t\t\t<\/div>\n\t\t\t\t\t<\/div>\n\t\t<\/div>\n\t\t\t\t<div class=\"elementor-column elementor-col-50 elementor-inner-column elementor-element elementor-element-21ed017\" data-id=\"21ed017\" data-element_type=\"column\">\n\t\t\t<div class=\"elementor-widget-wrap elementor-element-populated\">\n\t\t\t\t\t\t<div class=\"elementor-element elementor-element-0a29ebb elementor-widget elementor-widget-image\" data-id=\"0a29ebb\" data-element_type=\"widget\" data-widget_type=\"image.default\">\n\t\t\t\t<div class=\"elementor-widget-container\">\n\t\t\t\t\t\t\t\t\t\t\t\t\t\t\t<img decoding=\"async\" width=\"800\" height=\"400\" data-src=\"https:\/\/festivaldecinemadearapiraca.com\/wp-content\/uploads\/2024\/08\/O-Nada-1024x512.jpg\" class=\"attachment-large size-large wp-image-3314 lazyload\" alt=\"\" data-srcset=\"https:\/\/festivaldecinemadearapiraca.com\/wp-content\/uploads\/2024\/08\/O-Nada-1024x512.jpg 1024w, https:\/\/festivaldecinemadearapiraca.com\/wp-content\/uploads\/2024\/08\/O-Nada-300x150.jpg 300w, https:\/\/festivaldecinemadearapiraca.com\/wp-content\/uploads\/2024\/08\/O-Nada-768x384.jpg 768w, https:\/\/festivaldecinemadearapiraca.com\/wp-content\/uploads\/2024\/08\/O-Nada-1536x768.jpg 1536w, https:\/\/festivaldecinemadearapiraca.com\/wp-content\/uploads\/2024\/08\/O-Nada.jpg 1920w\" data-sizes=\"(max-width: 800px) 100vw, 800px\" src=\"data:image\/gif;base64,R0lGODlhAQABAAAAACH5BAEKAAEALAAAAAABAAEAAAICTAEAOw==\" style=\"--smush-placeholder-width: 800px; --smush-placeholder-aspect-ratio: 800\/400;\" \/>\t\t\t\t\t\t\t\t\t\t\t\t\t\t\t<\/div>\n\t\t\t\t<\/div>\n\t\t\t\t\t<\/div>\n\t\t<\/div>\n\t\t\t\t\t<\/div>\n\t\t<\/section>\n\t\t\t\t<section class=\"elementor-section elementor-inner-section elementor-element elementor-element-b23bd67 elementor-section-boxed elementor-section-height-default elementor-section-height-default\" data-id=\"b23bd67\" data-element_type=\"section\" data-settings=\"{&quot;background_background&quot;:&quot;classic&quot;}\">\n\t\t\t\t\t\t<div class=\"elementor-container elementor-column-gap-default\">\n\t\t\t\t\t<div class=\"elementor-column elementor-col-50 elementor-inner-column elementor-element elementor-element-2e1e039\" data-id=\"2e1e039\" data-element_type=\"column\">\n\t\t\t<div class=\"elementor-widget-wrap elementor-element-populated\">\n\t\t\t\t\t\t<div class=\"elementor-element elementor-element-a954603 elementor-widget elementor-widget-heading\" data-id=\"a954603\" data-element_type=\"widget\" data-widget_type=\"heading.default\">\n\t\t\t\t<div class=\"elementor-widget-container\">\n\t\t\t\t\t<h2 class=\"elementor-heading-title elementor-size-default\">A fuma\u00e7a e o diamante\n\n\n\n\n<\/h2>\t\t\t\t<\/div>\n\t\t\t\t<\/div>\n\t\t\t\t<div class=\"elementor-element elementor-element-4119390 elementor-widget elementor-widget-heading\" data-id=\"4119390\" data-element_type=\"widget\" data-widget_type=\"heading.default\">\n\t\t\t\t<div class=\"elementor-widget-container\">\n\t\t\t\t\t<h6 class=\"elementor-heading-title elementor-size-default\">Dire\u00e7\u00e3o: Bruno Villela, F\u00e1bio Bardella, Juliana Almeida\n\n\n\n\n\n<\/h6>\t\t\t\t<\/div>\n\t\t\t\t<\/div>\n\t\t\t\t<div class=\"elementor-element elementor-element-80136e5 elementor-widget elementor-widget-heading\" data-id=\"80136e5\" data-element_type=\"widget\" data-widget_type=\"heading.default\">\n\t\t\t\t<div class=\"elementor-widget-container\">\n\t\t\t\t\t<h6 class=\"elementor-heading-title elementor-size-default\">Document\u00e1rio, 5 minutos, 2023, GO\n\n\n\n\n<\/h6>\t\t\t\t<\/div>\n\t\t\t\t<\/div>\n\t\t\t\t<div class=\"elementor-element elementor-element-bef5ab6 elementor-widget elementor-widget-text-editor\" data-id=\"bef5ab6\" data-element_type=\"widget\" data-widget_type=\"text-editor.default\">\n\t\t\t\t<div class=\"elementor-widget-container\">\n\t\t\t\t\t\t\t\t\t<p>Na Aldeia Catrimani (Terra Ind\u00edgena Yanomami) uma fam\u00edlia se reencontra no p\u00e1tio da aldeia ap\u00f3s uma densa fuma\u00e7a.<\/p>\t\t\t\t\t\t\t\t<\/div>\n\t\t\t\t<\/div>\n\t\t\t\t\t<\/div>\n\t\t<\/div>\n\t\t\t\t<div class=\"elementor-column elementor-col-50 elementor-inner-column elementor-element elementor-element-8ea2cfb\" data-id=\"8ea2cfb\" data-element_type=\"column\">\n\t\t\t<div class=\"elementor-widget-wrap elementor-element-populated\">\n\t\t\t\t\t\t<div class=\"elementor-element elementor-element-0017d6f elementor-widget elementor-widget-image\" data-id=\"0017d6f\" data-element_type=\"widget\" data-widget_type=\"image.default\">\n\t\t\t\t<div class=\"elementor-widget-container\">\n\t\t\t\t\t\t\t\t\t\t\t\t\t\t\t<img decoding=\"async\" width=\"800\" height=\"450\" data-src=\"https:\/\/festivaldecinemadearapiraca.com\/wp-content\/uploads\/2024\/08\/fumaca-1024x576.jpg\" class=\"attachment-large size-large wp-image-3313 lazyload\" alt=\"\" data-srcset=\"https:\/\/festivaldecinemadearapiraca.com\/wp-content\/uploads\/2024\/08\/fumaca-1024x576.jpg 1024w, https:\/\/festivaldecinemadearapiraca.com\/wp-content\/uploads\/2024\/08\/fumaca-300x169.jpg 300w, https:\/\/festivaldecinemadearapiraca.com\/wp-content\/uploads\/2024\/08\/fumaca-768x432.jpg 768w, https:\/\/festivaldecinemadearapiraca.com\/wp-content\/uploads\/2024\/08\/fumaca-1536x864.jpg 1536w, https:\/\/festivaldecinemadearapiraca.com\/wp-content\/uploads\/2024\/08\/fumaca.jpg 1920w\" data-sizes=\"(max-width: 800px) 100vw, 800px\" src=\"data:image\/gif;base64,R0lGODlhAQABAAAAACH5BAEKAAEALAAAAAABAAEAAAICTAEAOw==\" style=\"--smush-placeholder-width: 800px; --smush-placeholder-aspect-ratio: 800\/450;\" \/>\t\t\t\t\t\t\t\t\t\t\t\t\t\t\t<\/div>\n\t\t\t\t<\/div>\n\t\t\t\t\t<\/div>\n\t\t<\/div>\n\t\t\t\t\t<\/div>\n\t\t<\/section>\n\t\t\t\t<section class=\"elementor-section elementor-inner-section elementor-element elementor-element-1647b5c elementor-section-boxed elementor-section-height-default elementor-section-height-default\" data-id=\"1647b5c\" data-element_type=\"section\" data-settings=\"{&quot;background_background&quot;:&quot;classic&quot;}\">\n\t\t\t\t\t\t<div class=\"elementor-container elementor-column-gap-default\">\n\t\t\t\t\t<div class=\"elementor-column elementor-col-50 elementor-inner-column elementor-element elementor-element-312f91e\" data-id=\"312f91e\" data-element_type=\"column\">\n\t\t\t<div class=\"elementor-widget-wrap elementor-element-populated\">\n\t\t\t\t\t\t<div class=\"elementor-element elementor-element-3a755d6 elementor-widget elementor-widget-heading\" data-id=\"3a755d6\" data-element_type=\"widget\" data-widget_type=\"heading.default\">\n\t\t\t\t<div class=\"elementor-widget-container\">\n\t\t\t\t\t<h2 class=\"elementor-heading-title elementor-size-default\">Ana Parideira\n\n\n\n\n\n<\/h2>\t\t\t\t<\/div>\n\t\t\t\t<\/div>\n\t\t\t\t<div class=\"elementor-element elementor-element-0c4d60e elementor-widget elementor-widget-heading\" data-id=\"0c4d60e\" data-element_type=\"widget\" data-widget_type=\"heading.default\">\n\t\t\t\t<div class=\"elementor-widget-container\">\n\t\t\t\t\t<h6 class=\"elementor-heading-title elementor-size-default\">Dire\u00e7\u00e3o: Juliana Barretto\n\n\n\n\n\n\n<\/h6>\t\t\t\t<\/div>\n\t\t\t\t<\/div>\n\t\t\t\t<div class=\"elementor-element elementor-element-12923e3 elementor-widget elementor-widget-heading\" data-id=\"12923e3\" data-element_type=\"widget\" data-widget_type=\"heading.default\">\n\t\t\t\t<div class=\"elementor-widget-container\">\n\t\t\t\t\t<h6 class=\"elementor-heading-title elementor-size-default\">Anima\u00e7\u00e3o, 13 minutos, 2024, AL\n\n\n\n\n<\/h6>\t\t\t\t<\/div>\n\t\t\t\t<\/div>\n\t\t\t\t<div class=\"elementor-element elementor-element-7916c21 elementor-widget elementor-widget-text-editor\" data-id=\"7916c21\" data-element_type=\"widget\" data-widget_type=\"text-editor.default\">\n\t\t\t\t<div class=\"elementor-widget-container\">\n\t\t\t\t\t\t\t\t\t<p>\u201cAna Parideira\u201d narra a hist\u00f3ria de uma mulher adulta, que experimenta sua vida reprodutiva de forma inesperada: em vez de beb\u00eas, ela pare flores.<\/p>\t\t\t\t\t\t\t\t<\/div>\n\t\t\t\t<\/div>\n\t\t\t\t\t<\/div>\n\t\t<\/div>\n\t\t\t\t<div class=\"elementor-column elementor-col-50 elementor-inner-column elementor-element elementor-element-41c1604\" data-id=\"41c1604\" data-element_type=\"column\">\n\t\t\t<div class=\"elementor-widget-wrap elementor-element-populated\">\n\t\t\t\t\t\t<div class=\"elementor-element elementor-element-d77625c elementor-widget elementor-widget-image\" data-id=\"d77625c\" data-element_type=\"widget\" data-widget_type=\"image.default\">\n\t\t\t\t<div class=\"elementor-widget-container\">\n\t\t\t\t\t\t\t\t\t\t\t\t\t\t\t<img decoding=\"async\" width=\"800\" height=\"450\" data-src=\"https:\/\/festivaldecinemadearapiraca.com\/wp-content\/uploads\/2024\/08\/anaparideira-1024x576.jpg\" class=\"attachment-large size-large wp-image-3312 lazyload\" alt=\"\" data-srcset=\"https:\/\/festivaldecinemadearapiraca.com\/wp-content\/uploads\/2024\/08\/anaparideira-1024x576.jpg 1024w, https:\/\/festivaldecinemadearapiraca.com\/wp-content\/uploads\/2024\/08\/anaparideira-300x169.jpg 300w, https:\/\/festivaldecinemadearapiraca.com\/wp-content\/uploads\/2024\/08\/anaparideira-768x432.jpg 768w, https:\/\/festivaldecinemadearapiraca.com\/wp-content\/uploads\/2024\/08\/anaparideira-1536x864.jpg 1536w, https:\/\/festivaldecinemadearapiraca.com\/wp-content\/uploads\/2024\/08\/anaparideira.jpg 1920w\" data-sizes=\"(max-width: 800px) 100vw, 800px\" src=\"data:image\/gif;base64,R0lGODlhAQABAAAAACH5BAEKAAEALAAAAAABAAEAAAICTAEAOw==\" style=\"--smush-placeholder-width: 800px; --smush-placeholder-aspect-ratio: 800\/450;\" \/>\t\t\t\t\t\t\t\t\t\t\t\t\t\t\t<\/div>\n\t\t\t\t<\/div>\n\t\t\t\t\t<\/div>\n\t\t<\/div>\n\t\t\t\t\t<\/div>\n\t\t<\/section>\n\t\t\t\t<section class=\"elementor-section elementor-inner-section elementor-element elementor-element-d819e2c elementor-section-boxed elementor-section-height-default elementor-section-height-default\" data-id=\"d819e2c\" data-element_type=\"section\" data-settings=\"{&quot;background_background&quot;:&quot;classic&quot;}\">\n\t\t\t\t\t\t<div class=\"elementor-container elementor-column-gap-default\">\n\t\t\t\t\t<div class=\"elementor-column elementor-col-50 elementor-inner-column elementor-element elementor-element-b3d752d\" data-id=\"b3d752d\" data-element_type=\"column\">\n\t\t\t<div class=\"elementor-widget-wrap elementor-element-populated\">\n\t\t\t\t\t\t<div class=\"elementor-element elementor-element-7f8dec1 elementor-widget elementor-widget-heading\" data-id=\"7f8dec1\" data-element_type=\"widget\" data-widget_type=\"heading.default\">\n\t\t\t\t<div class=\"elementor-widget-container\">\n\t\t\t\t\t<h2 class=\"elementor-heading-title elementor-size-default\">P\u00e1ssaro Mem\u00f3ria \n\n\n\n\n\n\n<\/h2>\t\t\t\t<\/div>\n\t\t\t\t<\/div>\n\t\t\t\t<div class=\"elementor-element elementor-element-605ddcd elementor-widget elementor-widget-heading\" data-id=\"605ddcd\" data-element_type=\"widget\" data-widget_type=\"heading.default\">\n\t\t\t\t<div class=\"elementor-widget-container\">\n\t\t\t\t\t<h6 class=\"elementor-heading-title elementor-size-default\">Dire\u00e7\u00e3o: Leonardo Martinelli \n\n\n\n\n\n\n\n<\/h6>\t\t\t\t<\/div>\n\t\t\t\t<\/div>\n\t\t\t\t<div class=\"elementor-element elementor-element-0d47f17 elementor-widget elementor-widget-heading\" data-id=\"0d47f17\" data-element_type=\"widget\" data-widget_type=\"heading.default\">\n\t\t\t\t<div class=\"elementor-widget-container\">\n\t\t\t\t\t<h6 class=\"elementor-heading-title elementor-size-default\">Fic\u00e7\u00e3o, 15 minutos, 2023, RJ\n\n\n\n\n\n<\/h6>\t\t\t\t<\/div>\n\t\t\t\t<\/div>\n\t\t\t\t<div class=\"elementor-element elementor-element-23238ce elementor-widget elementor-widget-text-editor\" data-id=\"23238ce\" data-element_type=\"widget\" data-widget_type=\"text-editor.default\">\n\t\t\t\t<div class=\"elementor-widget-container\">\n\t\t\t\t\t\t\t\t\t<p>Um p\u00e1ssaro chamado Mem\u00f3ria esqueceu como voltar para casa. Lua, uma mulher trans, tenta encontr\u00e1-la nas ruas do Rio de Janeiro, mas a cidade pode ser um lugar hostil.<\/p>\t\t\t\t\t\t\t\t<\/div>\n\t\t\t\t<\/div>\n\t\t\t\t\t<\/div>\n\t\t<\/div>\n\t\t\t\t<div class=\"elementor-column elementor-col-50 elementor-inner-column elementor-element elementor-element-d2e81db\" data-id=\"d2e81db\" data-element_type=\"column\">\n\t\t\t<div class=\"elementor-widget-wrap elementor-element-populated\">\n\t\t\t\t\t\t<div class=\"elementor-element elementor-element-1cc3993 elementor-widget elementor-widget-image\" data-id=\"1cc3993\" data-element_type=\"widget\" data-widget_type=\"image.default\">\n\t\t\t\t<div class=\"elementor-widget-container\">\n\t\t\t\t\t\t\t\t\t\t\t\t\t\t\t<img decoding=\"async\" width=\"800\" height=\"600\" data-src=\"https:\/\/festivaldecinemadearapiraca.com\/wp-content\/uploads\/2024\/08\/passaro-1024x768.jpg\" class=\"attachment-large size-large wp-image-3315 lazyload\" alt=\"\" data-srcset=\"https:\/\/festivaldecinemadearapiraca.com\/wp-content\/uploads\/2024\/08\/passaro-1024x768.jpg 1024w, https:\/\/festivaldecinemadearapiraca.com\/wp-content\/uploads\/2024\/08\/passaro-300x225.jpg 300w, https:\/\/festivaldecinemadearapiraca.com\/wp-content\/uploads\/2024\/08\/passaro-768x576.jpg 768w, https:\/\/festivaldecinemadearapiraca.com\/wp-content\/uploads\/2024\/08\/passaro.jpg 1440w\" data-sizes=\"(max-width: 800px) 100vw, 800px\" src=\"data:image\/gif;base64,R0lGODlhAQABAAAAACH5BAEKAAEALAAAAAABAAEAAAICTAEAOw==\" style=\"--smush-placeholder-width: 800px; --smush-placeholder-aspect-ratio: 800\/600;\" \/>\t\t\t\t\t\t\t\t\t\t\t\t\t\t\t<\/div>\n\t\t\t\t<\/div>\n\t\t\t\t\t<\/div>\n\t\t<\/div>\n\t\t\t\t\t<\/div>\n\t\t<\/section>\n\t\t\t\t\t<\/div>\n\t\t<\/div>\n\t\t\t\t\t<\/div>\n\t\t<\/section>\n\t\t\t\t<section class=\"elementor-section elementor-top-section elementor-element elementor-element-7fc2e54 elementor-section-boxed elementor-section-height-default elementor-section-height-default\" data-id=\"7fc2e54\" data-element_type=\"section\">\n\t\t\t\t\t\t<div class=\"elementor-container elementor-column-gap-default\">\n\t\t\t\t\t<div class=\"elementor-column elementor-col-100 elementor-top-column elementor-element elementor-element-83e5b14\" data-id=\"83e5b14\" data-element_type=\"column\">\n\t\t\t<div class=\"elementor-widget-wrap elementor-element-populated\">\n\t\t\t\t\t\t<div class=\"elementor-element elementor-element-5c0ab00 elementor-widget elementor-widget-heading\" data-id=\"5c0ab00\" data-element_type=\"widget\" data-widget_type=\"heading.default\">\n\t\t\t\t<div class=\"elementor-widget-container\">\n\t\t\t\t\t<h2 class=\"elementor-heading-title elementor-size-default\">23 DE AGOSTO - SEXTA-FEIRA<\/h2>\t\t\t\t<\/div>\n\t\t\t\t<\/div>\n\t\t\t\t<div class=\"elementor-element elementor-element-ad7c141 elementor-widget elementor-widget-heading\" data-id=\"ad7c141\" data-element_type=\"widget\" data-widget_type=\"heading.default\">\n\t\t\t\t<div class=\"elementor-widget-container\">\n\t\t\t\t\t<h6 class=\"elementor-heading-title elementor-size-default\">CLASSIFICA\u00c7\u00c3O INDICATIVA: 14 ANOS<\/h6>\t\t\t\t<\/div>\n\t\t\t\t<\/div>\n\t\t\t\t<section class=\"elementor-section elementor-inner-section elementor-element elementor-element-70f4763 elementor-section-boxed elementor-section-height-default elementor-section-height-default\" data-id=\"70f4763\" data-element_type=\"section\" data-settings=\"{&quot;background_background&quot;:&quot;classic&quot;}\">\n\t\t\t\t\t\t<div class=\"elementor-container elementor-column-gap-default\">\n\t\t\t\t\t<div class=\"elementor-column elementor-col-50 elementor-inner-column elementor-element elementor-element-1bad63f\" data-id=\"1bad63f\" data-element_type=\"column\">\n\t\t\t<div class=\"elementor-widget-wrap elementor-element-populated\">\n\t\t\t\t\t\t<div class=\"elementor-element elementor-element-c5474d2 elementor-widget elementor-widget-heading\" data-id=\"c5474d2\" data-element_type=\"widget\" data-widget_type=\"heading.default\">\n\t\t\t\t<div class=\"elementor-widget-container\">\n\t\t\t\t\t<h2 class=\"elementor-heading-title elementor-size-default\">Mist\u00e9rios do Nixipae\n\n\n<\/h2>\t\t\t\t<\/div>\n\t\t\t\t<\/div>\n\t\t\t\t<div class=\"elementor-element elementor-element-9f9fbb2 elementor-widget elementor-widget-heading\" data-id=\"9f9fbb2\" data-element_type=\"widget\" data-widget_type=\"heading.default\">\n\t\t\t\t<div class=\"elementor-widget-container\">\n\t\t\t\t\t<h6 class=\"elementor-heading-title elementor-size-default\">Dire\u00e7\u00e3o: Renato Libanoro, Mawa Pey Huni Ku\u00ee\n\n\n<\/h6>\t\t\t\t<\/div>\n\t\t\t\t<\/div>\n\t\t\t\t<div class=\"elementor-element elementor-element-4b24ba7 elementor-widget elementor-widget-heading\" data-id=\"4b24ba7\" data-element_type=\"widget\" data-widget_type=\"heading.default\">\n\t\t\t\t<div class=\"elementor-widget-container\">\n\t\t\t\t\t<h6 class=\"elementor-heading-title elementor-size-default\">Document\u00e1rio, 25 minutos, 2024, AC \n\n\n\n<\/h6>\t\t\t\t<\/div>\n\t\t\t\t<\/div>\n\t\t\t\t<div class=\"elementor-element elementor-element-4294883 elementor-widget elementor-widget-text-editor\" data-id=\"4294883\" data-element_type=\"widget\" data-widget_type=\"text-editor.default\">\n\t\t\t\t<div class=\"elementor-widget-container\">\n\t\t\t\t\t\t\t\t\tO filme &#8220;Mist\u00e9rios do Nixipae&#8221; retrata o surgimento da bebida do Nixipae (ayahuasca) na cosmovis\u00e3o do povo Huni Ku\u00ee. Em uma linguagem h\u00edbrida entre fic\u00e7\u00e3o e document\u00e1rio, o l\u00edder ind\u00edgena Isaka Ruy nos guia em uma hist\u00f3ria que permeia o mundo dos encantados. Esse curta \u00e9 resultado de um projeto socio-cultural de forma\u00e7\u00e3o audiovisual na TI Katukina-kaxinawa, na floresta amaz\u00f4nica brasileira. \t\t\t\t\t\t\t\t<\/div>\n\t\t\t\t<\/div>\n\t\t\t\t\t<\/div>\n\t\t<\/div>\n\t\t\t\t<div class=\"elementor-column elementor-col-50 elementor-inner-column elementor-element elementor-element-34b9c67\" data-id=\"34b9c67\" data-element_type=\"column\">\n\t\t\t<div class=\"elementor-widget-wrap elementor-element-populated\">\n\t\t\t\t\t\t<div class=\"elementor-element elementor-element-107b8d1 elementor-widget elementor-widget-image\" data-id=\"107b8d1\" data-element_type=\"widget\" data-widget_type=\"image.default\">\n\t\t\t\t<div class=\"elementor-widget-container\">\n\t\t\t\t\t\t\t\t\t\t\t\t\t\t\t<img decoding=\"async\" width=\"800\" height=\"534\" data-src=\"https:\/\/festivaldecinemadearapiraca.com\/wp-content\/uploads\/2024\/08\/nixipae-1024x683.jpg\" class=\"attachment-large size-large wp-image-3330 lazyload\" alt=\"\" data-srcset=\"https:\/\/festivaldecinemadearapiraca.com\/wp-content\/uploads\/2024\/08\/nixipae-1024x683.jpg 1024w, https:\/\/festivaldecinemadearapiraca.com\/wp-content\/uploads\/2024\/08\/nixipae-300x200.jpg 300w, https:\/\/festivaldecinemadearapiraca.com\/wp-content\/uploads\/2024\/08\/nixipae-768x512.jpg 768w, https:\/\/festivaldecinemadearapiraca.com\/wp-content\/uploads\/2024\/08\/nixipae-1536x1024.jpg 1536w, https:\/\/festivaldecinemadearapiraca.com\/wp-content\/uploads\/2024\/08\/nixipae.jpg 1620w\" data-sizes=\"(max-width: 800px) 100vw, 800px\" src=\"data:image\/gif;base64,R0lGODlhAQABAAAAACH5BAEKAAEALAAAAAABAAEAAAICTAEAOw==\" style=\"--smush-placeholder-width: 800px; --smush-placeholder-aspect-ratio: 800\/534;\" \/>\t\t\t\t\t\t\t\t\t\t\t\t\t\t\t<\/div>\n\t\t\t\t<\/div>\n\t\t\t\t\t<\/div>\n\t\t<\/div>\n\t\t\t\t\t<\/div>\n\t\t<\/section>\n\t\t\t\t<section class=\"elementor-section elementor-inner-section elementor-element elementor-element-9870cf5 elementor-section-boxed elementor-section-height-default elementor-section-height-default\" data-id=\"9870cf5\" data-element_type=\"section\" data-settings=\"{&quot;background_background&quot;:&quot;classic&quot;}\">\n\t\t\t\t\t\t<div class=\"elementor-container elementor-column-gap-default\">\n\t\t\t\t\t<div class=\"elementor-column elementor-col-50 elementor-inner-column elementor-element elementor-element-b1e6cbb\" data-id=\"b1e6cbb\" data-element_type=\"column\">\n\t\t\t<div class=\"elementor-widget-wrap elementor-element-populated\">\n\t\t\t\t\t\t<div class=\"elementor-element elementor-element-e637195 elementor-widget elementor-widget-heading\" data-id=\"e637195\" data-element_type=\"widget\" data-widget_type=\"heading.default\">\n\t\t\t\t<div class=\"elementor-widget-container\">\n\t\t\t\t\t<h2 class=\"elementor-heading-title elementor-size-default\">Feiti\u00e7o\n\n\n<\/h2>\t\t\t\t<\/div>\n\t\t\t\t<\/div>\n\t\t\t\t<div class=\"elementor-element elementor-element-8c55bc8 elementor-widget elementor-widget-heading\" data-id=\"8c55bc8\" data-element_type=\"widget\" data-widget_type=\"heading.default\">\n\t\t\t\t<div class=\"elementor-widget-container\">\n\t\t\t\t\t<h6 class=\"elementor-heading-title elementor-size-default\">Dire\u00e7\u00e3o: Khalil Charif \n\n\n\n\n<\/h6>\t\t\t\t<\/div>\n\t\t\t\t<\/div>\n\t\t\t\t<div class=\"elementor-element elementor-element-1211d8e elementor-widget elementor-widget-heading\" data-id=\"1211d8e\" data-element_type=\"widget\" data-widget_type=\"heading.default\">\n\t\t\t\t<div class=\"elementor-widget-container\">\n\t\t\t\t\t<h6 class=\"elementor-heading-title elementor-size-default\">Document\u00e1rio, 06 minutos, 2023, RJ \n\n\n\n\n<\/h6>\t\t\t\t<\/div>\n\t\t\t\t<\/div>\n\t\t\t\t<div class=\"elementor-element elementor-element-3fee6aa elementor-widget elementor-widget-text-editor\" data-id=\"3fee6aa\" data-element_type=\"widget\" data-widget_type=\"text-editor.default\">\n\t\t\t\t<div class=\"elementor-widget-container\">\n\t\t\t\t\t\t\t\t\tUm feiti\u00e7o \u00e9 lan\u00e7ado nas pistas de dan\u00e7a, e transforma a atmosfera. Uma combina\u00e7\u00e3o experimental de elementos, onde est\u00edmulos sensoriais e vest\u00edgios de um passado documental s\u00e3o capturados e lan\u00e7ados a um presente imagin\u00e1rio uma fabula\u00e7\u00e3o indo ao encontro do reencantamento com a vida, com o estar junto, entrela\u00e7ando conv\u00edvio e liberta\u00e7\u00e3o.\t\t\t\t\t\t\t\t<\/div>\n\t\t\t\t<\/div>\n\t\t\t\t\t<\/div>\n\t\t<\/div>\n\t\t\t\t<div class=\"elementor-column elementor-col-50 elementor-inner-column elementor-element elementor-element-b98c6d2\" data-id=\"b98c6d2\" data-element_type=\"column\">\n\t\t\t<div class=\"elementor-widget-wrap elementor-element-populated\">\n\t\t\t\t\t\t<div class=\"elementor-element elementor-element-a532e98 elementor-widget elementor-widget-image\" data-id=\"a532e98\" data-element_type=\"widget\" data-widget_type=\"image.default\">\n\t\t\t\t<div class=\"elementor-widget-container\">\n\t\t\t\t\t\t\t\t\t\t\t\t\t\t\t<img decoding=\"async\" width=\"800\" height=\"450\" data-src=\"https:\/\/festivaldecinemadearapiraca.com\/wp-content\/uploads\/2024\/08\/feitico-1024x576.jpg\" class=\"attachment-large size-large wp-image-3329 lazyload\" alt=\"\" data-srcset=\"https:\/\/festivaldecinemadearapiraca.com\/wp-content\/uploads\/2024\/08\/feitico-1024x576.jpg 1024w, https:\/\/festivaldecinemadearapiraca.com\/wp-content\/uploads\/2024\/08\/feitico-300x169.jpg 300w, https:\/\/festivaldecinemadearapiraca.com\/wp-content\/uploads\/2024\/08\/feitico-768x432.jpg 768w, https:\/\/festivaldecinemadearapiraca.com\/wp-content\/uploads\/2024\/08\/feitico-1536x864.jpg 1536w, https:\/\/festivaldecinemadearapiraca.com\/wp-content\/uploads\/2024\/08\/feitico.jpg 1920w\" data-sizes=\"(max-width: 800px) 100vw, 800px\" src=\"data:image\/gif;base64,R0lGODlhAQABAAAAACH5BAEKAAEALAAAAAABAAEAAAICTAEAOw==\" style=\"--smush-placeholder-width: 800px; --smush-placeholder-aspect-ratio: 800\/450;\" \/>\t\t\t\t\t\t\t\t\t\t\t\t\t\t\t<\/div>\n\t\t\t\t<\/div>\n\t\t\t\t\t<\/div>\n\t\t<\/div>\n\t\t\t\t\t<\/div>\n\t\t<\/section>\n\t\t\t\t<section class=\"elementor-section elementor-inner-section elementor-element elementor-element-dbb4929 elementor-section-boxed elementor-section-height-default elementor-section-height-default\" data-id=\"dbb4929\" data-element_type=\"section\" data-settings=\"{&quot;background_background&quot;:&quot;classic&quot;}\">\n\t\t\t\t\t\t<div class=\"elementor-container elementor-column-gap-default\">\n\t\t\t\t\t<div class=\"elementor-column elementor-col-50 elementor-inner-column elementor-element elementor-element-81f800c\" data-id=\"81f800c\" data-element_type=\"column\">\n\t\t\t<div class=\"elementor-widget-wrap elementor-element-populated\">\n\t\t\t\t\t\t<div class=\"elementor-element elementor-element-613ade3 elementor-widget elementor-widget-heading\" data-id=\"613ade3\" data-element_type=\"widget\" data-widget_type=\"heading.default\">\n\t\t\t\t<div class=\"elementor-widget-container\">\n\t\t\t\t\t<h2 class=\"elementor-heading-title elementor-size-default\">O prazer \u00e9 todo meu \n\n\n\n<\/h2>\t\t\t\t<\/div>\n\t\t\t\t<\/div>\n\t\t\t\t<div class=\"elementor-element elementor-element-bff3a55 elementor-widget elementor-widget-heading\" data-id=\"bff3a55\" data-element_type=\"widget\" data-widget_type=\"heading.default\">\n\t\t\t\t<div class=\"elementor-widget-container\">\n\t\t\t\t\t<h6 class=\"elementor-heading-title elementor-size-default\">Dire\u00e7\u00e3o: Vanessa Sandre \n\n\n\n\n\n<\/h6>\t\t\t\t<\/div>\n\t\t\t\t<\/div>\n\t\t\t\t<div class=\"elementor-element elementor-element-429a311 elementor-widget elementor-widget-heading\" data-id=\"429a311\" data-element_type=\"widget\" data-widget_type=\"heading.default\">\n\t\t\t\t<div class=\"elementor-widget-container\">\n\t\t\t\t\t<h6 class=\"elementor-heading-title elementor-size-default\">Fic\u00e7\u00e3o, 18 minutos, 2023, SC\n\n\n\n\n\n<\/h6>\t\t\t\t<\/div>\n\t\t\t\t<\/div>\n\t\t\t\t<div class=\"elementor-element elementor-element-d7bbff8 elementor-widget elementor-widget-text-editor\" data-id=\"d7bbff8\" data-element_type=\"widget\" data-widget_type=\"text-editor.default\">\n\t\t\t\t<div class=\"elementor-widget-container\">\n\t\t\t\t\t\t\t\t\tQuando Am\u00e9lia se d\u00e1 conta que nunca teve um orgasmo em seus 76 anos de vida, tudo muda. Agora ela est\u00e1 decidida a ter um, custe o que custar.\t\t\t\t\t\t\t\t<\/div>\n\t\t\t\t<\/div>\n\t\t\t\t\t<\/div>\n\t\t<\/div>\n\t\t\t\t<div class=\"elementor-column elementor-col-50 elementor-inner-column elementor-element elementor-element-224c8c1\" data-id=\"224c8c1\" data-element_type=\"column\">\n\t\t\t<div class=\"elementor-widget-wrap elementor-element-populated\">\n\t\t\t\t\t\t<div class=\"elementor-element elementor-element-0508731 elementor-widget elementor-widget-image\" data-id=\"0508731\" data-element_type=\"widget\" data-widget_type=\"image.default\">\n\t\t\t\t<div class=\"elementor-widget-container\">\n\t\t\t\t\t\t\t\t\t\t\t\t\t\t\t<img decoding=\"async\" width=\"800\" height=\"534\" data-src=\"https:\/\/festivaldecinemadearapiraca.com\/wp-content\/uploads\/2024\/08\/prazer-1024x683.jpg\" class=\"attachment-large size-large wp-image-3202 lazyload\" alt=\"\" data-srcset=\"https:\/\/festivaldecinemadearapiraca.com\/wp-content\/uploads\/2024\/08\/prazer-1024x683.jpg 1024w, https:\/\/festivaldecinemadearapiraca.com\/wp-content\/uploads\/2024\/08\/prazer-300x200.jpg 300w, https:\/\/festivaldecinemadearapiraca.com\/wp-content\/uploads\/2024\/08\/prazer-768x512.jpg 768w, https:\/\/festivaldecinemadearapiraca.com\/wp-content\/uploads\/2024\/08\/prazer-1536x1024.jpg 1536w, https:\/\/festivaldecinemadearapiraca.com\/wp-content\/uploads\/2024\/08\/prazer.jpg 1620w\" data-sizes=\"(max-width: 800px) 100vw, 800px\" src=\"data:image\/gif;base64,R0lGODlhAQABAAAAACH5BAEKAAEALAAAAAABAAEAAAICTAEAOw==\" style=\"--smush-placeholder-width: 800px; --smush-placeholder-aspect-ratio: 800\/534;\" \/>\t\t\t\t\t\t\t\t\t\t\t\t\t\t\t<\/div>\n\t\t\t\t<\/div>\n\t\t\t\t\t<\/div>\n\t\t<\/div>\n\t\t\t\t\t<\/div>\n\t\t<\/section>\n\t\t\t\t<section class=\"elementor-section elementor-inner-section elementor-element elementor-element-e176eab elementor-section-boxed elementor-section-height-default elementor-section-height-default\" data-id=\"e176eab\" data-element_type=\"section\" data-settings=\"{&quot;background_background&quot;:&quot;classic&quot;}\">\n\t\t\t\t\t\t<div class=\"elementor-container elementor-column-gap-default\">\n\t\t\t\t\t<div class=\"elementor-column elementor-col-50 elementor-inner-column elementor-element elementor-element-d1f262d\" data-id=\"d1f262d\" data-element_type=\"column\">\n\t\t\t<div class=\"elementor-widget-wrap elementor-element-populated\">\n\t\t\t\t\t\t<div class=\"elementor-element elementor-element-4ef7e98 elementor-widget elementor-widget-heading\" data-id=\"4ef7e98\" data-element_type=\"widget\" data-widget_type=\"heading.default\">\n\t\t\t\t<div class=\"elementor-widget-container\">\n\t\t\t\t\t<h2 class=\"elementor-heading-title elementor-size-default\">Samuel foi trabalhar\n\n\n\n<\/h2>\t\t\t\t<\/div>\n\t\t\t\t<\/div>\n\t\t\t\t<div class=\"elementor-element elementor-element-f031e9c elementor-widget elementor-widget-heading\" data-id=\"f031e9c\" data-element_type=\"widget\" data-widget_type=\"heading.default\">\n\t\t\t\t<div class=\"elementor-widget-container\">\n\t\t\t\t\t<h6 class=\"elementor-heading-title elementor-size-default\">Dire\u00e7\u00e3o: Janderson Felipe, Lucas Litrento\n\n\n\n\n\n<\/h6>\t\t\t\t<\/div>\n\t\t\t\t<\/div>\n\t\t\t\t<div class=\"elementor-element elementor-element-df7869f elementor-widget elementor-widget-heading\" data-id=\"df7869f\" data-element_type=\"widget\" data-widget_type=\"heading.default\">\n\t\t\t\t<div class=\"elementor-widget-container\">\n\t\t\t\t\t<h6 class=\"elementor-heading-title elementor-size-default\">Fic\u00e7\u00e3o, 16 minutos, 2024, AL\n\n\n\n\n\n<\/h6>\t\t\t\t<\/div>\n\t\t\t\t<\/div>\n\t\t\t\t<div class=\"elementor-element elementor-element-d18524a elementor-widget elementor-widget-text-editor\" data-id=\"d18524a\" data-element_type=\"widget\" data-widget_type=\"text-editor.default\">\n\t\t\t\t<div class=\"elementor-widget-container\">\n\t\t\t\t\t\t\t\t\t<p>Na v\u00e9spera de deixar a informalidade e ser contratado, Samuel \u00e9 assombrado pelo seu instrumento de trabalho: a fantasia de engenheiro.<\/p>\t\t\t\t\t\t\t\t<\/div>\n\t\t\t\t<\/div>\n\t\t\t\t\t<\/div>\n\t\t<\/div>\n\t\t\t\t<div class=\"elementor-column elementor-col-50 elementor-inner-column elementor-element elementor-element-f56808e\" data-id=\"f56808e\" data-element_type=\"column\">\n\t\t\t<div class=\"elementor-widget-wrap elementor-element-populated\">\n\t\t\t\t\t\t<div class=\"elementor-element elementor-element-fae0d76 elementor-widget elementor-widget-image\" data-id=\"fae0d76\" data-element_type=\"widget\" data-widget_type=\"image.default\">\n\t\t\t\t<div class=\"elementor-widget-container\">\n\t\t\t\t\t\t\t\t\t\t\t\t\t\t\t<img decoding=\"async\" width=\"800\" height=\"450\" data-src=\"https:\/\/festivaldecinemadearapiraca.com\/wp-content\/uploads\/2024\/08\/samuel-1024x576.jpg\" class=\"attachment-large size-large wp-image-3328 lazyload\" alt=\"\" data-srcset=\"https:\/\/festivaldecinemadearapiraca.com\/wp-content\/uploads\/2024\/08\/samuel-1024x576.jpg 1024w, https:\/\/festivaldecinemadearapiraca.com\/wp-content\/uploads\/2024\/08\/samuel-300x169.jpg 300w, https:\/\/festivaldecinemadearapiraca.com\/wp-content\/uploads\/2024\/08\/samuel-768x432.jpg 768w, https:\/\/festivaldecinemadearapiraca.com\/wp-content\/uploads\/2024\/08\/samuel-1536x864.jpg 1536w, https:\/\/festivaldecinemadearapiraca.com\/wp-content\/uploads\/2024\/08\/samuel.jpg 1920w\" data-sizes=\"(max-width: 800px) 100vw, 800px\" src=\"data:image\/gif;base64,R0lGODlhAQABAAAAACH5BAEKAAEALAAAAAABAAEAAAICTAEAOw==\" style=\"--smush-placeholder-width: 800px; --smush-placeholder-aspect-ratio: 800\/450;\" \/>\t\t\t\t\t\t\t\t\t\t\t\t\t\t\t<\/div>\n\t\t\t\t<\/div>\n\t\t\t\t\t<\/div>\n\t\t<\/div>\n\t\t\t\t\t<\/div>\n\t\t<\/section>\n\t\t\t\t\t<\/div>\n\t\t<\/div>\n\t\t\t\t\t<\/div>\n\t\t<\/section>\n\t\t\t\t<section class=\"elementor-section elementor-top-section elementor-element elementor-element-bf5f32a elementor-section-boxed elementor-section-height-default elementor-section-height-default\" data-id=\"bf5f32a\" data-element_type=\"section\">\n\t\t\t\t\t\t<div class=\"elementor-container elementor-column-gap-default\">\n\t\t\t\t\t<div class=\"elementor-column elementor-col-100 elementor-top-column elementor-element elementor-element-86f3c80\" data-id=\"86f3c80\" data-element_type=\"column\">\n\t\t\t<div class=\"elementor-widget-wrap elementor-element-populated\">\n\t\t\t\t\t\t<div class=\"elementor-element elementor-element-5f6aeaf elementor-widget elementor-widget-heading\" data-id=\"5f6aeaf\" data-element_type=\"widget\" data-widget_type=\"heading.default\">\n\t\t\t\t<div class=\"elementor-widget-container\">\n\t\t\t\t\t<h2 class=\"elementor-heading-title elementor-size-default\">24 DE AGOSTO - S\u00c1BADO<\/h2>\t\t\t\t<\/div>\n\t\t\t\t<\/div>\n\t\t\t\t<div class=\"elementor-element elementor-element-cdc610e elementor-widget elementor-widget-heading\" data-id=\"cdc610e\" data-element_type=\"widget\" data-widget_type=\"heading.default\">\n\t\t\t\t<div class=\"elementor-widget-container\">\n\t\t\t\t\t<h6 class=\"elementor-heading-title elementor-size-default\">CLASSIFICA\u00c7\u00c3O INDICATIVA: 12 ANOS<\/h6>\t\t\t\t<\/div>\n\t\t\t\t<\/div>\n\t\t\t\t<section class=\"elementor-section elementor-inner-section elementor-element elementor-element-f2aa0a3 elementor-section-boxed elementor-section-height-default elementor-section-height-default\" data-id=\"f2aa0a3\" data-element_type=\"section\" data-settings=\"{&quot;background_background&quot;:&quot;classic&quot;}\">\n\t\t\t\t\t\t<div class=\"elementor-container elementor-column-gap-default\">\n\t\t\t\t\t<div class=\"elementor-column elementor-col-50 elementor-inner-column elementor-element elementor-element-abadb48\" data-id=\"abadb48\" data-element_type=\"column\">\n\t\t\t<div class=\"elementor-widget-wrap elementor-element-populated\">\n\t\t\t\t\t\t<div class=\"elementor-element elementor-element-5a36e59 elementor-widget elementor-widget-heading\" data-id=\"5a36e59\" data-element_type=\"widget\" data-widget_type=\"heading.default\">\n\t\t\t\t<div class=\"elementor-widget-container\">\n\t\t\t\t\t<h2 class=\"elementor-heading-title elementor-size-default\">Descarrego<\/h2>\t\t\t\t<\/div>\n\t\t\t\t<\/div>\n\t\t\t\t<div class=\"elementor-element elementor-element-f465c63 elementor-widget elementor-widget-heading\" data-id=\"f465c63\" data-element_type=\"widget\" data-widget_type=\"heading.default\">\n\t\t\t\t<div class=\"elementor-widget-container\">\n\t\t\t\t\t<h6 class=\"elementor-heading-title elementor-size-default\">Dire\u00e7\u00e3o: Joana Claude \n\n\n\n<\/h6>\t\t\t\t<\/div>\n\t\t\t\t<\/div>\n\t\t\t\t<div class=\"elementor-element elementor-element-ec3318d elementor-widget elementor-widget-heading\" data-id=\"ec3318d\" data-element_type=\"widget\" data-widget_type=\"heading.default\">\n\t\t\t\t<div class=\"elementor-widget-container\">\n\t\t\t\t\t<h6 class=\"elementor-heading-title elementor-size-default\">Document\u00e1rio, 10 minutos, 2023, PE \n\n\n\n\n<\/h6>\t\t\t\t<\/div>\n\t\t\t\t<\/div>\n\t\t\t\t<div class=\"elementor-element elementor-element-94ee62e elementor-widget elementor-widget-text-editor\" data-id=\"94ee62e\" data-element_type=\"widget\" data-widget_type=\"text-editor.default\">\n\t\t\t\t<div class=\"elementor-widget-container\">\n\t\t\t\t\t\t\t\t\tNa busca pelo expurgo de uma mem\u00f3ria ruim, Joana decide retornar ao espa\u00e7o onde sofreu uma viol\u00eancia em 2013 para libertar-se do \u00faltimo gatilho que a prende ao fato passado &#8211; um guarda-roupas. Neste autorretrato, a diretora se apropria do car\u00e1ter ensa\u00edsta do document\u00e1rio como processo para lidar com os fantasmas interiores. Atrav\u00e9s de um ritual estabelecido a partir da rememora\u00e7\u00e3o dos fatos, ela confronta as pr\u00f3prias expectativas diante das cobran\u00e7as suportadas como mulher.\t\t\t\t\t\t\t\t<\/div>\n\t\t\t\t<\/div>\n\t\t\t\t\t<\/div>\n\t\t<\/div>\n\t\t\t\t<div class=\"elementor-column elementor-col-50 elementor-inner-column elementor-element elementor-element-0db33c2\" data-id=\"0db33c2\" data-element_type=\"column\">\n\t\t\t<div class=\"elementor-widget-wrap elementor-element-populated\">\n\t\t\t\t\t\t<div class=\"elementor-element elementor-element-e215c6d elementor-widget elementor-widget-image\" data-id=\"e215c6d\" data-element_type=\"widget\" data-widget_type=\"image.default\">\n\t\t\t\t<div class=\"elementor-widget-container\">\n\t\t\t\t\t\t\t\t\t\t\t\t\t\t\t<img decoding=\"async\" width=\"800\" height=\"450\" data-src=\"https:\/\/festivaldecinemadearapiraca.com\/wp-content\/uploads\/2024\/08\/Descarrego-1024x576.jpg\" class=\"attachment-large size-large wp-image-3347 lazyload\" alt=\"\" data-srcset=\"https:\/\/festivaldecinemadearapiraca.com\/wp-content\/uploads\/2024\/08\/Descarrego-1024x576.jpg 1024w, https:\/\/festivaldecinemadearapiraca.com\/wp-content\/uploads\/2024\/08\/Descarrego-300x169.jpg 300w, https:\/\/festivaldecinemadearapiraca.com\/wp-content\/uploads\/2024\/08\/Descarrego-768x432.jpg 768w, https:\/\/festivaldecinemadearapiraca.com\/wp-content\/uploads\/2024\/08\/Descarrego-1536x864.jpg 1536w, https:\/\/festivaldecinemadearapiraca.com\/wp-content\/uploads\/2024\/08\/Descarrego.jpg 1920w\" data-sizes=\"(max-width: 800px) 100vw, 800px\" src=\"data:image\/gif;base64,R0lGODlhAQABAAAAACH5BAEKAAEALAAAAAABAAEAAAICTAEAOw==\" style=\"--smush-placeholder-width: 800px; --smush-placeholder-aspect-ratio: 800\/450;\" \/>\t\t\t\t\t\t\t\t\t\t\t\t\t\t\t<\/div>\n\t\t\t\t<\/div>\n\t\t\t\t\t<\/div>\n\t\t<\/div>\n\t\t\t\t\t<\/div>\n\t\t<\/section>\n\t\t\t\t<section class=\"elementor-section elementor-inner-section elementor-element elementor-element-b7eba3c elementor-section-boxed elementor-section-height-default elementor-section-height-default\" data-id=\"b7eba3c\" data-element_type=\"section\" data-settings=\"{&quot;background_background&quot;:&quot;classic&quot;}\">\n\t\t\t\t\t\t<div class=\"elementor-container elementor-column-gap-default\">\n\t\t\t\t\t<div class=\"elementor-column elementor-col-50 elementor-inner-column elementor-element elementor-element-e5d320f\" data-id=\"e5d320f\" data-element_type=\"column\">\n\t\t\t<div class=\"elementor-widget-wrap elementor-element-populated\">\n\t\t\t\t\t\t<div class=\"elementor-element elementor-element-5391123 elementor-widget elementor-widget-heading\" data-id=\"5391123\" data-element_type=\"widget\" data-widget_type=\"heading.default\">\n\t\t\t\t<div class=\"elementor-widget-container\">\n\t\t\t\t\t<h2 class=\"elementor-heading-title elementor-size-default\">Movimentos Migrat\u00f3rios \n\n\n\n<\/h2>\t\t\t\t<\/div>\n\t\t\t\t<\/div>\n\t\t\t\t<div class=\"elementor-element elementor-element-eed32ae elementor-widget elementor-widget-heading\" data-id=\"eed32ae\" data-element_type=\"widget\" data-widget_type=\"heading.default\">\n\t\t\t\t<div class=\"elementor-widget-container\">\n\t\t\t\t\t<h6 class=\"elementor-heading-title elementor-size-default\">Dire\u00e7\u00e3o: Rog\u00e9rio Cathal\u00e1 \n\n\n\n\n<\/h6>\t\t\t\t<\/div>\n\t\t\t\t<\/div>\n\t\t\t\t<div class=\"elementor-element elementor-element-3ab7203 elementor-widget elementor-widget-heading\" data-id=\"3ab7203\" data-element_type=\"widget\" data-widget_type=\"heading.default\">\n\t\t\t\t<div class=\"elementor-widget-container\">\n\t\t\t\t\t<h6 class=\"elementor-heading-title elementor-size-default\">Fic\u00e7\u00e3o, 14 minutos, 2024, BA\n\n\n\n\n\n<\/h6>\t\t\t\t<\/div>\n\t\t\t\t<\/div>\n\t\t\t\t<div class=\"elementor-element elementor-element-c236f15 elementor-widget elementor-widget-text-editor\" data-id=\"c236f15\" data-element_type=\"widget\" data-widget_type=\"text-editor.default\">\n\t\t\t\t<div class=\"elementor-widget-container\">\n\t\t\t\t\t\t\t\t\t<p>Pedro \u00e9 um imigrante que se esfor\u00e7a para se adaptar ao novo pa\u00eds. Quando uma andorinha cai em sua casa, ele se divide entre a rotina de busca por emprego e a tentativa de salvar a ave, enfrentando obst\u00e1culos que refletem a sua pr\u00f3pria condi\u00e7\u00e3o.<\/p>\t\t\t\t\t\t\t\t<\/div>\n\t\t\t\t<\/div>\n\t\t\t\t\t<\/div>\n\t\t<\/div>\n\t\t\t\t<div class=\"elementor-column elementor-col-50 elementor-inner-column elementor-element elementor-element-75186ac\" data-id=\"75186ac\" data-element_type=\"column\">\n\t\t\t<div class=\"elementor-widget-wrap elementor-element-populated\">\n\t\t\t\t\t\t<div class=\"elementor-element elementor-element-2ece1e6 elementor-widget elementor-widget-image\" data-id=\"2ece1e6\" data-element_type=\"widget\" data-widget_type=\"image.default\">\n\t\t\t\t<div class=\"elementor-widget-container\">\n\t\t\t\t\t\t\t\t\t\t\t\t\t\t\t<img decoding=\"async\" width=\"800\" height=\"534\" data-src=\"https:\/\/festivaldecinemadearapiraca.com\/wp-content\/uploads\/2024\/08\/movimentos-1024x683.jpg\" class=\"attachment-large size-large wp-image-3346 lazyload\" alt=\"\" data-srcset=\"https:\/\/festivaldecinemadearapiraca.com\/wp-content\/uploads\/2024\/08\/movimentos-1024x683.jpg 1024w, https:\/\/festivaldecinemadearapiraca.com\/wp-content\/uploads\/2024\/08\/movimentos-300x200.jpg 300w, https:\/\/festivaldecinemadearapiraca.com\/wp-content\/uploads\/2024\/08\/movimentos-768x512.jpg 768w, https:\/\/festivaldecinemadearapiraca.com\/wp-content\/uploads\/2024\/08\/movimentos-1536x1024.jpg 1536w, https:\/\/festivaldecinemadearapiraca.com\/wp-content\/uploads\/2024\/08\/movimentos.jpg 1620w\" data-sizes=\"(max-width: 800px) 100vw, 800px\" src=\"data:image\/gif;base64,R0lGODlhAQABAAAAACH5BAEKAAEALAAAAAABAAEAAAICTAEAOw==\" style=\"--smush-placeholder-width: 800px; --smush-placeholder-aspect-ratio: 800\/534;\" \/>\t\t\t\t\t\t\t\t\t\t\t\t\t\t\t<\/div>\n\t\t\t\t<\/div>\n\t\t\t\t\t<\/div>\n\t\t<\/div>\n\t\t\t\t\t<\/div>\n\t\t<\/section>\n\t\t\t\t<section class=\"elementor-section elementor-inner-section elementor-element elementor-element-78d6096 elementor-section-boxed elementor-section-height-default elementor-section-height-default\" data-id=\"78d6096\" data-element_type=\"section\" data-settings=\"{&quot;background_background&quot;:&quot;classic&quot;}\">\n\t\t\t\t\t\t<div class=\"elementor-container elementor-column-gap-default\">\n\t\t\t\t\t<div class=\"elementor-column elementor-col-50 elementor-inner-column elementor-element elementor-element-8cec0d8\" data-id=\"8cec0d8\" data-element_type=\"column\">\n\t\t\t<div class=\"elementor-widget-wrap elementor-element-populated\">\n\t\t\t\t\t\t<div class=\"elementor-element elementor-element-4bd005d elementor-widget elementor-widget-heading\" data-id=\"4bd005d\" data-element_type=\"widget\" data-widget_type=\"heading.default\">\n\t\t\t\t<div class=\"elementor-widget-container\">\n\t\t\t\t\t<h2 class=\"elementor-heading-title elementor-size-default\">Castanho\n\n\n\n\n<\/h2>\t\t\t\t<\/div>\n\t\t\t\t<\/div>\n\t\t\t\t<div class=\"elementor-element elementor-element-7ac57ff elementor-widget elementor-widget-heading\" data-id=\"7ac57ff\" data-element_type=\"widget\" data-widget_type=\"heading.default\">\n\t\t\t\t<div class=\"elementor-widget-container\">\n\t\t\t\t\t<h6 class=\"elementor-heading-title elementor-size-default\">Dire\u00e7\u00e3o: Adanilo\n\n\n\n\n<\/h6>\t\t\t\t<\/div>\n\t\t\t\t<\/div>\n\t\t\t\t<div class=\"elementor-element elementor-element-41c4817 elementor-widget elementor-widget-heading\" data-id=\"41c4817\" data-element_type=\"widget\" data-widget_type=\"heading.default\">\n\t\t\t\t<div class=\"elementor-widget-container\">\n\t\t\t\t\t<h6 class=\"elementor-heading-title elementor-size-default\">Fic\u00e7\u00e3o, 20 minutos, 2023, AM\n\n\n\n\n\n\n<\/h6>\t\t\t\t<\/div>\n\t\t\t\t<\/div>\n\t\t\t\t<div class=\"elementor-element elementor-element-cbe2c7d elementor-widget elementor-widget-text-editor\" data-id=\"cbe2c7d\" data-element_type=\"widget\" data-widget_type=\"text-editor.default\">\n\t\t\t\t<div class=\"elementor-widget-container\">\n\t\t\t\t\t\t\t\t\t<p>Morando no interior do Amazonas, a argentina Mar\u00eda se divide entre duas vidas: na comunidade, onde convive com Dona Bel\u00e9m e seu filho, e nas viagens suspeitas que realiza.<\/p>\t\t\t\t\t\t\t\t<\/div>\n\t\t\t\t<\/div>\n\t\t\t\t\t<\/div>\n\t\t<\/div>\n\t\t\t\t<div class=\"elementor-column elementor-col-50 elementor-inner-column elementor-element elementor-element-4a2c2d9\" data-id=\"4a2c2d9\" data-element_type=\"column\">\n\t\t\t<div class=\"elementor-widget-wrap elementor-element-populated\">\n\t\t\t\t\t\t<div class=\"elementor-element elementor-element-ac4d755 elementor-widget elementor-widget-image\" data-id=\"ac4d755\" data-element_type=\"widget\" data-widget_type=\"image.default\">\n\t\t\t\t<div class=\"elementor-widget-container\">\n\t\t\t\t\t\t\t\t\t\t\t\t\t\t\t<img decoding=\"async\" width=\"800\" height=\"530\" data-src=\"https:\/\/festivaldecinemadearapiraca.com\/wp-content\/uploads\/2024\/08\/castanho-e1723592759160-1024x679.jpg\" class=\"attachment-large size-large wp-image-3344 lazyload\" alt=\"\" data-srcset=\"https:\/\/festivaldecinemadearapiraca.com\/wp-content\/uploads\/2024\/08\/castanho-e1723592759160-1024x679.jpg 1024w, https:\/\/festivaldecinemadearapiraca.com\/wp-content\/uploads\/2024\/08\/castanho-e1723592759160-300x199.jpg 300w, https:\/\/festivaldecinemadearapiraca.com\/wp-content\/uploads\/2024\/08\/castanho-e1723592759160-768x509.jpg 768w, https:\/\/festivaldecinemadearapiraca.com\/wp-content\/uploads\/2024\/08\/castanho-e1723592759160.jpg 1090w\" data-sizes=\"(max-width: 800px) 100vw, 800px\" src=\"data:image\/gif;base64,R0lGODlhAQABAAAAACH5BAEKAAEALAAAAAABAAEAAAICTAEAOw==\" style=\"--smush-placeholder-width: 800px; --smush-placeholder-aspect-ratio: 800\/530;\" \/>\t\t\t\t\t\t\t\t\t\t\t\t\t\t\t<\/div>\n\t\t\t\t<\/div>\n\t\t\t\t\t<\/div>\n\t\t<\/div>\n\t\t\t\t\t<\/div>\n\t\t<\/section>\n\t\t\t\t<section class=\"elementor-section elementor-inner-section elementor-element elementor-element-0902bd2 elementor-section-boxed elementor-section-height-default elementor-section-height-default\" data-id=\"0902bd2\" data-element_type=\"section\" data-settings=\"{&quot;background_background&quot;:&quot;classic&quot;}\">\n\t\t\t\t\t\t<div class=\"elementor-container elementor-column-gap-default\">\n\t\t\t\t\t<div class=\"elementor-column elementor-col-50 elementor-inner-column elementor-element elementor-element-de4e85d\" data-id=\"de4e85d\" data-element_type=\"column\">\n\t\t\t<div class=\"elementor-widget-wrap elementor-element-populated\">\n\t\t\t\t\t\t<div class=\"elementor-element elementor-element-7fe17cb elementor-widget elementor-widget-heading\" data-id=\"7fe17cb\" data-element_type=\"widget\" data-widget_type=\"heading.default\">\n\t\t\t\t<div class=\"elementor-widget-container\">\n\t\t\t\t\t<h2 class=\"elementor-heading-title elementor-size-default\">Engole o choro\n\n\n\n\n\n<\/h2>\t\t\t\t<\/div>\n\t\t\t\t<\/div>\n\t\t\t\t<div class=\"elementor-element elementor-element-b117e55 elementor-widget elementor-widget-heading\" data-id=\"b117e55\" data-element_type=\"widget\" data-widget_type=\"heading.default\">\n\t\t\t\t<div class=\"elementor-widget-container\">\n\t\t\t\t\t<h6 class=\"elementor-heading-title elementor-size-default\">Dire\u00e7\u00e3o: Fabio Rodrigo\n\n\n\n\n<\/h6>\t\t\t\t<\/div>\n\t\t\t\t<\/div>\n\t\t\t\t<div class=\"elementor-element elementor-element-91f9a5d elementor-widget elementor-widget-heading\" data-id=\"91f9a5d\" data-element_type=\"widget\" data-widget_type=\"heading.default\">\n\t\t\t\t<div class=\"elementor-widget-container\">\n\t\t\t\t\t<h6 class=\"elementor-heading-title elementor-size-default\">Fic\u00e7\u00e3o, 12 minutos, 2023, SP\n\n\n\n\n\n\n\n<\/h6>\t\t\t\t<\/div>\n\t\t\t\t<\/div>\n\t\t\t\t<div class=\"elementor-element elementor-element-5479c96 elementor-widget elementor-widget-text-editor\" data-id=\"5479c96\" data-element_type=\"widget\" data-widget_type=\"text-editor.default\">\n\t\t\t\t<div class=\"elementor-widget-container\">\n\t\t\t\t\t\t\t\t\t<p>Na periferia de S\u00e3o Paulo, Anderson, de 17 anos, furta uma moto. Ele quer se tornar um homem dando um basta em anos de exclus\u00e3o e rejei\u00e7\u00e3o, mas bater\u00e1 de frente com o que nunca foi ensinado a lidar: seus sentimentos.<\/p>\t\t\t\t\t\t\t\t<\/div>\n\t\t\t\t<\/div>\n\t\t\t\t\t<\/div>\n\t\t<\/div>\n\t\t\t\t<div class=\"elementor-column elementor-col-50 elementor-inner-column elementor-element elementor-element-6f8b29b\" data-id=\"6f8b29b\" data-element_type=\"column\">\n\t\t\t<div class=\"elementor-widget-wrap elementor-element-populated\">\n\t\t\t\t\t\t<div class=\"elementor-element elementor-element-cb7f223 elementor-widget elementor-widget-image\" data-id=\"cb7f223\" data-element_type=\"widget\" data-widget_type=\"image.default\">\n\t\t\t\t<div class=\"elementor-widget-container\">\n\t\t\t\t\t\t\t\t\t\t\t\t\t\t\t<img decoding=\"async\" width=\"800\" height=\"578\" data-src=\"https:\/\/festivaldecinemadearapiraca.com\/wp-content\/uploads\/2024\/08\/engole-1024x740.jpg\" class=\"attachment-large size-large wp-image-3343 lazyload\" alt=\"\" data-srcset=\"https:\/\/festivaldecinemadearapiraca.com\/wp-content\/uploads\/2024\/08\/engole-1024x740.jpg 1024w, https:\/\/festivaldecinemadearapiraca.com\/wp-content\/uploads\/2024\/08\/engole-300x217.jpg 300w, https:\/\/festivaldecinemadearapiraca.com\/wp-content\/uploads\/2024\/08\/engole-768x555.jpg 768w, https:\/\/festivaldecinemadearapiraca.com\/wp-content\/uploads\/2024\/08\/engole.jpg 1429w\" data-sizes=\"(max-width: 800px) 100vw, 800px\" src=\"data:image\/gif;base64,R0lGODlhAQABAAAAACH5BAEKAAEALAAAAAABAAEAAAICTAEAOw==\" style=\"--smush-placeholder-width: 800px; --smush-placeholder-aspect-ratio: 800\/578;\" \/>\t\t\t\t\t\t\t\t\t\t\t\t\t\t\t<\/div>\n\t\t\t\t<\/div>\n\t\t\t\t\t<\/div>\n\t\t<\/div>\n\t\t\t\t\t<\/div>\n\t\t<\/section>\n\t\t\t\t<section class=\"elementor-section elementor-inner-section elementor-element elementor-element-04844bf elementor-section-boxed elementor-section-height-default elementor-section-height-default\" data-id=\"04844bf\" data-element_type=\"section\" data-settings=\"{&quot;background_background&quot;:&quot;classic&quot;}\">\n\t\t\t\t\t\t<div class=\"elementor-container elementor-column-gap-default\">\n\t\t\t\t\t<div class=\"elementor-column elementor-col-50 elementor-inner-column elementor-element elementor-element-9f74d9a\" data-id=\"9f74d9a\" data-element_type=\"column\">\n\t\t\t<div class=\"elementor-widget-wrap elementor-element-populated\">\n\t\t\t\t\t\t<div class=\"elementor-element elementor-element-5fc88dc elementor-widget elementor-widget-heading\" data-id=\"5fc88dc\" data-element_type=\"widget\" data-widget_type=\"heading.default\">\n\t\t\t\t<div class=\"elementor-widget-container\">\n\t\t\t\t\t<h2 class=\"elementor-heading-title elementor-size-default\">Ben\u00e7a\n\n\n\n\n\n<\/h2>\t\t\t\t<\/div>\n\t\t\t\t<\/div>\n\t\t\t\t<div class=\"elementor-element elementor-element-ee94f93 elementor-widget elementor-widget-heading\" data-id=\"ee94f93\" data-element_type=\"widget\" data-widget_type=\"heading.default\">\n\t\t\t\t<div class=\"elementor-widget-container\">\n\t\t\t\t\t<h6 class=\"elementor-heading-title elementor-size-default\">Dire\u00e7\u00e3o: Mano Cappu \n\n\n\n\n\n<\/h6>\t\t\t\t<\/div>\n\t\t\t\t<\/div>\n\t\t\t\t<div class=\"elementor-element elementor-element-ac0557e elementor-widget elementor-widget-heading\" data-id=\"ac0557e\" data-element_type=\"widget\" data-widget_type=\"heading.default\">\n\t\t\t\t<div class=\"elementor-widget-container\">\n\t\t\t\t\t<h6 class=\"elementor-heading-title elementor-size-default\">Fic\u00e7\u00e3o, 15 minutos, 2023, PR \n\n\n\n\n\n\n\n\n<\/h6>\t\t\t\t<\/div>\n\t\t\t\t<\/div>\n\t\t\t\t<div class=\"elementor-element elementor-element-1a37461 elementor-widget elementor-widget-text-editor\" data-id=\"1a37461\" data-element_type=\"widget\" data-widget_type=\"text-editor.default\">\n\t\t\t\t<div class=\"elementor-widget-container\">\n\t\t\t\t\t\t\t\t\t<p>Na cadeia a visita \u00e9 sagrada, e um clima de felicidade toma conta do ambiente. Ant\u00f4nio (44), est\u00e1 ansioso para ver sua esposa, Vera (45), e saber not\u00edcias da fam\u00edlia. Entretanto, ao caminhar rumo ao p\u00e1tio de visita, sente o corpo gelar, um sentimento de dor corta o peito e seu mundo come\u00e7a a ruir ao ver saindo de uma das celas Rodrigo (22), seu filho.<\/p>\t\t\t\t\t\t\t\t<\/div>\n\t\t\t\t<\/div>\n\t\t\t\t\t<\/div>\n\t\t<\/div>\n\t\t\t\t<div class=\"elementor-column elementor-col-50 elementor-inner-column elementor-element elementor-element-72d000a\" data-id=\"72d000a\" data-element_type=\"column\">\n\t\t\t<div class=\"elementor-widget-wrap elementor-element-populated\">\n\t\t\t\t\t\t<div class=\"elementor-element elementor-element-df03217 elementor-widget elementor-widget-image\" data-id=\"df03217\" data-element_type=\"widget\" data-widget_type=\"image.default\">\n\t\t\t\t<div class=\"elementor-widget-container\">\n\t\t\t\t\t\t\t\t\t\t\t\t\t\t\t<img decoding=\"async\" width=\"800\" height=\"363\" data-src=\"https:\/\/festivaldecinemadearapiraca.com\/wp-content\/uploads\/2024\/08\/benca-1024x465.jpg\" class=\"attachment-large size-large wp-image-3201 lazyload\" alt=\"\" data-srcset=\"https:\/\/festivaldecinemadearapiraca.com\/wp-content\/uploads\/2024\/08\/benca-1024x465.jpg 1024w, https:\/\/festivaldecinemadearapiraca.com\/wp-content\/uploads\/2024\/08\/benca-300x136.jpg 300w, https:\/\/festivaldecinemadearapiraca.com\/wp-content\/uploads\/2024\/08\/benca-768x348.jpg 768w, https:\/\/festivaldecinemadearapiraca.com\/wp-content\/uploads\/2024\/08\/benca-1536x697.jpg 1536w, https:\/\/festivaldecinemadearapiraca.com\/wp-content\/uploads\/2024\/08\/benca.jpg 1920w\" data-sizes=\"(max-width: 800px) 100vw, 800px\" src=\"data:image\/gif;base64,R0lGODlhAQABAAAAACH5BAEKAAEALAAAAAABAAEAAAICTAEAOw==\" style=\"--smush-placeholder-width: 800px; --smush-placeholder-aspect-ratio: 800\/363;\" \/>\t\t\t\t\t\t\t\t\t\t\t\t\t\t\t<\/div>\n\t\t\t\t<\/div>\n\t\t\t\t\t<\/div>\n\t\t<\/div>\n\t\t\t\t\t<\/div>\n\t\t<\/section>\n\t\t\t\t<section class=\"elementor-section elementor-inner-section elementor-element elementor-element-379df29 elementor-section-boxed elementor-section-height-default elementor-section-height-default\" data-id=\"379df29\" data-element_type=\"section\" data-settings=\"{&quot;background_background&quot;:&quot;classic&quot;}\">\n\t\t\t\t\t\t<div class=\"elementor-container elementor-column-gap-default\">\n\t\t\t\t\t<div class=\"elementor-column elementor-col-50 elementor-inner-column elementor-element elementor-element-4b7c40f\" data-id=\"4b7c40f\" data-element_type=\"column\">\n\t\t\t<div class=\"elementor-widget-wrap elementor-element-populated\">\n\t\t\t\t\t\t<div class=\"elementor-element elementor-element-629edb1 elementor-widget elementor-widget-heading\" data-id=\"629edb1\" data-element_type=\"widget\" data-widget_type=\"heading.default\">\n\t\t\t\t<div class=\"elementor-widget-container\">\n\t\t\t\t\t<h2 class=\"elementor-heading-title elementor-size-default\">Cabe\u00e7a de fogo\n\n\n\n\n\n<\/h2>\t\t\t\t<\/div>\n\t\t\t\t<\/div>\n\t\t\t\t<div class=\"elementor-element elementor-element-907b47a elementor-widget elementor-widget-heading\" data-id=\"907b47a\" data-element_type=\"widget\" data-widget_type=\"heading.default\">\n\t\t\t\t<div class=\"elementor-widget-container\">\n\t\t\t\t\t<h6 class=\"elementor-heading-title elementor-size-default\">Dire\u00e7\u00e3o: Lidiana Reis\n\n\n\n\n\n\n<\/h6>\t\t\t\t<\/div>\n\t\t\t\t<\/div>\n\t\t\t\t<div class=\"elementor-element elementor-element-7e4e3f4 elementor-widget elementor-widget-heading\" data-id=\"7e4e3f4\" data-element_type=\"widget\" data-widget_type=\"heading.default\">\n\t\t\t\t<div class=\"elementor-widget-container\">\n\t\t\t\t\t<h6 class=\"elementor-heading-title elementor-size-default\">Document\u00e1rio, 09 minutos, 2024, GO\n\n\n\n\n\n\n\n\n\n<\/h6>\t\t\t\t<\/div>\n\t\t\t\t<\/div>\n\t\t\t\t<div class=\"elementor-element elementor-element-163de6e elementor-widget elementor-widget-text-editor\" data-id=\"163de6e\" data-element_type=\"widget\" data-widget_type=\"text-editor.default\">\n\t\t\t\t<div class=\"elementor-widget-container\">\n\t\t\t\t\t\t\t\t\t<p>Diante de um cerrado cada vez mais degradado, Marta Narciso, moradora da Serra dos Pireneus, semeia palavras que nos convocam para uma conex\u00e3o harmoniosa com a natureza, compreendendo seus sistemas, sons, cheiros e formas.<\/p>\t\t\t\t\t\t\t\t<\/div>\n\t\t\t\t<\/div>\n\t\t\t\t\t<\/div>\n\t\t<\/div>\n\t\t\t\t<div class=\"elementor-column elementor-col-50 elementor-inner-column elementor-element elementor-element-bd394ea\" data-id=\"bd394ea\" data-element_type=\"column\">\n\t\t\t<div class=\"elementor-widget-wrap elementor-element-populated\">\n\t\t\t\t\t\t<div class=\"elementor-element elementor-element-2eced57 elementor-widget elementor-widget-image\" data-id=\"2eced57\" data-element_type=\"widget\" data-widget_type=\"image.default\">\n\t\t\t\t<div class=\"elementor-widget-container\">\n\t\t\t\t\t\t\t\t\t\t\t\t\t\t\t<img decoding=\"async\" width=\"800\" height=\"534\" data-src=\"https:\/\/festivaldecinemadearapiraca.com\/wp-content\/uploads\/2024\/08\/firehead-1024x683.jpg\" class=\"attachment-large size-large wp-image-3200 lazyload\" alt=\"\" data-srcset=\"https:\/\/festivaldecinemadearapiraca.com\/wp-content\/uploads\/2024\/08\/firehead-1024x683.jpg 1024w, https:\/\/festivaldecinemadearapiraca.com\/wp-content\/uploads\/2024\/08\/firehead-300x200.jpg 300w, https:\/\/festivaldecinemadearapiraca.com\/wp-content\/uploads\/2024\/08\/firehead-768x512.jpg 768w, https:\/\/festivaldecinemadearapiraca.com\/wp-content\/uploads\/2024\/08\/firehead-1536x1024.jpg 1536w, https:\/\/festivaldecinemadearapiraca.com\/wp-content\/uploads\/2024\/08\/firehead.jpg 1620w\" data-sizes=\"(max-width: 800px) 100vw, 800px\" src=\"data:image\/gif;base64,R0lGODlhAQABAAAAACH5BAEKAAEALAAAAAABAAEAAAICTAEAOw==\" style=\"--smush-placeholder-width: 800px; --smush-placeholder-aspect-ratio: 800\/534;\" \/>\t\t\t\t\t\t\t\t\t\t\t\t\t\t\t<\/div>\n\t\t\t\t<\/div>\n\t\t\t\t\t<\/div>\n\t\t<\/div>\n\t\t\t\t\t<\/div>\n\t\t<\/section>\n\t\t\t\t\t<\/div>\n\t\t<\/div>\n\t\t\t\t\t<\/div>\n\t\t<\/section>\n\t\t\t\t<\/div>\n\t\t","protected":false},"excerpt":{"rendered":"<p>MOSTRA BRASIL 22 DE AGOSTO &#8211; QUINTA-FEIRA CLASSIFICA\u00c7\u00c3O INDICATIVA: 16 ANOS V\u00e3o das Almas Dire\u00e7\u00e3o: Edileuza Penha de Souza, Santiago Dellape Fic\u00e7\u00e3o, 15 minutos, 2023, DF No Quilombo Kalunga, a profecia da Matinta corta o vilarejo-fantasma do V\u00e3o de Almas como uma corrente de ar gelado: \u201cExistem v\u00e1rios tipos de Saci. Perer\u00ea \u00e9 aquele menorzinho, [&hellip;]<\/p>\n","protected":false},"author":1,"featured_media":0,"parent":0,"menu_order":0,"comment_status":"closed","ping_status":"closed","template":"elementor_header_footer","meta":{"footnotes":""},"class_list":["post-3298","page","type-page","status-publish","hentry"],"_links":{"self":[{"href":"https:\/\/festivaldecinemadearapiraca.com\/home\/wp-json\/wp\/v2\/pages\/3298","targetHints":{"allow":["GET"]}}],"collection":[{"href":"https:\/\/festivaldecinemadearapiraca.com\/home\/wp-json\/wp\/v2\/pages"}],"about":[{"href":"https:\/\/festivaldecinemadearapiraca.com\/home\/wp-json\/wp\/v2\/types\/page"}],"author":[{"embeddable":true,"href":"https:\/\/festivaldecinemadearapiraca.com\/home\/wp-json\/wp\/v2\/users\/1"}],"replies":[{"embeddable":true,"href":"https:\/\/festivaldecinemadearapiraca.com\/home\/wp-json\/wp\/v2\/comments?post=3298"}],"version-history":[{"count":40,"href":"https:\/\/festivaldecinemadearapiraca.com\/home\/wp-json\/wp\/v2\/pages\/3298\/revisions"}],"predecessor-version":[{"id":3353,"href":"https:\/\/festivaldecinemadearapiraca.com\/home\/wp-json\/wp\/v2\/pages\/3298\/revisions\/3353"}],"wp:attachment":[{"href":"https:\/\/festivaldecinemadearapiraca.com\/home\/wp-json\/wp\/v2\/media?parent=3298"}],"curies":[{"name":"wp","href":"https:\/\/api.w.org\/{rel}","templated":true}]}}