{"id":3361,"date":"2024-08-20T21:00:01","date_gmt":"2024-08-20T21:00:01","guid":{"rendered":"https:\/\/festivaldecinemadearapiraca.com\/home\/?page_id=3361"},"modified":"2024-08-21T12:12:50","modified_gmt":"2024-08-21T12:12:50","slug":"arapiraquense","status":"publish","type":"page","link":"https:\/\/festivaldecinemadearapiraca.com\/home\/arapiraquense\/","title":{"rendered":"Mostra de Cinema Arapiraquense"},"content":{"rendered":"\t\t<div data-elementor-type=\"wp-page\" data-elementor-id=\"3361\" class=\"elementor elementor-3361\" data-elementor-post-type=\"page\">\n\t\t\t\t\t\t<section class=\"elementor-section elementor-top-section elementor-element elementor-element-fe25ea9 elementor-section-boxed elementor-section-height-default elementor-section-height-default\" data-id=\"fe25ea9\" data-element_type=\"section\">\n\t\t\t\t\t\t<div class=\"elementor-container elementor-column-gap-default\">\n\t\t\t\t\t<div class=\"elementor-column elementor-col-100 elementor-top-column elementor-element elementor-element-e9d42a8\" data-id=\"e9d42a8\" data-element_type=\"column\">\n\t\t\t<div class=\"elementor-widget-wrap elementor-element-populated\">\n\t\t\t\t\t\t<div class=\"elementor-element elementor-element-363fe56 elementor-widget elementor-widget-heading\" data-id=\"363fe56\" data-element_type=\"widget\" data-widget_type=\"heading.default\">\n\t\t\t\t<div class=\"elementor-widget-container\">\n\t\t\t\t\t<h2 class=\"elementor-heading-title elementor-size-default\">MOSTRA DE CINEMA ARAPIRAQUENSE<\/h2>\t\t\t\t<\/div>\n\t\t\t\t<\/div>\n\t\t\t\t\t<\/div>\n\t\t<\/div>\n\t\t\t\t\t<\/div>\n\t\t<\/section>\n\t\t\t\t<section class=\"elementor-section elementor-top-section elementor-element elementor-element-456b211 elementor-section-boxed elementor-section-height-default elementor-section-height-default\" data-id=\"456b211\" data-element_type=\"section\">\n\t\t\t\t\t\t<div class=\"elementor-container elementor-column-gap-default\">\n\t\t\t\t\t<div class=\"elementor-column elementor-col-100 elementor-top-column elementor-element elementor-element-8e58e66\" data-id=\"8e58e66\" data-element_type=\"column\">\n\t\t\t<div class=\"elementor-widget-wrap elementor-element-populated\">\n\t\t\t\t\t\t<div class=\"elementor-element elementor-element-9d4493e elementor-widget elementor-widget-heading\" data-id=\"9d4493e\" data-element_type=\"widget\" data-widget_type=\"heading.default\">\n\t\t\t\t<div class=\"elementor-widget-container\">\n\t\t\t\t\t<h3 class=\"elementor-heading-title elementor-size-default\">21 DE  AGOSTO - QUARTA<\/h3>\t\t\t\t<\/div>\n\t\t\t\t<\/div>\n\t\t\t\t\t<\/div>\n\t\t<\/div>\n\t\t\t\t\t<\/div>\n\t\t<\/section>\n\t\t\t\t<section class=\"elementor-section elementor-top-section elementor-element elementor-element-b05151f elementor-section-boxed elementor-section-height-default elementor-section-height-default\" data-id=\"b05151f\" data-element_type=\"section\">\n\t\t\t\t\t\t<div class=\"elementor-container elementor-column-gap-default\">\n\t\t\t\t\t<div class=\"elementor-column elementor-col-100 elementor-top-column elementor-element elementor-element-b2a368e\" data-id=\"b2a368e\" data-element_type=\"column\">\n\t\t\t<div class=\"elementor-widget-wrap elementor-element-populated\">\n\t\t\t\t\t\t<div class=\"elementor-element elementor-element-9e7293a elementor-widget elementor-widget-heading\" data-id=\"9e7293a\" data-element_type=\"widget\" data-widget_type=\"heading.default\">\n\t\t\t\t<div class=\"elementor-widget-container\">\n\t\t\t\t\t<h5 class=\"elementor-heading-title elementor-size-default\">\nLocal: Cinesystem Arapiraca\n<\/h5>\t\t\t\t<\/div>\n\t\t\t\t<\/div>\n\t\t\t\t\t<\/div>\n\t\t<\/div>\n\t\t\t\t\t<\/div>\n\t\t<\/section>\n\t\t\t\t<section class=\"elementor-section elementor-top-section elementor-element elementor-element-c41923f elementor-section-boxed elementor-section-height-default elementor-section-height-default\" data-id=\"c41923f\" data-element_type=\"section\" id=\"inf01\" data-settings=\"{&quot;background_background&quot;:&quot;classic&quot;}\">\n\t\t\t\t\t\t<div class=\"elementor-container elementor-column-gap-default\">\n\t\t\t\t\t<div class=\"elementor-column elementor-col-100 elementor-top-column elementor-element elementor-element-567da22\" data-id=\"567da22\" data-element_type=\"column\">\n\t\t\t<div class=\"elementor-widget-wrap elementor-element-populated\">\n\t\t\t\t\t\t<div class=\"elementor-element elementor-element-c943ea2 elementor-widget elementor-widget-heading\" data-id=\"c943ea2\" data-element_type=\"widget\" data-widget_type=\"heading.default\">\n\t\t\t\t<div class=\"elementor-widget-container\">\n\t\t\t\t\t<h2 class=\"elementor-heading-title elementor-size-default\">SESS\u00c3O ESPECIAL - 19h00<\/h2>\t\t\t\t<\/div>\n\t\t\t\t<\/div>\n\t\t\t\t<section class=\"elementor-section elementor-inner-section elementor-element elementor-element-95e9bc8 elementor-section-boxed elementor-section-height-default elementor-section-height-default\" data-id=\"95e9bc8\" data-element_type=\"section\" data-settings=\"{&quot;background_background&quot;:&quot;classic&quot;}\">\n\t\t\t\t\t\t<div class=\"elementor-container elementor-column-gap-default\">\n\t\t\t\t\t<div class=\"elementor-column elementor-col-50 elementor-inner-column elementor-element elementor-element-5b693b7\" data-id=\"5b693b7\" data-element_type=\"column\">\n\t\t\t<div class=\"elementor-widget-wrap elementor-element-populated\">\n\t\t\t\t\t\t<div class=\"elementor-element elementor-element-674f21b elementor-widget elementor-widget-heading\" data-id=\"674f21b\" data-element_type=\"widget\" data-widget_type=\"heading.default\">\n\t\t\t\t<div class=\"elementor-widget-container\">\n\t\t\t\t\t<h2 class=\"elementor-heading-title elementor-size-default\">Ra\u00edzes de Arapiraca - Manoel Catonio Neto<\/h2>\t\t\t\t<\/div>\n\t\t\t\t<\/div>\n\t\t\t\t<div class=\"elementor-element elementor-element-4d4ed18 elementor-widget elementor-widget-heading\" data-id=\"4d4ed18\" data-element_type=\"widget\" data-widget_type=\"heading.default\">\n\t\t\t\t<div class=\"elementor-widget-container\">\n\t\t\t\t\t<h6 class=\"elementor-heading-title elementor-size-default\">Projeto audiovisual que busca o resgate de pessoas hist\u00f3ricas da cidade de Arapiraca com dire\u00e7\u00e3o e idealiza\u00e7\u00e3o de Ricardo Nezinho\n<\/h6>\t\t\t\t<\/div>\n\t\t\t\t<\/div>\n\t\t\t\t<div class=\"elementor-element elementor-element-ca07e15 elementor-widget elementor-widget-heading\" data-id=\"ca07e15\" data-element_type=\"widget\" data-widget_type=\"heading.default\">\n\t\t\t\t<div class=\"elementor-widget-container\">\n\t\t\t\t\t<h6 class=\"elementor-heading-title elementor-size-default\">Document\u00e1rio, 13 minutos, 2018, AL <br> Classifica\u00e7\u00e3o: Livre\n\n\n<\/h6>\t\t\t\t<\/div>\n\t\t\t\t<\/div>\n\t\t\t\t<div class=\"elementor-element elementor-element-20f5f95 elementor-widget elementor-widget-text-editor\" data-id=\"20f5f95\" data-element_type=\"widget\" data-widget_type=\"text-editor.default\">\n\t\t\t\t<div class=\"elementor-widget-container\">\n\t\t\t\t\t\t\t\t\t<p>Manoel Catonio Neto, homem de fei\u00e7\u00e3o singela, que nas \u00faltimas cinco d\u00e9cadas, ajudou no desenvolvimento desta terra com sua determina\u00e7\u00e3o e trabalho, e acompanhou\u00a0 o\u00a0 crescimento imensur\u00e1vel\u00a0 deste ch\u00e3o, que\u00a0 atrav\u00e9s do seu\u00a0 carro de boi, lutou, batalhou\u00a0 e venceu,\u00a0 transformou-se ao longo do tempo em\u00a0 uma das Ra\u00edzes de Arapiraca. Para sempre vivo em nossos cora\u00e7\u00f5es!<\/p>\t\t\t\t\t\t\t\t<\/div>\n\t\t\t\t<\/div>\n\t\t\t\t\t<\/div>\n\t\t<\/div>\n\t\t\t\t<div class=\"elementor-column elementor-col-50 elementor-inner-column elementor-element elementor-element-eb3bb22\" data-id=\"eb3bb22\" data-element_type=\"column\">\n\t\t\t<div class=\"elementor-widget-wrap elementor-element-populated\">\n\t\t\t\t\t\t<div class=\"elementor-element elementor-element-3c3c195 elementor-widget elementor-widget-image\" data-id=\"3c3c195\" data-element_type=\"widget\" data-widget_type=\"image.default\">\n\t\t\t\t<div class=\"elementor-widget-container\">\n\t\t\t\t\t\t\t\t\t\t\t\t\t\t\t<img fetchpriority=\"high\" decoding=\"async\" width=\"800\" height=\"449\" src=\"https:\/\/festivaldecinemadearapiraca.com\/wp-content\/uploads\/2024\/08\/MANOEL-CATONIO-1024x575.png\" class=\"attachment-large size-large wp-image-3370\" alt=\"\" srcset=\"https:\/\/festivaldecinemadearapiraca.com\/wp-content\/uploads\/2024\/08\/MANOEL-CATONIO-1024x575.png 1024w, https:\/\/festivaldecinemadearapiraca.com\/wp-content\/uploads\/2024\/08\/MANOEL-CATONIO-300x168.png 300w, https:\/\/festivaldecinemadearapiraca.com\/wp-content\/uploads\/2024\/08\/MANOEL-CATONIO-768x431.png 768w, https:\/\/festivaldecinemadearapiraca.com\/wp-content\/uploads\/2024\/08\/MANOEL-CATONIO-e1724188163443.png 720w\" sizes=\"(max-width: 800px) 100vw, 800px\" \/>\t\t\t\t\t\t\t\t\t\t\t\t\t\t\t<\/div>\n\t\t\t\t<\/div>\n\t\t\t\t\t<\/div>\n\t\t<\/div>\n\t\t\t\t\t<\/div>\n\t\t<\/section>\n\t\t\t\t<section class=\"elementor-section elementor-inner-section elementor-element elementor-element-70c5026 elementor-section-boxed elementor-section-height-default elementor-section-height-default\" data-id=\"70c5026\" data-element_type=\"section\" data-settings=\"{&quot;background_background&quot;:&quot;classic&quot;}\">\n\t\t\t\t\t\t<div class=\"elementor-container elementor-column-gap-default\">\n\t\t\t\t\t<div class=\"elementor-column elementor-col-50 elementor-inner-column elementor-element elementor-element-10e8a25\" data-id=\"10e8a25\" data-element_type=\"column\">\n\t\t\t<div class=\"elementor-widget-wrap elementor-element-populated\">\n\t\t\t\t\t\t<div class=\"elementor-element elementor-element-8995ac1 elementor-widget elementor-widget-heading\" data-id=\"8995ac1\" data-element_type=\"widget\" data-widget_type=\"heading.default\">\n\t\t\t\t<div class=\"elementor-widget-container\">\n\t\t\t\t\t<h2 class=\"elementor-heading-title elementor-size-default\">Pau d\u2019Arco: \u00c1rvore que se renova<\/h2>\t\t\t\t<\/div>\n\t\t\t\t<\/div>\n\t\t\t\t<div class=\"elementor-element elementor-element-53150ff elementor-widget elementor-widget-heading\" data-id=\"53150ff\" data-element_type=\"widget\" data-widget_type=\"heading.default\">\n\t\t\t\t<div class=\"elementor-widget-container\">\n\t\t\t\t\t<h6 class=\"elementor-heading-title elementor-size-default\">Dire\u00e7\u00e3o: Igor Machado e Anna Ara\u00fajo<\/h6>\t\t\t\t<\/div>\n\t\t\t\t<\/div>\n\t\t\t\t<div class=\"elementor-element elementor-element-f3f9612 elementor-widget elementor-widget-heading\" data-id=\"f3f9612\" data-element_type=\"widget\" data-widget_type=\"heading.default\">\n\t\t\t\t<div class=\"elementor-widget-container\">\n\t\t\t\t\t<h6 class=\"elementor-heading-title elementor-size-default\">Document\u00e1rio, 15 minutos, 2024, AL <br> Classifica\u00e7\u00e3o: Livre \n\n\n\n<\/h6>\t\t\t\t<\/div>\n\t\t\t\t<\/div>\n\t\t\t\t<div class=\"elementor-element elementor-element-9efd5d0 elementor-widget elementor-widget-text-editor\" data-id=\"9efd5d0\" data-element_type=\"widget\" data-widget_type=\"text-editor.default\">\n\t\t\t\t<div class=\"elementor-widget-container\">\n\t\t\t\t\t\t\t\t\t<p>Pau d\u2019Arco: \u00c1rvore que se Renova \u00e9 um document\u00e1rio que homenageia a comunidade quilombola de Pau d\u2019Arco, localizada em Arapiraca, Alagoas. Dirigido por Igor Machado e Anna Ara\u00fajo, o filme explora a rica heran\u00e7a cultural e as hist\u00f3rias de resist\u00eancia e supera\u00e7\u00e3o dessa comunidade. Focado nas matriarcas Dona Terezinha, Dona Mocinha e Dona Maria, e na lideran\u00e7a contempor\u00e2nea de Laurinete, Elizabeth e Israel, o document\u00e1rio tra\u00e7a uma linha geneal\u00f3gica e afetiva que conecta passado, presente e futuro. Atrav\u00e9s de depoimentos, colagens e uma \u00e1rvore geneal\u00f3gica simb\u00f3lica, o filme celebra a for\u00e7a das mulheres e a continuidade das tradi\u00e7\u00f5es, abordando quest\u00f5es como racismo e exclus\u00e3o social, e exaltando a import\u00e2ncia do respeito aos antepassados.<\/p>\t\t\t\t\t\t\t\t<\/div>\n\t\t\t\t<\/div>\n\t\t\t\t\t<\/div>\n\t\t<\/div>\n\t\t\t\t<div class=\"elementor-column elementor-col-50 elementor-inner-column elementor-element elementor-element-17b761c\" data-id=\"17b761c\" data-element_type=\"column\">\n\t\t\t<div class=\"elementor-widget-wrap elementor-element-populated\">\n\t\t\t\t\t\t<div class=\"elementor-element elementor-element-f757476 elementor-widget elementor-widget-image\" data-id=\"f757476\" data-element_type=\"widget\" data-widget_type=\"image.default\">\n\t\t\t\t<div class=\"elementor-widget-container\">\n\t\t\t\t\t\t\t\t\t\t\t\t\t\t\t<img decoding=\"async\" data-src=\"https:\/\/festivaldecinemadearapiraca.com\/wp-content\/uploads\/elementor\/thumbs\/paudarco-qsxo3dvixcn8hdcfknh8rob9du2n7yxqrvcfd9wetc.jpg\" title=\"paudarco\" alt=\"paudarco\" src=\"data:image\/gif;base64,R0lGODlhAQABAAAAACH5BAEKAAEALAAAAAABAAEAAAICTAEAOw==\" class=\"lazyload\" style=\"--smush-placeholder-width: 462px; --smush-placeholder-aspect-ratio: 462\/420;\" \/>\t\t\t\t\t\t\t\t\t\t\t\t\t\t\t<\/div>\n\t\t\t\t<\/div>\n\t\t\t\t\t<\/div>\n\t\t<\/div>\n\t\t\t\t\t<\/div>\n\t\t<\/section>\n\t\t\t\t<section class=\"elementor-section elementor-inner-section elementor-element elementor-element-b92bf79 elementor-section-boxed elementor-section-height-default elementor-section-height-default\" data-id=\"b92bf79\" data-element_type=\"section\" data-settings=\"{&quot;background_background&quot;:&quot;classic&quot;}\">\n\t\t\t\t\t\t<div class=\"elementor-container elementor-column-gap-default\">\n\t\t\t\t\t<div class=\"elementor-column elementor-col-50 elementor-inner-column elementor-element elementor-element-f50fa9d\" data-id=\"f50fa9d\" data-element_type=\"column\">\n\t\t\t<div class=\"elementor-widget-wrap elementor-element-populated\">\n\t\t\t\t\t\t<div class=\"elementor-element elementor-element-865b105 elementor-widget elementor-widget-heading\" data-id=\"865b105\" data-element_type=\"widget\" data-widget_type=\"heading.default\">\n\t\t\t\t<div class=\"elementor-widget-container\">\n\t\t\t\t\t<h2 class=\"elementor-heading-title elementor-size-default\">DJ do Agreste\n\n<\/h2>\t\t\t\t<\/div>\n\t\t\t\t<\/div>\n\t\t\t\t<div class=\"elementor-element elementor-element-c6681fd elementor-widget elementor-widget-heading\" data-id=\"c6681fd\" data-element_type=\"widget\" data-widget_type=\"heading.default\">\n\t\t\t\t<div class=\"elementor-widget-container\">\n\t\t\t\t\t<h6 class=\"elementor-heading-title elementor-size-default\">Dire\u00e7\u00e3o: Regina Barbosa\n\n\n<\/h6>\t\t\t\t<\/div>\n\t\t\t\t<\/div>\n\t\t\t\t<div class=\"elementor-element elementor-element-27c17ee elementor-widget elementor-widget-heading\" data-id=\"27c17ee\" data-element_type=\"widget\" data-widget_type=\"heading.default\">\n\t\t\t\t<div class=\"elementor-widget-container\">\n\t\t\t\t\t<h6 class=\"elementor-heading-title elementor-size-default\">Document\u00e1rio, 20 minutos, 2007, AL\n <br> Classifica\u00e7\u00e3o: Livre\n\n\n\n<\/h6>\t\t\t\t<\/div>\n\t\t\t\t<\/div>\n\t\t\t\t<div class=\"elementor-element elementor-element-46253d9 elementor-widget elementor-widget-text-editor\" data-id=\"46253d9\" data-element_type=\"widget\" data-widget_type=\"text-editor.default\">\n\t\t\t\t<div class=\"elementor-widget-container\">\n\t\t\t\t\t\t\t\t\t<p>O document\u00e1rio \u201cDJ do agreste\u201d conta a hist\u00f3ria de como Paulo Louren\u00e7o construiu e sustentou a trajet\u00f3ria de mais de 30 anos de resist\u00eancia cultural.<\/p>\t\t\t\t\t\t\t\t<\/div>\n\t\t\t\t<\/div>\n\t\t\t\t\t<\/div>\n\t\t<\/div>\n\t\t\t\t<div class=\"elementor-column elementor-col-50 elementor-inner-column elementor-element elementor-element-999d161\" data-id=\"999d161\" data-element_type=\"column\">\n\t\t\t<div class=\"elementor-widget-wrap elementor-element-populated\">\n\t\t\t\t\t\t<div class=\"elementor-element elementor-element-3f05673 elementor-widget elementor-widget-image\" data-id=\"3f05673\" data-element_type=\"widget\" data-widget_type=\"image.default\">\n\t\t\t\t<div class=\"elementor-widget-container\">\n\t\t\t\t\t\t\t\t\t\t\t\t\t\t\t<img decoding=\"async\" width=\"720\" height=\"480\" data-src=\"https:\/\/festivaldecinemadearapiraca.com\/wp-content\/uploads\/2024\/08\/djdoagreste.jpeg\" class=\"attachment-large size-large wp-image-3386 lazyload\" alt=\"\" data-srcset=\"https:\/\/festivaldecinemadearapiraca.com\/wp-content\/uploads\/2024\/08\/djdoagreste.jpeg 720w, https:\/\/festivaldecinemadearapiraca.com\/wp-content\/uploads\/2024\/08\/djdoagreste-300x200.jpeg 300w\" data-sizes=\"(max-width: 720px) 100vw, 720px\" src=\"data:image\/gif;base64,R0lGODlhAQABAAAAACH5BAEKAAEALAAAAAABAAEAAAICTAEAOw==\" style=\"--smush-placeholder-width: 720px; --smush-placeholder-aspect-ratio: 720\/480;\" \/>\t\t\t\t\t\t\t\t\t\t\t\t\t\t\t<\/div>\n\t\t\t\t<\/div>\n\t\t\t\t\t<\/div>\n\t\t<\/div>\n\t\t\t\t\t<\/div>\n\t\t<\/section>\n\t\t\t\t<section class=\"elementor-section elementor-inner-section elementor-element elementor-element-8aaeb8d elementor-section-boxed elementor-section-height-default elementor-section-height-default\" data-id=\"8aaeb8d\" data-element_type=\"section\" data-settings=\"{&quot;background_background&quot;:&quot;classic&quot;}\">\n\t\t\t\t\t\t<div class=\"elementor-container elementor-column-gap-default\">\n\t\t\t\t\t<div class=\"elementor-column elementor-col-50 elementor-inner-column elementor-element elementor-element-9260bc3\" data-id=\"9260bc3\" data-element_type=\"column\">\n\t\t\t<div class=\"elementor-widget-wrap elementor-element-populated\">\n\t\t\t\t\t\t<div class=\"elementor-element elementor-element-73f432f elementor-widget elementor-widget-heading\" data-id=\"73f432f\" data-element_type=\"widget\" data-widget_type=\"heading.default\">\n\t\t\t\t<div class=\"elementor-widget-container\">\n\t\t\t\t\t<h2 class=\"elementor-heading-title elementor-size-default\">Biribinha: Na Fronteira do Riso\n\n<\/h2>\t\t\t\t<\/div>\n\t\t\t\t<\/div>\n\t\t\t\t<div class=\"elementor-element elementor-element-dcf7f84 elementor-widget elementor-widget-heading\" data-id=\"dcf7f84\" data-element_type=\"widget\" data-widget_type=\"heading.default\">\n\t\t\t\t<div class=\"elementor-widget-container\">\n\t\t\t\t\t<h6 class=\"elementor-heading-title elementor-size-default\">Dire\u00e7\u00e3o: Lara Ara\u00fajo\n\n\n\n<\/h6>\t\t\t\t<\/div>\n\t\t\t\t<\/div>\n\t\t\t\t<div class=\"elementor-element elementor-element-b04146c elementor-widget elementor-widget-heading\" data-id=\"b04146c\" data-element_type=\"widget\" data-widget_type=\"heading.default\">\n\t\t\t\t<div class=\"elementor-widget-container\">\n\t\t\t\t\t<h6 class=\"elementor-heading-title elementor-size-default\">Document\u00e1rio, 17 minutos, 2023, AL\n <br> Classifica\u00e7\u00e3o: Livre\n\n\n\n<\/h6>\t\t\t\t<\/div>\n\t\t\t\t<\/div>\n\t\t\t\t<div class=\"elementor-element elementor-element-2b0891e elementor-widget elementor-widget-text-editor\" data-id=\"2b0891e\" data-element_type=\"widget\" data-widget_type=\"text-editor.default\">\n\t\t\t\t<div class=\"elementor-widget-container\">\n\t\t\t\t\t\t\t\t\t<p>Envoltos por uma pandemia, o homem e o palha\u00e7o se distanciam por mais de um ano de lona empoeirada. Agora, diante de um poss\u00edvel reencontro no picadeiro, o document\u00e1rio \u201cBiribinha: Na Fronteira do Riso\u201d faz um mergulho nas mem\u00f3rias, reflex\u00f5es e bastidores desse artista refer\u00eancia nacional de circo-teatro.<\/p>\t\t\t\t\t\t\t\t<\/div>\n\t\t\t\t<\/div>\n\t\t\t\t\t<\/div>\n\t\t<\/div>\n\t\t\t\t<div class=\"elementor-column elementor-col-50 elementor-inner-column elementor-element elementor-element-1a7e8c0\" data-id=\"1a7e8c0\" data-element_type=\"column\">\n\t\t\t<div class=\"elementor-widget-wrap elementor-element-populated\">\n\t\t\t\t\t\t<div class=\"elementor-element elementor-element-bbcf816 elementor-widget elementor-widget-image\" data-id=\"bbcf816\" data-element_type=\"widget\" data-widget_type=\"image.default\">\n\t\t\t\t<div class=\"elementor-widget-container\">\n\t\t\t\t\t\t\t\t\t\t\t\t\t\t\t<img decoding=\"async\" width=\"800\" height=\"530\" data-src=\"https:\/\/festivaldecinemadearapiraca.com\/wp-content\/uploads\/2024\/08\/biribinha-1024x679.jpg\" class=\"attachment-large size-large wp-image-3390 lazyload\" alt=\"\" data-srcset=\"https:\/\/festivaldecinemadearapiraca.com\/wp-content\/uploads\/2024\/08\/biribinha-1024x679.jpg 1024w, https:\/\/festivaldecinemadearapiraca.com\/wp-content\/uploads\/2024\/08\/biribinha-300x199.jpg 300w, https:\/\/festivaldecinemadearapiraca.com\/wp-content\/uploads\/2024\/08\/biribinha-768x509.jpg 768w, https:\/\/festivaldecinemadearapiraca.com\/wp-content\/uploads\/2024\/08\/biribinha.jpg 1402w\" data-sizes=\"(max-width: 800px) 100vw, 800px\" src=\"data:image\/gif;base64,R0lGODlhAQABAAAAACH5BAEKAAEALAAAAAABAAEAAAICTAEAOw==\" style=\"--smush-placeholder-width: 800px; --smush-placeholder-aspect-ratio: 800\/530;\" \/>\t\t\t\t\t\t\t\t\t\t\t\t\t\t\t<\/div>\n\t\t\t\t<\/div>\n\t\t\t\t\t<\/div>\n\t\t<\/div>\n\t\t\t\t\t<\/div>\n\t\t<\/section>\n\t\t\t\t\t<\/div>\n\t\t<\/div>\n\t\t\t\t\t<\/div>\n\t\t<\/section>\n\t\t\t\t<\/div>\n\t\t","protected":false},"excerpt":{"rendered":"<p>MOSTRA DE CINEMA ARAPIRAQUENSE 21 DE AGOSTO &#8211; QUARTA Local: Cinesystem Arapiraca SESS\u00c3O ESPECIAL &#8211; 19h00 Ra\u00edzes de Arapiraca &#8211; Manoel Catonio Neto Projeto audiovisual que busca o resgate de pessoas hist\u00f3ricas da cidade de Arapiraca com dire\u00e7\u00e3o e idealiza\u00e7\u00e3o de Ricardo Nezinho Document\u00e1rio, 13 minutos, 2018, AL Classifica\u00e7\u00e3o: Livre Manoel Catonio Neto, homem de [&hellip;]<\/p>\n","protected":false},"author":1,"featured_media":0,"parent":0,"menu_order":0,"comment_status":"closed","ping_status":"closed","template":"elementor_header_footer","meta":{"footnotes":""},"class_list":["post-3361","page","type-page","status-publish","hentry"],"_links":{"self":[{"href":"https:\/\/festivaldecinemadearapiraca.com\/home\/wp-json\/wp\/v2\/pages\/3361","targetHints":{"allow":["GET"]}}],"collection":[{"href":"https:\/\/festivaldecinemadearapiraca.com\/home\/wp-json\/wp\/v2\/pages"}],"about":[{"href":"https:\/\/festivaldecinemadearapiraca.com\/home\/wp-json\/wp\/v2\/types\/page"}],"author":[{"embeddable":true,"href":"https:\/\/festivaldecinemadearapiraca.com\/home\/wp-json\/wp\/v2\/users\/1"}],"replies":[{"embeddable":true,"href":"https:\/\/festivaldecinemadearapiraca.com\/home\/wp-json\/wp\/v2\/comments?post=3361"}],"version-history":[{"count":26,"href":"https:\/\/festivaldecinemadearapiraca.com\/home\/wp-json\/wp\/v2\/pages\/3361\/revisions"}],"predecessor-version":[{"id":3394,"href":"https:\/\/festivaldecinemadearapiraca.com\/home\/wp-json\/wp\/v2\/pages\/3361\/revisions\/3394"}],"wp:attachment":[{"href":"https:\/\/festivaldecinemadearapiraca.com\/home\/wp-json\/wp\/v2\/media?parent=3361"}],"curies":[{"name":"wp","href":"https:\/\/api.w.org\/{rel}","templated":true}]}}