{"id":686,"date":"2022-05-13T12:59:48","date_gmt":"2022-05-13T12:59:48","guid":{"rendered":"https:\/\/festivaldecinemadearapiraca.com\/home\/?page_id=686"},"modified":"2024-08-13T18:04:27","modified_gmt":"2024-08-13T18:04:27","slug":"mostra-navi","status":"publish","type":"page","link":"https:\/\/festivaldecinemadearapiraca.com\/home\/mostra-navi\/","title":{"rendered":"Mostra NAVI"},"content":{"rendered":"\t\t<div data-elementor-type=\"wp-page\" data-elementor-id=\"686\" class=\"elementor elementor-686\" data-elementor-post-type=\"page\">\n\t\t\t\t\t\t<section class=\"elementor-section elementor-top-section elementor-element elementor-element-5093280 elementor-section-boxed elementor-section-height-default elementor-section-height-default\" data-id=\"5093280\" data-element_type=\"section\">\n\t\t\t\t\t\t<div class=\"elementor-container elementor-column-gap-default\">\n\t\t\t\t\t<div class=\"elementor-column elementor-col-100 elementor-top-column elementor-element elementor-element-5f7036c\" data-id=\"5f7036c\" data-element_type=\"column\">\n\t\t\t<div class=\"elementor-widget-wrap elementor-element-populated\">\n\t\t\t\t\t\t<div class=\"elementor-element elementor-element-0c08662 elementor-widget elementor-widget-spacer\" data-id=\"0c08662\" data-element_type=\"widget\" data-widget_type=\"spacer.default\">\n\t\t\t\t<div class=\"elementor-widget-container\">\n\t\t\t\t\t\t\t<div class=\"elementor-spacer\">\n\t\t\t<div class=\"elementor-spacer-inner\"><\/div>\n\t\t<\/div>\n\t\t\t\t\t\t<\/div>\n\t\t\t\t<\/div>\n\t\t\t\t\t<\/div>\n\t\t<\/div>\n\t\t\t\t\t<\/div>\n\t\t<\/section>\n\t\t\t\t<section class=\"elementor-section elementor-top-section elementor-element elementor-element-a9fc119 elementor-section-boxed elementor-section-height-default elementor-section-height-default\" data-id=\"a9fc119\" data-element_type=\"section\">\n\t\t\t\t\t\t<div class=\"elementor-container elementor-column-gap-default\">\n\t\t\t\t\t<div class=\"elementor-column elementor-col-100 elementor-top-column elementor-element elementor-element-e2082e8\" data-id=\"e2082e8\" data-element_type=\"column\">\n\t\t\t<div class=\"elementor-widget-wrap elementor-element-populated\">\n\t\t\t\t\t\t<div class=\"elementor-element elementor-element-f08157c elementor-widget elementor-widget-heading\" data-id=\"f08157c\" data-element_type=\"widget\" data-widget_type=\"heading.default\">\n\t\t\t\t<div class=\"elementor-widget-container\">\n\t\t\t\t\t<h1 class=\"elementor-heading-title elementor-size-default\">MOSTRA NAVI<\/h1>\t\t\t\t<\/div>\n\t\t\t\t<\/div>\n\t\t\t\t\t<\/div>\n\t\t<\/div>\n\t\t\t\t\t<\/div>\n\t\t<\/section>\n\t\t\t\t<section class=\"elementor-section elementor-top-section elementor-element elementor-element-42287f3 elementor-section-boxed elementor-section-height-default elementor-section-height-default\" data-id=\"42287f3\" data-element_type=\"section\">\n\t\t\t\t\t\t<div class=\"elementor-container elementor-column-gap-default\">\n\t\t\t\t\t<div class=\"elementor-column elementor-col-100 elementor-top-column elementor-element elementor-element-93ebc54\" data-id=\"93ebc54\" data-element_type=\"column\">\n\t\t\t<div class=\"elementor-widget-wrap elementor-element-populated\">\n\t\t\t\t\t\t<div class=\"elementor-element elementor-element-718aed0 elementor-widget elementor-widget-heading\" data-id=\"718aed0\" data-element_type=\"widget\" data-widget_type=\"heading.default\">\n\t\t\t\t<div class=\"elementor-widget-container\">\n\t\t\t\t\t<h2 class=\"elementor-heading-title elementor-size-default\">22 DE AGOSTO - QUINTA-FEIRA<\/h2>\t\t\t\t<\/div>\n\t\t\t\t<\/div>\n\t\t\t\t<div class=\"elementor-element elementor-element-c4590d9 elementor-widget elementor-widget-heading\" data-id=\"c4590d9\" data-element_type=\"widget\" data-widget_type=\"heading.default\">\n\t\t\t\t<div class=\"elementor-widget-container\">\n\t\t\t\t\t<h6 class=\"elementor-heading-title elementor-size-default\">CLASSIFICA\u00c7\u00c3O INDICATIVA: 16 ANOS<\/h6>\t\t\t\t<\/div>\n\t\t\t\t<\/div>\n\t\t\t\t<section class=\"elementor-section elementor-inner-section elementor-element elementor-element-de4eb8b elementor-section-boxed elementor-section-height-default elementor-section-height-default\" data-id=\"de4eb8b\" data-element_type=\"section\" data-settings=\"{&quot;background_background&quot;:&quot;classic&quot;}\">\n\t\t\t\t\t\t<div class=\"elementor-container elementor-column-gap-default\">\n\t\t\t\t\t<div class=\"elementor-column elementor-col-50 elementor-inner-column elementor-element elementor-element-da96880\" data-id=\"da96880\" data-element_type=\"column\">\n\t\t\t<div class=\"elementor-widget-wrap elementor-element-populated\">\n\t\t\t\t\t\t<div class=\"elementor-element elementor-element-25981b8 elementor-widget elementor-widget-heading\" data-id=\"25981b8\" data-element_type=\"widget\" data-widget_type=\"heading.default\">\n\t\t\t\t<div class=\"elementor-widget-container\">\n\t\t\t\t\t<h2 class=\"elementor-heading-title elementor-size-default\">Absorta\n<\/h2>\t\t\t\t<\/div>\n\t\t\t\t<\/div>\n\t\t\t\t<div class=\"elementor-element elementor-element-4b7b633 elementor-widget elementor-widget-heading\" data-id=\"4b7b633\" data-element_type=\"widget\" data-widget_type=\"heading.default\">\n\t\t\t\t<div class=\"elementor-widget-container\">\n\t\t\t\t\t<h6 class=\"elementor-heading-title elementor-size-default\">Dire\u00e7\u00e3o: Luiza Pugliesi Villa\u00e7a\n<\/h6>\t\t\t\t<\/div>\n\t\t\t\t<\/div>\n\t\t\t\t<div class=\"elementor-element elementor-element-65373db elementor-widget elementor-widget-heading\" data-id=\"65373db\" data-element_type=\"widget\" data-widget_type=\"heading.default\">\n\t\t\t\t<div class=\"elementor-widget-container\">\n\t\t\t\t\t<h6 class=\"elementor-heading-title elementor-size-default\">Anima\u00e7\u00e3o, 8 minutos, 2024, SP\n<\/h6>\t\t\t\t<\/div>\n\t\t\t\t<\/div>\n\t\t\t\t<div class=\"elementor-element elementor-element-803f2e6 elementor-widget elementor-widget-text-editor\" data-id=\"803f2e6\" data-element_type=\"widget\" data-widget_type=\"text-editor.default\">\n\t\t\t\t<div class=\"elementor-widget-container\">\n\t\t\t\t\t\t\t\t\tNara, uma jovem adulta exausta, decide tomar um banho ap\u00f3s um longo dia. Mas ao submergir na banheira para relaxar, seu momento de introspec\u00e7\u00e3o \u00e9 interrompido por um peixe preso no ralo. \u00c1guas profundas e desconhecidas ser\u00e3o exploradas \u00e0 medida que ela \u00e9 invadida por diferentes fases da sua vida.\n\t\t\t\t\t\t\t\t<\/div>\n\t\t\t\t<\/div>\n\t\t\t\t\t<\/div>\n\t\t<\/div>\n\t\t\t\t<div class=\"elementor-column elementor-col-50 elementor-inner-column elementor-element elementor-element-3eda653\" data-id=\"3eda653\" data-element_type=\"column\">\n\t\t\t<div class=\"elementor-widget-wrap elementor-element-populated\">\n\t\t\t\t\t\t<div class=\"elementor-element elementor-element-0ffe6c3 elementor-widget elementor-widget-image\" data-id=\"0ffe6c3\" data-element_type=\"widget\" data-widget_type=\"image.default\">\n\t\t\t\t<div class=\"elementor-widget-container\">\n\t\t\t\t\t\t\t\t\t\t\t\t\t\t\t<img fetchpriority=\"high\" decoding=\"async\" width=\"800\" height=\"449\" src=\"https:\/\/festivaldecinemadearapiraca.com\/wp-content\/uploads\/2024\/08\/absorta-1024x575.jpg\" class=\"attachment-large size-large wp-image-3255\" alt=\"\" srcset=\"https:\/\/festivaldecinemadearapiraca.com\/wp-content\/uploads\/2024\/08\/absorta-1024x575.jpg 1024w, https:\/\/festivaldecinemadearapiraca.com\/wp-content\/uploads\/2024\/08\/absorta-300x168.jpg 300w, https:\/\/festivaldecinemadearapiraca.com\/wp-content\/uploads\/2024\/08\/absorta-768x431.jpg 768w, https:\/\/festivaldecinemadearapiraca.com\/wp-content\/uploads\/2024\/08\/absorta-1536x862.jpg 1536w, https:\/\/festivaldecinemadearapiraca.com\/wp-content\/uploads\/2024\/08\/absorta.jpg 1920w\" sizes=\"(max-width: 800px) 100vw, 800px\" \/>\t\t\t\t\t\t\t\t\t\t\t\t\t\t\t<\/div>\n\t\t\t\t<\/div>\n\t\t\t\t\t<\/div>\n\t\t<\/div>\n\t\t\t\t\t<\/div>\n\t\t<\/section>\n\t\t\t\t<section class=\"elementor-section elementor-inner-section elementor-element elementor-element-141f88f elementor-section-boxed elementor-section-height-default elementor-section-height-default\" data-id=\"141f88f\" data-element_type=\"section\" data-settings=\"{&quot;background_background&quot;:&quot;classic&quot;}\">\n\t\t\t\t\t\t<div class=\"elementor-container elementor-column-gap-default\">\n\t\t\t\t\t<div class=\"elementor-column elementor-col-50 elementor-inner-column elementor-element elementor-element-01dc0f6\" data-id=\"01dc0f6\" data-element_type=\"column\">\n\t\t\t<div class=\"elementor-widget-wrap elementor-element-populated\">\n\t\t\t\t\t\t<div class=\"elementor-element elementor-element-69a8423 elementor-widget elementor-widget-heading\" data-id=\"69a8423\" data-element_type=\"widget\" data-widget_type=\"heading.default\">\n\t\t\t\t<div class=\"elementor-widget-container\">\n\t\t\t\t\t<h2 class=\"elementor-heading-title elementor-size-default\">Surpresa!\n<\/h2>\t\t\t\t<\/div>\n\t\t\t\t<\/div>\n\t\t\t\t<div class=\"elementor-element elementor-element-0b10e09 elementor-widget elementor-widget-heading\" data-id=\"0b10e09\" data-element_type=\"widget\" data-widget_type=\"heading.default\">\n\t\t\t\t<div class=\"elementor-widget-container\">\n\t\t\t\t\t<h6 class=\"elementor-heading-title elementor-size-default\">Dire\u00e7\u00e3o: Jorge Filho\n\n<\/h6>\t\t\t\t<\/div>\n\t\t\t\t<\/div>\n\t\t\t\t<div class=\"elementor-element elementor-element-7ebfc4f elementor-widget elementor-widget-heading\" data-id=\"7ebfc4f\" data-element_type=\"widget\" data-widget_type=\"heading.default\">\n\t\t\t\t<div class=\"elementor-widget-container\">\n\t\t\t\t\t<h6 class=\"elementor-heading-title elementor-size-default\">Fic\u00e7\u00e3o, 13 minutos, 2023, PE\n\n<\/h6>\t\t\t\t<\/div>\n\t\t\t\t<\/div>\n\t\t\t\t<div class=\"elementor-element elementor-element-2babb45 elementor-widget elementor-widget-text-editor\" data-id=\"2babb45\" data-element_type=\"widget\" data-widget_type=\"text-editor.default\">\n\t\t\t\t<div class=\"elementor-widget-container\">\n\t\t\t\t\t\t\t\t\tSinopse: Devido a um problema na casa de sua patroa,  ngela precisa deixar seu filho sozinho em casa. No meio tempo entre a sa\u00edda e a chegada de sua m\u00e3e, Fabiano presencia um evento fant\u00e1stico.\n\t\t\t\t\t\t\t\t<\/div>\n\t\t\t\t<\/div>\n\t\t\t\t\t<\/div>\n\t\t<\/div>\n\t\t\t\t<div class=\"elementor-column elementor-col-50 elementor-inner-column elementor-element elementor-element-21ed017\" data-id=\"21ed017\" data-element_type=\"column\">\n\t\t\t<div class=\"elementor-widget-wrap elementor-element-populated\">\n\t\t\t\t\t\t<div class=\"elementor-element elementor-element-0a29ebb elementor-widget elementor-widget-image\" data-id=\"0a29ebb\" data-element_type=\"widget\" data-widget_type=\"image.default\">\n\t\t\t\t<div class=\"elementor-widget-container\">\n\t\t\t\t\t\t\t\t\t\t\t\t\t\t\t<img decoding=\"async\" width=\"800\" height=\"450\" data-src=\"https:\/\/festivaldecinemadearapiraca.com\/wp-content\/uploads\/2024\/08\/surpresa-1024x576.jpg\" class=\"attachment-large size-large wp-image-3254 lazyload\" alt=\"\" data-srcset=\"https:\/\/festivaldecinemadearapiraca.com\/wp-content\/uploads\/2024\/08\/surpresa-1024x576.jpg 1024w, https:\/\/festivaldecinemadearapiraca.com\/wp-content\/uploads\/2024\/08\/surpresa-300x169.jpg 300w, https:\/\/festivaldecinemadearapiraca.com\/wp-content\/uploads\/2024\/08\/surpresa-768x432.jpg 768w, https:\/\/festivaldecinemadearapiraca.com\/wp-content\/uploads\/2024\/08\/surpresa.jpg 1366w\" data-sizes=\"(max-width: 800px) 100vw, 800px\" src=\"data:image\/gif;base64,R0lGODlhAQABAAAAACH5BAEKAAEALAAAAAABAAEAAAICTAEAOw==\" style=\"--smush-placeholder-width: 800px; --smush-placeholder-aspect-ratio: 800\/450;\" \/>\t\t\t\t\t\t\t\t\t\t\t\t\t\t\t<\/div>\n\t\t\t\t<\/div>\n\t\t\t\t\t<\/div>\n\t\t<\/div>\n\t\t\t\t\t<\/div>\n\t\t<\/section>\n\t\t\t\t<section class=\"elementor-section elementor-inner-section elementor-element elementor-element-bc1c8ca elementor-section-boxed elementor-section-height-default elementor-section-height-default\" data-id=\"bc1c8ca\" data-element_type=\"section\" data-settings=\"{&quot;background_background&quot;:&quot;classic&quot;}\">\n\t\t\t\t\t\t<div class=\"elementor-container elementor-column-gap-default\">\n\t\t\t\t\t<div class=\"elementor-column elementor-col-50 elementor-inner-column elementor-element elementor-element-778f7d2\" data-id=\"778f7d2\" data-element_type=\"column\">\n\t\t\t<div class=\"elementor-widget-wrap elementor-element-populated\">\n\t\t\t\t\t\t<div class=\"elementor-element elementor-element-8dab42b elementor-widget elementor-widget-heading\" data-id=\"8dab42b\" data-element_type=\"widget\" data-widget_type=\"heading.default\">\n\t\t\t\t<div class=\"elementor-widget-container\">\n\t\t\t\t\t<h2 class=\"elementor-heading-title elementor-size-default\">N\u00e3o Precisa Pedir Desculpa\n<\/h2>\t\t\t\t<\/div>\n\t\t\t\t<\/div>\n\t\t\t\t<div class=\"elementor-element elementor-element-8766b67 elementor-widget elementor-widget-heading\" data-id=\"8766b67\" data-element_type=\"widget\" data-widget_type=\"heading.default\">\n\t\t\t\t<div class=\"elementor-widget-container\">\n\t\t\t\t\t<h6 class=\"elementor-heading-title elementor-size-default\">Dire\u00e7\u00e3o: Franco Cavezale \n\n\n<\/h6>\t\t\t\t<\/div>\n\t\t\t\t<\/div>\n\t\t\t\t<div class=\"elementor-element elementor-element-a59c617 elementor-widget elementor-widget-heading\" data-id=\"a59c617\" data-element_type=\"widget\" data-widget_type=\"heading.default\">\n\t\t\t\t<div class=\"elementor-widget-container\">\n\t\t\t\t\t<h6 class=\"elementor-heading-title elementor-size-default\">Fic\u00e7\u00e3o, 17 minutos, 2024, SP\n\n\n<\/h6>\t\t\t\t<\/div>\n\t\t\t\t<\/div>\n\t\t\t\t<div class=\"elementor-element elementor-element-68cd736 elementor-widget elementor-widget-text-editor\" data-id=\"68cd736\" data-element_type=\"widget\" data-widget_type=\"text-editor.default\">\n\t\t\t\t<div class=\"elementor-widget-container\">\n\t\t\t\t\t\t\t\t\t<p>Rafa \u00e9 um jovem trans e gay que mora em uma cidade pequena. Ele j\u00e1 se conformou que nunca vai encontrar um outro garoto que o aceite, at\u00e9 que conhece Henrique, um garoto de S\u00e3o Paulo que parece ver Rafa por quem ele realmente \u00e9. Por\u00e9m, ap\u00f3s os acontecimentos de uma noite que desencadeiam na morte de Rafa e sua subsequente volta como um ser sobrenatural, ele percebe que nunca ser\u00e1 aceito pela sociedade cis e por esse fato e por sua morte ele se vingar\u00e1.<\/p>\t\t\t\t\t\t\t\t<\/div>\n\t\t\t\t<\/div>\n\t\t\t\t\t<\/div>\n\t\t<\/div>\n\t\t\t\t<div class=\"elementor-column elementor-col-50 elementor-inner-column elementor-element elementor-element-fdb4ed8\" data-id=\"fdb4ed8\" data-element_type=\"column\">\n\t\t\t<div class=\"elementor-widget-wrap elementor-element-populated\">\n\t\t\t\t\t\t<div class=\"elementor-element elementor-element-dcea4a4 elementor-widget elementor-widget-image\" data-id=\"dcea4a4\" data-element_type=\"widget\" data-widget_type=\"image.default\">\n\t\t\t\t<div class=\"elementor-widget-container\">\n\t\t\t\t\t\t\t\t\t\t\t\t\t\t\t<img decoding=\"async\" width=\"800\" height=\"341\" data-src=\"https:\/\/festivaldecinemadearapiraca.com\/wp-content\/uploads\/2024\/08\/desculpa-1024x437.jpg\" class=\"attachment-large size-large wp-image-3253 lazyload\" alt=\"\" data-srcset=\"https:\/\/festivaldecinemadearapiraca.com\/wp-content\/uploads\/2024\/08\/desculpa-1024x437.jpg 1024w, https:\/\/festivaldecinemadearapiraca.com\/wp-content\/uploads\/2024\/08\/desculpa-300x128.jpg 300w, https:\/\/festivaldecinemadearapiraca.com\/wp-content\/uploads\/2024\/08\/desculpa-768x327.jpg 768w, https:\/\/festivaldecinemadearapiraca.com\/wp-content\/uploads\/2024\/08\/desculpa.jpg 1440w\" data-sizes=\"(max-width: 800px) 100vw, 800px\" src=\"data:image\/gif;base64,R0lGODlhAQABAAAAACH5BAEKAAEALAAAAAABAAEAAAICTAEAOw==\" style=\"--smush-placeholder-width: 800px; --smush-placeholder-aspect-ratio: 800\/341;\" \/>\t\t\t\t\t\t\t\t\t\t\t\t\t\t\t<\/div>\n\t\t\t\t<\/div>\n\t\t\t\t\t<\/div>\n\t\t<\/div>\n\t\t\t\t\t<\/div>\n\t\t<\/section>\n\t\t\t\t\t<\/div>\n\t\t<\/div>\n\t\t\t\t\t<\/div>\n\t\t<\/section>\n\t\t\t\t<section class=\"elementor-section elementor-top-section elementor-element elementor-element-7fc2e54 elementor-section-boxed elementor-section-height-default elementor-section-height-default\" data-id=\"7fc2e54\" data-element_type=\"section\">\n\t\t\t\t\t\t<div class=\"elementor-container elementor-column-gap-default\">\n\t\t\t\t\t<div class=\"elementor-column elementor-col-100 elementor-top-column elementor-element elementor-element-83e5b14\" data-id=\"83e5b14\" data-element_type=\"column\">\n\t\t\t<div class=\"elementor-widget-wrap elementor-element-populated\">\n\t\t\t\t\t\t<div class=\"elementor-element elementor-element-5c0ab00 elementor-widget elementor-widget-heading\" data-id=\"5c0ab00\" data-element_type=\"widget\" data-widget_type=\"heading.default\">\n\t\t\t\t<div class=\"elementor-widget-container\">\n\t\t\t\t\t<h2 class=\"elementor-heading-title elementor-size-default\">23 DE AGOSTO - SEXTA-FEIRA<\/h2>\t\t\t\t<\/div>\n\t\t\t\t<\/div>\n\t\t\t\t<div class=\"elementor-element elementor-element-ad7c141 elementor-widget elementor-widget-heading\" data-id=\"ad7c141\" data-element_type=\"widget\" data-widget_type=\"heading.default\">\n\t\t\t\t<div class=\"elementor-widget-container\">\n\t\t\t\t\t<h6 class=\"elementor-heading-title elementor-size-default\">CLASSIFICA\u00c7\u00c3O INDICATIVA: 16 ANOS<\/h6>\t\t\t\t<\/div>\n\t\t\t\t<\/div>\n\t\t\t\t<section class=\"elementor-section elementor-inner-section elementor-element elementor-element-70f4763 elementor-section-boxed elementor-section-height-default elementor-section-height-default\" data-id=\"70f4763\" data-element_type=\"section\" data-settings=\"{&quot;background_background&quot;:&quot;classic&quot;}\">\n\t\t\t\t\t\t<div class=\"elementor-container elementor-column-gap-default\">\n\t\t\t\t\t<div class=\"elementor-column elementor-col-50 elementor-inner-column elementor-element elementor-element-1bad63f\" data-id=\"1bad63f\" data-element_type=\"column\">\n\t\t\t<div class=\"elementor-widget-wrap elementor-element-populated\">\n\t\t\t\t\t\t<div class=\"elementor-element elementor-element-c5474d2 elementor-widget elementor-widget-heading\" data-id=\"c5474d2\" data-element_type=\"widget\" data-widget_type=\"heading.default\">\n\t\t\t\t<div class=\"elementor-widget-container\">\n\t\t\t\t\t<h2 class=\"elementor-heading-title elementor-size-default\">Kila &amp; Mauna\n\n<\/h2>\t\t\t\t<\/div>\n\t\t\t\t<\/div>\n\t\t\t\t<div class=\"elementor-element elementor-element-9f9fbb2 elementor-widget elementor-widget-heading\" data-id=\"9f9fbb2\" data-element_type=\"widget\" data-widget_type=\"heading.default\">\n\t\t\t\t<div class=\"elementor-widget-container\">\n\t\t\t\t\t<h6 class=\"elementor-heading-title elementor-size-default\">Dire\u00e7\u00e3o: Ella Monstra Abreu Estrela\n\n<\/h6>\t\t\t\t<\/div>\n\t\t\t\t<\/div>\n\t\t\t\t<div class=\"elementor-element elementor-element-4b24ba7 elementor-widget elementor-widget-heading\" data-id=\"4b24ba7\" data-element_type=\"widget\" data-widget_type=\"heading.default\">\n\t\t\t\t<div class=\"elementor-widget-container\">\n\t\t\t\t\t<h6 class=\"elementor-heading-title elementor-size-default\">Fic\u00e7\u00e3o, 19 minutos, 2023, CE\n\n<\/h6>\t\t\t\t<\/div>\n\t\t\t\t<\/div>\n\t\t\t\t<div class=\"elementor-element elementor-element-4294883 elementor-widget elementor-widget-text-editor\" data-id=\"4294883\" data-element_type=\"widget\" data-widget_type=\"text-editor.default\">\n\t\t\t\t<div class=\"elementor-widget-container\">\n\t\t\t\t\t\t\t\t\tUma liga\u00e7\u00e3o no meio da noite pode mudar todos os caminhos. Em busca de Triz, uma amiga desaparecida, Kila e Mauna se encontram em uma jornada de resgate. Para chegar onde querem ter\u00e3o que atravessar os desertos que o tempo sedimentou entre elas.\t\t\t\t\t\t\t\t<\/div>\n\t\t\t\t<\/div>\n\t\t\t\t\t<\/div>\n\t\t<\/div>\n\t\t\t\t<div class=\"elementor-column elementor-col-50 elementor-inner-column elementor-element elementor-element-34b9c67\" data-id=\"34b9c67\" data-element_type=\"column\">\n\t\t\t<div class=\"elementor-widget-wrap elementor-element-populated\">\n\t\t\t\t\t\t<div class=\"elementor-element elementor-element-107b8d1 elementor-widget elementor-widget-image\" data-id=\"107b8d1\" data-element_type=\"widget\" data-widget_type=\"image.default\">\n\t\t\t\t<div class=\"elementor-widget-container\">\n\t\t\t\t\t\t\t\t\t\t\t\t\t\t\t<img decoding=\"async\" width=\"800\" height=\"450\" data-src=\"https:\/\/festivaldecinemadearapiraca.com\/wp-content\/uploads\/2024\/08\/kila-1024x576.jpg\" class=\"attachment-large size-large wp-image-3248 lazyload\" alt=\"\" data-srcset=\"https:\/\/festivaldecinemadearapiraca.com\/wp-content\/uploads\/2024\/08\/kila-1024x576.jpg 1024w, https:\/\/festivaldecinemadearapiraca.com\/wp-content\/uploads\/2024\/08\/kila-300x169.jpg 300w, https:\/\/festivaldecinemadearapiraca.com\/wp-content\/uploads\/2024\/08\/kila-768x432.jpg 768w, https:\/\/festivaldecinemadearapiraca.com\/wp-content\/uploads\/2024\/08\/kila-1536x864.jpg 1536w, https:\/\/festivaldecinemadearapiraca.com\/wp-content\/uploads\/2024\/08\/kila-e1723572113488.jpg 1080w\" data-sizes=\"(max-width: 800px) 100vw, 800px\" src=\"data:image\/gif;base64,R0lGODlhAQABAAAAACH5BAEKAAEALAAAAAABAAEAAAICTAEAOw==\" style=\"--smush-placeholder-width: 800px; --smush-placeholder-aspect-ratio: 800\/450;\" \/>\t\t\t\t\t\t\t\t\t\t\t\t\t\t\t<\/div>\n\t\t\t\t<\/div>\n\t\t\t\t\t<\/div>\n\t\t<\/div>\n\t\t\t\t\t<\/div>\n\t\t<\/section>\n\t\t\t\t<section class=\"elementor-section elementor-inner-section elementor-element elementor-element-9870cf5 elementor-section-boxed elementor-section-height-default elementor-section-height-default\" data-id=\"9870cf5\" data-element_type=\"section\" data-settings=\"{&quot;background_background&quot;:&quot;classic&quot;}\">\n\t\t\t\t\t\t<div class=\"elementor-container elementor-column-gap-default\">\n\t\t\t\t\t<div class=\"elementor-column elementor-col-50 elementor-inner-column elementor-element elementor-element-b1e6cbb\" data-id=\"b1e6cbb\" data-element_type=\"column\">\n\t\t\t<div class=\"elementor-widget-wrap elementor-element-populated\">\n\t\t\t\t\t\t<div class=\"elementor-element elementor-element-e637195 elementor-widget elementor-widget-heading\" data-id=\"e637195\" data-element_type=\"widget\" data-widget_type=\"heading.default\">\n\t\t\t\t<div class=\"elementor-widget-container\">\n\t\t\t\t\t<h2 class=\"elementor-heading-title elementor-size-default\">O Circo Wurdulak\n\n<\/h2>\t\t\t\t<\/div>\n\t\t\t\t<\/div>\n\t\t\t\t<div class=\"elementor-element elementor-element-8c55bc8 elementor-widget elementor-widget-heading\" data-id=\"8c55bc8\" data-element_type=\"widget\" data-widget_type=\"heading.default\">\n\t\t\t\t<div class=\"elementor-widget-container\">\n\t\t\t\t\t<h6 class=\"elementor-heading-title elementor-size-default\">Dire\u00e7\u00e3o: Ana Paula Godoy\n\n\n<\/h6>\t\t\t\t<\/div>\n\t\t\t\t<\/div>\n\t\t\t\t<div class=\"elementor-element elementor-element-1211d8e elementor-widget elementor-widget-heading\" data-id=\"1211d8e\" data-element_type=\"widget\" data-widget_type=\"heading.default\">\n\t\t\t\t<div class=\"elementor-widget-container\">\n\t\t\t\t\t<h6 class=\"elementor-heading-title elementor-size-default\">Anima\u00e7\u00e3o, 10 minutos, 2023, SP\n\n\n<\/h6>\t\t\t\t<\/div>\n\t\t\t\t<\/div>\n\t\t\t\t<div class=\"elementor-element elementor-element-3fee6aa elementor-widget elementor-widget-text-editor\" data-id=\"3fee6aa\" data-element_type=\"widget\" data-widget_type=\"text-editor.default\">\n\t\t\t\t<div class=\"elementor-widget-container\">\n\t\t\t\t\t\t\t\t\tAp\u00f3s ser convidado por Alec, um misterioso e sedutor homem, para adentrar no novo circo instalado na cidade, Joaquim se encanta com o bizarro espet\u00e1culo da trupe e o frenesi que acontece dentro da famigerada tenda itinerante: \u00e9 um freak show circense. Ali, Joaquim ser\u00e1 hipnotizado e ter\u00e1 o mesmo triste fim que os v\u00e1rios outros desaparecidos da cidade: ser\u00e1, literalmente, engolido pelo Wurdulak atrav\u00e9s de Sasha, a forma feminina e monstruosa de Alec, num show de horrores gr\u00e1fico e expl\u00edcito.\t\t\t\t\t\t\t\t<\/div>\n\t\t\t\t<\/div>\n\t\t\t\t\t<\/div>\n\t\t<\/div>\n\t\t\t\t<div class=\"elementor-column elementor-col-50 elementor-inner-column elementor-element elementor-element-b98c6d2\" data-id=\"b98c6d2\" data-element_type=\"column\">\n\t\t\t<div class=\"elementor-widget-wrap elementor-element-populated\">\n\t\t\t\t\t\t<div class=\"elementor-element elementor-element-a532e98 elementor-widget elementor-widget-image\" data-id=\"a532e98\" data-element_type=\"widget\" data-widget_type=\"image.default\">\n\t\t\t\t<div class=\"elementor-widget-container\">\n\t\t\t\t\t\t\t\t\t\t\t\t\t\t\t<img decoding=\"async\" width=\"800\" height=\"600\" data-src=\"https:\/\/festivaldecinemadearapiraca.com\/wp-content\/uploads\/2024\/08\/circo-1024x768.jpg\" class=\"attachment-large size-large wp-image-3247 lazyload\" alt=\"\" data-srcset=\"https:\/\/festivaldecinemadearapiraca.com\/wp-content\/uploads\/2024\/08\/circo-1024x768.jpg 1024w, https:\/\/festivaldecinemadearapiraca.com\/wp-content\/uploads\/2024\/08\/circo-300x225.jpg 300w, https:\/\/festivaldecinemadearapiraca.com\/wp-content\/uploads\/2024\/08\/circo-768x576.jpg 768w, https:\/\/festivaldecinemadearapiraca.com\/wp-content\/uploads\/2024\/08\/circo.jpg 1440w\" data-sizes=\"(max-width: 800px) 100vw, 800px\" src=\"data:image\/gif;base64,R0lGODlhAQABAAAAACH5BAEKAAEALAAAAAABAAEAAAICTAEAOw==\" style=\"--smush-placeholder-width: 800px; --smush-placeholder-aspect-ratio: 800\/600;\" \/>\t\t\t\t\t\t\t\t\t\t\t\t\t\t\t<\/div>\n\t\t\t\t<\/div>\n\t\t\t\t\t<\/div>\n\t\t<\/div>\n\t\t\t\t\t<\/div>\n\t\t<\/section>\n\t\t\t\t<section class=\"elementor-section elementor-inner-section elementor-element elementor-element-7d99ea8 elementor-section-boxed elementor-section-height-default elementor-section-height-default\" data-id=\"7d99ea8\" data-element_type=\"section\" data-settings=\"{&quot;background_background&quot;:&quot;classic&quot;}\">\n\t\t\t\t\t\t<div class=\"elementor-container elementor-column-gap-default\">\n\t\t\t\t\t<div class=\"elementor-column elementor-col-50 elementor-inner-column elementor-element elementor-element-1351ae6\" data-id=\"1351ae6\" data-element_type=\"column\">\n\t\t\t<div class=\"elementor-widget-wrap elementor-element-populated\">\n\t\t\t\t\t\t<div class=\"elementor-element elementor-element-4af61e3 elementor-widget elementor-widget-heading\" data-id=\"4af61e3\" data-element_type=\"widget\" data-widget_type=\"heading.default\">\n\t\t\t\t<div class=\"elementor-widget-container\">\n\t\t\t\t\t<h2 class=\"elementor-heading-title elementor-size-default\">Jaci\n<\/h2>\t\t\t\t<\/div>\n\t\t\t\t<\/div>\n\t\t\t\t<div class=\"elementor-element elementor-element-70ef62a elementor-widget elementor-widget-heading\" data-id=\"70ef62a\" data-element_type=\"widget\" data-widget_type=\"heading.default\">\n\t\t\t\t<div class=\"elementor-widget-container\">\n\t\t\t\t\t<h6 class=\"elementor-heading-title elementor-size-default\">Dire\u00e7\u00e3o: Bruno Lobo La Loba\n\n\n\n<\/h6>\t\t\t\t<\/div>\n\t\t\t\t<\/div>\n\t\t\t\t<div class=\"elementor-element elementor-element-062049d elementor-widget elementor-widget-heading\" data-id=\"062049d\" data-element_type=\"widget\" data-widget_type=\"heading.default\">\n\t\t\t\t<div class=\"elementor-widget-container\">\n\t\t\t\t\t<h6 class=\"elementor-heading-title elementor-size-default\">Fic\u00e7\u00e3o, 15 minutos, 2023, CE\n\n\n\n<\/h6>\t\t\t\t<\/div>\n\t\t\t\t<\/div>\n\t\t\t\t<div class=\"elementor-element elementor-element-2ef1f41 elementor-widget elementor-widget-text-editor\" data-id=\"2ef1f41\" data-element_type=\"widget\" data-widget_type=\"text-editor.default\">\n\t\t\t\t<div class=\"elementor-widget-container\">\n\t\t\t\t\t\t\t\t\tUma artista solit\u00e1ria tenta concluir uma maquete, enquanto enfrenta os problemas de estrutura de sua pr\u00f3pria casa. Em uma madrugada tensa, Jaci \u00e9 atormentada pela respira\u00e7\u00e3o de uma rachadura. \u00c0 medida que a propor\u00e7\u00e3o entre a realidade e a representa\u00e7\u00e3o come\u00e7a a se desmoronar, ela \u00e9 levada em uma jornada de reconstru\u00e7\u00e3o interior.\n\t\t\t\t\t\t\t\t<\/div>\n\t\t\t\t<\/div>\n\t\t\t\t\t<\/div>\n\t\t<\/div>\n\t\t\t\t<div class=\"elementor-column elementor-col-50 elementor-inner-column elementor-element elementor-element-1d55a9b\" data-id=\"1d55a9b\" data-element_type=\"column\">\n\t\t\t<div class=\"elementor-widget-wrap elementor-element-populated\">\n\t\t\t\t\t\t<div class=\"elementor-element elementor-element-f5b4133 elementor-widget elementor-widget-image\" data-id=\"f5b4133\" data-element_type=\"widget\" data-widget_type=\"image.default\">\n\t\t\t\t<div class=\"elementor-widget-container\">\n\t\t\t\t\t\t\t\t\t\t\t\t\t\t\t<img decoding=\"async\" width=\"800\" height=\"416\" data-src=\"https:\/\/festivaldecinemadearapiraca.com\/wp-content\/uploads\/2024\/08\/jaci-1024x532.jpg\" class=\"attachment-large size-large wp-image-3204 lazyload\" alt=\"\" data-srcset=\"https:\/\/festivaldecinemadearapiraca.com\/wp-content\/uploads\/2024\/08\/jaci-1024x532.jpg 1024w, https:\/\/festivaldecinemadearapiraca.com\/wp-content\/uploads\/2024\/08\/jaci-300x156.jpg 300w, https:\/\/festivaldecinemadearapiraca.com\/wp-content\/uploads\/2024\/08\/jaci-768x399.jpg 768w, https:\/\/festivaldecinemadearapiraca.com\/wp-content\/uploads\/2024\/08\/jaci.jpg 1413w\" data-sizes=\"(max-width: 800px) 100vw, 800px\" src=\"data:image\/gif;base64,R0lGODlhAQABAAAAACH5BAEKAAEALAAAAAABAAEAAAICTAEAOw==\" style=\"--smush-placeholder-width: 800px; --smush-placeholder-aspect-ratio: 800\/416;\" \/>\t\t\t\t\t\t\t\t\t\t\t\t\t\t\t<\/div>\n\t\t\t\t<\/div>\n\t\t\t\t\t<\/div>\n\t\t<\/div>\n\t\t\t\t\t<\/div>\n\t\t<\/section>\n\t\t\t\t\t<\/div>\n\t\t<\/div>\n\t\t\t\t\t<\/div>\n\t\t<\/section>\n\t\t\t\t<section class=\"elementor-section elementor-top-section elementor-element elementor-element-bf5f32a elementor-section-boxed elementor-section-height-default elementor-section-height-default\" data-id=\"bf5f32a\" data-element_type=\"section\">\n\t\t\t\t\t\t<div class=\"elementor-container elementor-column-gap-default\">\n\t\t\t\t\t<div class=\"elementor-column elementor-col-100 elementor-top-column elementor-element elementor-element-86f3c80\" data-id=\"86f3c80\" data-element_type=\"column\">\n\t\t\t<div class=\"elementor-widget-wrap elementor-element-populated\">\n\t\t\t\t\t\t<div class=\"elementor-element elementor-element-5f6aeaf elementor-widget elementor-widget-heading\" data-id=\"5f6aeaf\" data-element_type=\"widget\" data-widget_type=\"heading.default\">\n\t\t\t\t<div class=\"elementor-widget-container\">\n\t\t\t\t\t<h2 class=\"elementor-heading-title elementor-size-default\">24 DE AGOSTO - S\u00c1BADO<\/h2>\t\t\t\t<\/div>\n\t\t\t\t<\/div>\n\t\t\t\t<div class=\"elementor-element elementor-element-cdc610e elementor-widget elementor-widget-heading\" data-id=\"cdc610e\" data-element_type=\"widget\" data-widget_type=\"heading.default\">\n\t\t\t\t<div class=\"elementor-widget-container\">\n\t\t\t\t\t<h6 class=\"elementor-heading-title elementor-size-default\">CLASSIFICA\u00c7\u00c3O INDICATIVA: 16 ANOS<\/h6>\t\t\t\t<\/div>\n\t\t\t\t<\/div>\n\t\t\t\t<section class=\"elementor-section elementor-inner-section elementor-element elementor-element-f2aa0a3 elementor-section-boxed elementor-section-height-default elementor-section-height-default\" data-id=\"f2aa0a3\" data-element_type=\"section\" data-settings=\"{&quot;background_background&quot;:&quot;classic&quot;}\">\n\t\t\t\t\t\t<div class=\"elementor-container elementor-column-gap-default\">\n\t\t\t\t\t<div class=\"elementor-column elementor-col-50 elementor-inner-column elementor-element elementor-element-abadb48\" data-id=\"abadb48\" data-element_type=\"column\">\n\t\t\t<div class=\"elementor-widget-wrap elementor-element-populated\">\n\t\t\t\t\t\t<div class=\"elementor-element elementor-element-5a36e59 elementor-widget elementor-widget-heading\" data-id=\"5a36e59\" data-element_type=\"widget\" data-widget_type=\"heading.default\">\n\t\t\t\t<div class=\"elementor-widget-container\">\n\t\t\t\t\t<h2 class=\"elementor-heading-title elementor-size-default\">Como Chorar Sem Derreter\n\n\n<\/h2>\t\t\t\t<\/div>\n\t\t\t\t<\/div>\n\t\t\t\t<div class=\"elementor-element elementor-element-f465c63 elementor-widget elementor-widget-heading\" data-id=\"f465c63\" data-element_type=\"widget\" data-widget_type=\"heading.default\">\n\t\t\t\t<div class=\"elementor-widget-container\">\n\t\t\t\t\t<h6 class=\"elementor-heading-title elementor-size-default\">Dire\u00e7\u00e3o: Giulia Butler\n\n\n<\/h6>\t\t\t\t<\/div>\n\t\t\t\t<\/div>\n\t\t\t\t<div class=\"elementor-element elementor-element-ec3318d elementor-widget elementor-widget-heading\" data-id=\"ec3318d\" data-element_type=\"widget\" data-widget_type=\"heading.default\">\n\t\t\t\t<div class=\"elementor-widget-container\">\n\t\t\t\t\t<h6 class=\"elementor-heading-title elementor-size-default\">Fic\u00e7\u00e3o, 15 minutos, 2023, RJ\n\n\n<\/h6>\t\t\t\t<\/div>\n\t\t\t\t<\/div>\n\t\t\t\t<div class=\"elementor-element elementor-element-94ee62e elementor-widget elementor-widget-text-editor\" data-id=\"94ee62e\" data-element_type=\"widget\" data-widget_type=\"text-editor.default\">\n\t\t\t\t<div class=\"elementor-widget-container\">\n\t\t\t\t\t\t\t\t\tDepois de ter segurado o choro por tempo demais, os olhos de Elizabeth est\u00e3o secos. Em casa, ela conta o que est\u00e1 acontecendo para a estranha menina que vive com ela. A crian\u00e7a ent\u00e3o inventa uma m\u00e1quina para salv\u00e1-la.\t\t\t\t\t\t\t\t<\/div>\n\t\t\t\t<\/div>\n\t\t\t\t\t<\/div>\n\t\t<\/div>\n\t\t\t\t<div class=\"elementor-column elementor-col-50 elementor-inner-column elementor-element elementor-element-0db33c2\" data-id=\"0db33c2\" data-element_type=\"column\">\n\t\t\t<div class=\"elementor-widget-wrap elementor-element-populated\">\n\t\t\t\t\t\t<div class=\"elementor-element elementor-element-e215c6d elementor-widget elementor-widget-image\" data-id=\"e215c6d\" data-element_type=\"widget\" data-widget_type=\"image.default\">\n\t\t\t\t<div class=\"elementor-widget-container\">\n\t\t\t\t\t\t\t\t\t\t\t\t\t\t\t<img decoding=\"async\" width=\"800\" height=\"422\" data-src=\"https:\/\/festivaldecinemadearapiraca.com\/wp-content\/uploads\/2024\/08\/chorar-1024x540.jpg\" class=\"attachment-large size-large wp-image-3246 lazyload\" alt=\"\" data-srcset=\"https:\/\/festivaldecinemadearapiraca.com\/wp-content\/uploads\/2024\/08\/chorar-1024x540.jpg 1024w, https:\/\/festivaldecinemadearapiraca.com\/wp-content\/uploads\/2024\/08\/chorar-300x158.jpg 300w, https:\/\/festivaldecinemadearapiraca.com\/wp-content\/uploads\/2024\/08\/chorar-768x405.jpg 768w, https:\/\/festivaldecinemadearapiraca.com\/wp-content\/uploads\/2024\/08\/chorar-1536x810.jpg 1536w, https:\/\/festivaldecinemadearapiraca.com\/wp-content\/uploads\/2024\/08\/chorar.jpg 1920w\" data-sizes=\"(max-width: 800px) 100vw, 800px\" src=\"data:image\/gif;base64,R0lGODlhAQABAAAAACH5BAEKAAEALAAAAAABAAEAAAICTAEAOw==\" style=\"--smush-placeholder-width: 800px; --smush-placeholder-aspect-ratio: 800\/422;\" \/>\t\t\t\t\t\t\t\t\t\t\t\t\t\t\t<\/div>\n\t\t\t\t<\/div>\n\t\t\t\t\t<\/div>\n\t\t<\/div>\n\t\t\t\t\t<\/div>\n\t\t<\/section>\n\t\t\t\t<section class=\"elementor-section elementor-inner-section elementor-element elementor-element-b7eba3c elementor-section-boxed elementor-section-height-default elementor-section-height-default\" data-id=\"b7eba3c\" data-element_type=\"section\" data-settings=\"{&quot;background_background&quot;:&quot;classic&quot;}\">\n\t\t\t\t\t\t<div class=\"elementor-container elementor-column-gap-default\">\n\t\t\t\t\t<div class=\"elementor-column elementor-col-50 elementor-inner-column elementor-element elementor-element-e5d320f\" data-id=\"e5d320f\" data-element_type=\"column\">\n\t\t\t<div class=\"elementor-widget-wrap elementor-element-populated\">\n\t\t\t\t\t\t<div class=\"elementor-element elementor-element-5391123 elementor-widget elementor-widget-heading\" data-id=\"5391123\" data-element_type=\"widget\" data-widget_type=\"heading.default\">\n\t\t\t\t<div class=\"elementor-widget-container\">\n\t\t\t\t\t<h2 class=\"elementor-heading-title elementor-size-default\">Combust\u00e3o n\u00e3o espont\u00e2nea\n\n\n<\/h2>\t\t\t\t<\/div>\n\t\t\t\t<\/div>\n\t\t\t\t<div class=\"elementor-element elementor-element-eed32ae elementor-widget elementor-widget-heading\" data-id=\"eed32ae\" data-element_type=\"widget\" data-widget_type=\"heading.default\">\n\t\t\t\t<div class=\"elementor-widget-container\">\n\t\t\t\t\t<h6 class=\"elementor-heading-title elementor-size-default\">Dire\u00e7\u00e3o: Boni Zanatta \n\n\n\n<\/h6>\t\t\t\t<\/div>\n\t\t\t\t<\/div>\n\t\t\t\t<div class=\"elementor-element elementor-element-3ab7203 elementor-widget elementor-widget-heading\" data-id=\"3ab7203\" data-element_type=\"widget\" data-widget_type=\"heading.default\">\n\t\t\t\t<div class=\"elementor-widget-container\">\n\t\t\t\t\t<h6 class=\"elementor-heading-title elementor-size-default\">Experimental, 14 minutos, 2023, SP\n\n\n\n<\/h6>\t\t\t\t<\/div>\n\t\t\t\t<\/div>\n\t\t\t\t<div class=\"elementor-element elementor-element-c236f15 elementor-widget elementor-widget-text-editor\" data-id=\"c236f15\" data-element_type=\"widget\" data-widget_type=\"text-editor.default\">\n\t\t\t\t<div class=\"elementor-widget-container\">\n\t\t\t\t\t\t\t\t\t<p>No Brasil, uma mulher vive em sua casa enquanto ela queima.<\/p>\t\t\t\t\t\t\t\t<\/div>\n\t\t\t\t<\/div>\n\t\t\t\t\t<\/div>\n\t\t<\/div>\n\t\t\t\t<div class=\"elementor-column elementor-col-50 elementor-inner-column elementor-element elementor-element-75186ac\" data-id=\"75186ac\" data-element_type=\"column\">\n\t\t\t<div class=\"elementor-widget-wrap elementor-element-populated\">\n\t\t\t\t\t\t<div class=\"elementor-element elementor-element-2ece1e6 elementor-widget elementor-widget-image\" data-id=\"2ece1e6\" data-element_type=\"widget\" data-widget_type=\"image.default\">\n\t\t\t\t<div class=\"elementor-widget-container\">\n\t\t\t\t\t\t\t\t\t\t\t\t\t\t\t<img decoding=\"async\" width=\"800\" height=\"335\" data-src=\"https:\/\/festivaldecinemadearapiraca.com\/wp-content\/uploads\/2024\/08\/combustao-1024x429.jpg\" class=\"attachment-large size-large wp-image-3245 lazyload\" alt=\"\" data-srcset=\"https:\/\/festivaldecinemadearapiraca.com\/wp-content\/uploads\/2024\/08\/combustao-1024x429.jpg 1024w, https:\/\/festivaldecinemadearapiraca.com\/wp-content\/uploads\/2024\/08\/combustao-300x126.jpg 300w, https:\/\/festivaldecinemadearapiraca.com\/wp-content\/uploads\/2024\/08\/combustao-768x322.jpg 768w, https:\/\/festivaldecinemadearapiraca.com\/wp-content\/uploads\/2024\/08\/combustao-1536x644.jpg 1536w, https:\/\/festivaldecinemadearapiraca.com\/wp-content\/uploads\/2024\/08\/combustao.jpg 1806w\" data-sizes=\"(max-width: 800px) 100vw, 800px\" src=\"data:image\/gif;base64,R0lGODlhAQABAAAAACH5BAEKAAEALAAAAAABAAEAAAICTAEAOw==\" style=\"--smush-placeholder-width: 800px; --smush-placeholder-aspect-ratio: 800\/335;\" \/>\t\t\t\t\t\t\t\t\t\t\t\t\t\t\t<\/div>\n\t\t\t\t<\/div>\n\t\t\t\t\t<\/div>\n\t\t<\/div>\n\t\t\t\t\t<\/div>\n\t\t<\/section>\n\t\t\t\t\t<\/div>\n\t\t<\/div>\n\t\t\t\t\t<\/div>\n\t\t<\/section>\n\t\t\t\t<\/div>\n\t\t","protected":false},"excerpt":{"rendered":"<p>MOSTRA NAVI 22 DE AGOSTO &#8211; QUINTA-FEIRA CLASSIFICA\u00c7\u00c3O INDICATIVA: 16 ANOS Absorta Dire\u00e7\u00e3o: Luiza Pugliesi Villa\u00e7a Anima\u00e7\u00e3o, 8 minutos, 2024, SP Nara, uma jovem adulta exausta, decide tomar um banho ap\u00f3s um longo dia. Mas ao submergir na banheira para relaxar, seu momento de introspec\u00e7\u00e3o \u00e9 interrompido por um peixe preso no ralo. \u00c1guas profundas [&hellip;]<\/p>\n","protected":false},"author":1,"featured_media":0,"parent":0,"menu_order":0,"comment_status":"closed","ping_status":"closed","template":"elementor_header_footer","meta":{"footnotes":""},"class_list":["post-686","page","type-page","status-publish","hentry"],"_links":{"self":[{"href":"https:\/\/festivaldecinemadearapiraca.com\/home\/wp-json\/wp\/v2\/pages\/686","targetHints":{"allow":["GET"]}}],"collection":[{"href":"https:\/\/festivaldecinemadearapiraca.com\/home\/wp-json\/wp\/v2\/pages"}],"about":[{"href":"https:\/\/festivaldecinemadearapiraca.com\/home\/wp-json\/wp\/v2\/types\/page"}],"author":[{"embeddable":true,"href":"https:\/\/festivaldecinemadearapiraca.com\/home\/wp-json\/wp\/v2\/users\/1"}],"replies":[{"embeddable":true,"href":"https:\/\/festivaldecinemadearapiraca.com\/home\/wp-json\/wp\/v2\/comments?post=686"}],"version-history":[{"count":100,"href":"https:\/\/festivaldecinemadearapiraca.com\/home\/wp-json\/wp\/v2\/pages\/686\/revisions"}],"predecessor-version":[{"id":3261,"href":"https:\/\/festivaldecinemadearapiraca.com\/home\/wp-json\/wp\/v2\/pages\/686\/revisions\/3261"}],"wp:attachment":[{"href":"https:\/\/festivaldecinemadearapiraca.com\/home\/wp-json\/wp\/v2\/media?parent=686"}],"curies":[{"name":"wp","href":"https:\/\/api.w.org\/{rel}","templated":true}]}}